{"id":20,"date":"2023-03-11T20:11:00","date_gmt":"2023-03-11T19:11:00","guid":{"rendered":"https:\/\/www.misionerasdecristojesus.com\/?page_id=20"},"modified":"2026-04-20T12:33:56","modified_gmt":"2026-04-20T11:33:56","slug":"inicio","status":"publish","type":"page","link":"https:\/\/www.misionerasdecristojesus.com\/en\/","title":{"rendered":"Misioneras de Cristo Jes\u00fas"},"content":{"rendered":"\t\t<div data-elementor-type=\"wp-page\" data-elementor-id=\"20\" class=\"elementor elementor-20\" data-elementor-post-type=\"page\">\n\t\t\t\t\t\t<section class=\"elementor-section elementor-top-section elementor-element elementor-element-3a8210ee elementor-section-full_width elementor-section-stretched elementor-section-height-default elementor-section-height-default\" data-id=\"3a8210ee\" data-element_type=\"section\" data-e-type=\"section\" data-settings=\"{&quot;stretch_section&quot;:&quot;section-stretched&quot;}\">\n\t\t\t\t\t\t<div class=\"elementor-container elementor-column-gap-no\">\n\t\t\t\t\t<div class=\"elementor-column elementor-col-100 elementor-top-column elementor-element elementor-element-aefc2b7\" data-id=\"aefc2b7\" data-element_type=\"column\" data-e-type=\"column\">\n\t\t\t<div class=\"elementor-widget-wrap elementor-element-populated\">\n\t\t\t\t\t\t<div class=\"elementor-element elementor-element-3ab0a787 elementor--h-position-center elementor--v-position-middle elementor-widget elementor-widget-slides\" data-id=\"3ab0a787\" data-element_type=\"widget\" data-e-type=\"widget\" data-settings=\"{&quot;navigation&quot;:&quot;none&quot;,&quot;autoplay&quot;:&quot;yes&quot;,&quot;autoplay_speed&quot;:5000,&quot;infinite&quot;:&quot;yes&quot;,&quot;transition&quot;:&quot;slide&quot;,&quot;transition_speed&quot;:500}\" data-widget_type=\"slides.default\">\n\t\t\t\t<div class=\"elementor-widget-container\">\n\t\t\t\t\t\t\t\t\t<div class=\"elementor-swiper\">\n\t\t\t\t\t<div class=\"elementor-slides-wrapper elementor-main-swiper swiper\" role=\"region\" aria-roledescription=\"carousel\" aria-label=\"Diapositivas\" dir=\"ltr\" data-animation=\"fadeInUp\">\n\t\t\t\t<div class=\"swiper-wrapper elementor-slides\">\n\t\t\t\t\t\t\t\t\t\t<div class=\"elementor-repeater-item-9a0af9f swiper-slide\" role=\"group\" aria-roledescription=\"slide\"><div class=\"swiper-slide-bg elementor-ken-burns elementor-ken-burns--in\" role=\"img\" aria-label=\"FB_IMG_1639074012355\"><\/div><div class=\"elementor-background-overlay\"><\/div><a class=\"swiper-slide-inner\" href=\"https:\/\/www.misionerasdecristojesus.com\/que-hacemos\/\"><div class=\"swiper-slide-contents\"><div class=\"elementor-slide-heading\">MISIONERAS DE CRISTO JES\u00daS<\/div><div class=\"elementor-slide-description\"> Las Misioneras de Cristo Jes\u00fas, nos\ndedicamos de forma total y exclusiva, a realizar la vocaci\u00f3n\nevangelizadora de la Iglesia.<\/div><div  class=\"elementor-button elementor-slide-button elementor-size-md\">QU\u00c9 HACEMOS<\/div><\/div><\/a><\/div><div class=\"elementor-repeater-item-c58d292 swiper-slide\" role=\"group\" aria-roledescription=\"slide\"><div class=\"swiper-slide-bg elementor-ken-burns elementor-ken-burns--in\" role=\"img\" aria-label=\"Educaci\u00f3 F\u00edsica-09\"><\/div><div class=\"elementor-background-overlay\"><\/div><a class=\"swiper-slide-inner\" href=\"https:\/\/www.misionerasdecristojesus.com\/entrevistas\/\"><div class=\"swiper-slide-contents\"><div class=\"elementor-slide-heading\">ENTREVISTAS<\/div><div class=\"elementor-slide-description\">Entrevistas a nuestras hermanas Misioneras De Cristo Jes\u00fas.<\/div><div  class=\"elementor-button elementor-slide-button elementor-size-md\">VER ENTREVISTAS<\/div><\/div><\/a><\/div><div class=\"elementor-repeater-item-068fd13 swiper-slide\" role=\"group\" aria-roledescription=\"slide\"><div class=\"swiper-slide-bg elementor-ken-burns elementor-ken-burns--in\" role=\"img\" aria-label=\"PROYECTOS\"><\/div><div class=\"elementor-background-overlay\"><\/div><a class=\"swiper-slide-inner\" href=\"https:\/\/www.misionerasdecristojesus.com\/proyectos\/\"><div class=\"swiper-slide-contents\"><div class=\"elementor-slide-heading\">PROYECTOS<\/div><div class=\"elementor-slide-description\">Informaci\u00f3n de los Proyectos que hacemos en nuestras Regiones Misioneras gracias a los Dones recibidos<\/div><div  class=\"elementor-button elementor-slide-button elementor-size-md\">PROYECTOS<\/div><\/div><\/a><\/div><div class=\"elementor-repeater-item-605a4a8 swiper-slide\" role=\"group\" aria-roledescription=\"slide\"><div class=\"swiper-slide-bg elementor-ken-burns elementor-ken-burns--in\" role=\"img\" aria-label=\"navarra-javier\"><\/div><div class=\"elementor-background-overlay\"><\/div><a class=\"swiper-slide-inner\" href=\"https:\/\/www.misionerasdecristojesus.com\/nuestra-fundadora\/\"><div class=\"swiper-slide-contents\"><div class=\"elementor-slide-heading\">NUESTRA FUNDADORA<\/div><div class=\"elementor-slide-description\">\"Tras las huellas de San Francisco Javier\"\nsu espiritu emprendedor alimentaron en nosotras el deseo de\nabrir nuevos caminos al Evangelio<\/div><div  class=\"elementor-button elementor-slide-button elementor-size-md\">NUESTRA FUNDADORA<\/div><\/div><\/a><\/div><div class=\"elementor-repeater-item-04fad2f swiper-slide\" role=\"group\" aria-roledescription=\"slide\"><div class=\"swiper-slide-bg elementor-ken-burns elementor-ken-burns--in\" role=\"img\" aria-label=\"c\u00f3mo-colaborar\"><\/div><div class=\"elementor-background-overlay\"><\/div><a class=\"swiper-slide-inner\" href=\"https:\/\/www.misionerasdecristojesus.com\/donativos\/\"><div class=\"swiper-slide-contents\"><div class=\"elementor-slide-heading\">C\u00d3MO COLABORAR<\/div><div class=\"elementor-slide-description\">\"De Cristo hemos recibido la llamada a comunicar el amor de Dios Padre a todos\nlos hombres\u2026 Nos insertamos en las realidades concretas de cada pueblo\"<\/div><div  class=\"elementor-button elementor-slide-button elementor-size-md\">COLABORAR<\/div><\/div><\/a><\/div>\t\t\t\t<\/div>\n\t\t\t\t\t\t\t\t\t\t\t\t\t\t\t\t\t\t\t\t\t<\/div>\n\t\t\t\t<\/div>\n\t\t\t\t\t\t\t\t<\/div>\n\t\t\t\t<\/div>\n\t\t\t\t<div class=\"elementor-element elementor-element-7328be3 elementor-widget elementor-widget-spacer\" data-id=\"7328be3\" data-element_type=\"widget\" data-e-type=\"widget\" data-widget_type=\"spacer.default\">\n\t\t\t\t<div class=\"elementor-widget-container\">\n\t\t\t\t\t\t\t<div class=\"elementor-spacer\">\n\t\t\t<div class=\"elementor-spacer-inner\"><\/div>\n\t\t<\/div>\n\t\t\t\t\t\t<\/div>\n\t\t\t\t<\/div>\n\t\t\t\t\t<\/div>\n\t\t<\/div>\n\t\t\t\t\t<\/div>\n\t\t<\/section>\n\t\t\t\t<section class=\"elementor-section elementor-top-section elementor-element elementor-element-d09adcb elementor-section-boxed elementor-section-height-default elementor-section-height-default\" data-id=\"d09adcb\" data-element_type=\"section\" data-e-type=\"section\">\n\t\t\t\t\t\t<div class=\"elementor-container elementor-column-gap-default\">\n\t\t\t\t\t<div class=\"elementor-column elementor-col-100 elementor-top-column elementor-element elementor-element-ad58ccb\" data-id=\"ad58ccb\" data-element_type=\"column\" data-e-type=\"column\">\n\t\t\t<div class=\"elementor-widget-wrap elementor-element-populated\">\n\t\t\t\t\t\t<div class=\"elementor-element elementor-element-f2127ee elementor-invisible elementor-widget elementor-widget-heading\" data-id=\"f2127ee\" data-element_type=\"widget\" data-e-type=\"widget\" data-settings=\"{&quot;_animation&quot;:&quot;fadeInUp&quot;}\" data-widget_type=\"heading.default\">\n\t\t\t\t<div class=\"elementor-widget-container\">\n\t\t\t\t\t<h3 class=\"elementor-heading-title elementor-size-default\">CON\u00d3CENOS<\/h3>\t\t\t\t<\/div>\n\t\t\t\t<\/div>\n\t\t\t\t<div class=\"elementor-element elementor-element-4c7504d elementor-invisible elementor-widget elementor-widget-heading\" data-id=\"4c7504d\" data-element_type=\"widget\" data-e-type=\"widget\" data-settings=\"{&quot;_animation&quot;:&quot;fadeInUp&quot;}\" data-widget_type=\"heading.default\">\n\t\t\t\t<div class=\"elementor-widget-container\">\n\t\t\t\t\t<h2 class=\"elementor-heading-title elementor-size-default\">Nuestro canal de YouTube<\/h2>\t\t\t\t<\/div>\n\t\t\t\t<\/div>\n\t\t\t\t<div class=\"elementor-element elementor-element-c94710a elementor-widget elementor-widget-shortcode\" data-id=\"c94710a\" data-element_type=\"widget\" data-e-type=\"widget\" data-widget_type=\"shortcode.default\">\n\t\t\t\t<div class=\"elementor-widget-container\">\n\t\t\t\t\t\t\t<div class=\"elementor-shortcode\">\n\n<div id=\"sb_youtube_sbyUCqRlxh07WGTDvCewPsLGv3g9\"\n\trole=\"region\"\n\taria-label=\"YouTube videos\"\n\t class=\"sb_youtube sby_layout_grid sby_col_3 sby_mob_col_1 sby_palette_inherit  sby_width_resp\"\tdata-feedid=\"sby_UCqRlxh07WGTDvCewPsLGv3g#9\"\n\tdata-shortcode-atts=\"{&quot;feed&quot;:&quot;1&quot;}\" \n\tdata-cols=\"3\" \n\tdata-colsmobile=\"1\" \n\tdata-num=\"9\" \n\tdata-nummobile=\"9\" \n\tdata-channel-subscribers=\"208 suscriptores\"\tdata-subscribe-btn=\"1\" \n\tdata-subscribe-btn-text=\"Suscr\u00edbete\" \n\tdata_channel_header_colors =\"{&quot;channelName&quot;:&quot;&quot;,&quot;subscribeCount&quot;:&quot;&quot;,&quot;buttonBackground&quot;:&quot;&quot;,&quot;buttonText&quot;:&quot;&quot;}\"\n\t data-sby-flags=\"resizeDisable,gdpr\" data-postid=\"20\" data-sby-supports-lightbox=\"1\" \n\t data-videocardlayout=\"vertical\" \n>\n\t<div class=\"sb_youtube_header \" >\n    <a href=\"https:\/\/www.youtube.com\/channel\/UCqRlxh07WGTDvCewPsLGv3g\/\" target=\"_blank\" rel=\"noopener\" aria-label=\"Misioneras de Cristo Jesus  on YouTube\" title=\"@Misioneras de Cristo Jesus \" class=\"sby_header_link\" data-channel-description=\"visible\">\n        <div class=\"sby_header_text sby_has_bio sby_no_sub\"  data-header-subscriber=\"shown\">\n            <h3 >Misioneras de Cristo Jesus <\/h3>\n\t\t\t                <p class=\"sby_bio\"  >Nacemos con el firme prop\u00f3sito de contribuir a la construcci\u00f3n del Reino de Dios, participando en la actividad misionera de la Iglesia.<br>\nBIZUM: 06545<br>\n<\/p>\n\t\t\t        <\/div>\n        <div class=\"sby_header_img\" data-avatar-url=\"https:\/\/yt3.ggpht.com\/tCNHKtmK-Ca3YFcEtd-yQNCezcG-cPUPD7DjRh1suJUU9lJLBjqdcZhbZr3j01ed61wwIW0l=s88-c-k-c0x00ffffff-no-rj\">\n            <div class=\"sby_header_img_hover\"><svg aria-hidden=\"true\" focusable=\"false\" data-prefix=\"fab\" data-icon=\"youtube\" role=\"img\" xmlns=\"http:\/\/www.w3.org\/2000\/svg\" viewBox=\"0 0 576 512\" class=\"sby_new_logo svg-inline--fa fa-youtube fa-w-18\"><path fill=\"currentColor\" d=\"M549.655 124.083c-6.281-23.65-24.787-42.276-48.284-48.597C458.781 64 288 64 288 64S117.22 64 74.629 75.486c-23.497 6.322-42.003 24.947-48.284 48.597-11.412 42.867-11.412 132.305-11.412 132.305s0 89.438 11.412 132.305c6.281 23.65 24.787 41.5 48.284 47.821C117.22 448 288 448 288 448s170.78 0 213.371-11.486c23.497-6.321 42.003-24.171 48.284-47.821 11.412-42.867 11.412-132.305 11.412-132.305s0-89.438-11.412-132.305zm-317.51 213.508V175.185l142.739 81.205-142.739 81.201z\" class=\"\"><\/path><\/svg><\/div>\n            <img decoding=\"async\" src=\"https:\/\/yt3.ggpht.com\/tCNHKtmK-Ca3YFcEtd-yQNCezcG-cPUPD7DjRh1suJUU9lJLBjqdcZhbZr3j01ed61wwIW0l=s88-c-k-c0x00ffffff-no-rj\" alt=\"Misioneras de Cristo Jesus \" width=\"50\" height=\"50\">\n        <\/div>\n    <\/a>\n<\/div>        <div class=\"sby_items_wrap\" role=\"list\" style=\"padding: 5px;\">\n\t\t<div class=\"sby_item  sby_new sby_transition\" role=\"listitem\" id=\"sby_VVVxUmx4aDA3V0dURHZDZXdQc0xHdjNnLjhzZVl0NXhVSmFj\" data-date=\"1787860852\" data-video-id=\"8seYt5xUJac\">\n    <div class=\"sby_inner_item\">\n        <div class=\"sby_video_thumbnail_wrap sby_item_video_thumbnail_wrap\">\n            <a class=\"sby_video_thumbnail sby_item_video_thumbnail\" href=\"https:\/\/www.youtube.com\/watch?v=8seYt5xUJac\" target=\"_blank\" rel=\"noopener\" data-full-res=\"https:\/\/i.ytimg.com\/vi\/8seYt5xUJac\/hqdefault.jpg\" data-img-src-set=\"{&quot;120&quot;:&quot;https:\\\/\\\/i.ytimg.com\\\/vi\\\/8seYt5xUJac\\\/default.jpg&quot;,&quot;320&quot;:&quot;https:\\\/\\\/i.ytimg.com\\\/vi\\\/8seYt5xUJac\\\/mqdefault.jpg&quot;,&quot;480&quot;:&quot;https:\\\/\\\/i.ytimg.com\\\/vi\\\/8seYt5xUJac\\\/hqdefault.jpg&quot;,&quot;640&quot;:&quot;https:\\\/\\\/i.ytimg.com\\\/vi\\\/8seYt5xUJac\\\/hqdefault.jpg&quot;}\" data-video-id=\"8seYt5xUJac\" data-video-title=\"Jueves 27 de agosto. Evangelio del d\u00eda.\">\n                <img decoding=\"async\" src=\"https:\/\/www.misionerasdecristojesus.com\/wp-content\/plugins\/feeds-for-youtube\/img\/placeholder.png\" alt=\"El disc\u00edpulo de Jes\u00fas sabe que est\u00e1 llamado al encuentro con \u00e9l y debe estar  preparado , atento y vigilante a su estilo de vida y sus frutos , no podemos estar con un pie en las cosas de Dios y con otro en las cosas del mundo.\nQue el nos conceda fortalecer nuestra actitud vigilante y permanecer fieles hasta el encuentro con El . Al atardecer de la vida nos \u201c examinar\u00e1n del amor  \u201c conque hemos vivido. \nFeliz d\u00eda.\">\n\n                <div class=\"sby_thumbnail_hover sby_item_video_thumbnail_hover\">\n                    <div class=\"sby_thumbnail_hover_inner\">\n                                                    <span class=\"sby_video_title\" role=\"heading\" aria-level=\"3\" >Jueves 27 de agosto. Evangelio del d\u00eda.<\/span>\n                                            <\/div>\n                <\/div>\n\n                                    <div class=\"sby_play_btn\" >\n                        <span class=\"sby_play_btn_bg\"><\/span>\n                        <svg aria-hidden=\"true\" focusable=\"false\" data-prefix=\"fab\" data-icon=\"youtube\" role=\"img\" xmlns=\"http:\/\/www.w3.org\/2000\/svg\" viewBox=\"0 0 576 512\" class=\"svg-inline--fa fa-youtube fa-w-18\"><path fill=\"currentColor\" d=\"M549.655 124.083c-6.281-23.65-24.787-42.276-48.284-48.597C458.781 64 288 64 288 64S117.22 64 74.629 75.486c-23.497 6.322-42.003 24.947-48.284 48.597-11.412 42.867-11.412 132.305-11.412 132.305s0 89.438 11.412 132.305c6.281 23.65 24.787 41.5 48.284 47.821C117.22 448 288 448 288 448s170.78 0 213.371-11.486c23.497-6.321 42.003-24.171 48.284-47.821 11.412-42.867 11.412-132.305 11.412-132.305s0-89.438-11.412-132.305zm-317.51 213.508V175.185l142.739 81.205-142.739 81.201z\" class=\"\"><\/path><\/svg>                    <\/div>\n                                <span class=\"sby_loader sby_hidden\" style=\"background-color: rgb(255, 255, 255);\"><\/span>\n            <\/a>\n\n                    <\/div>\n    <\/div>\n<\/div><div class=\"sby_item  sby_new sby_transition\" role=\"listitem\" id=\"sby_VVVxUmx4aDA3V0dURHZDZXdQc0xHdjNnLm1jNmNnYkpOQkJZ\" data-date=\"1787851972\" data-video-id=\"mc6cgbJNBBY\">\n    <div class=\"sby_inner_item\">\n        <div class=\"sby_video_thumbnail_wrap sby_item_video_thumbnail_wrap\">\n            <a class=\"sby_video_thumbnail sby_item_video_thumbnail\" href=\"https:\/\/www.youtube.com\/watch?v=mc6cgbJNBBY\" target=\"_blank\" rel=\"noopener\" data-full-res=\"https:\/\/i.ytimg.com\/vi\/mc6cgbJNBBY\/hqdefault.jpg\" data-img-src-set=\"{&quot;120&quot;:&quot;https:\\\/\\\/i.ytimg.com\\\/vi\\\/mc6cgbJNBBY\\\/default.jpg&quot;,&quot;320&quot;:&quot;https:\\\/\\\/i.ytimg.com\\\/vi\\\/mc6cgbJNBBY\\\/mqdefault.jpg&quot;,&quot;480&quot;:&quot;https:\\\/\\\/i.ytimg.com\\\/vi\\\/mc6cgbJNBBY\\\/hqdefault.jpg&quot;,&quot;640&quot;:&quot;https:\\\/\\\/i.ytimg.com\\\/vi\\\/mc6cgbJNBBY\\\/hqdefault.jpg&quot;}\" data-video-id=\"mc6cgbJNBBY\" data-video-title=\"Mi\u00e9rcoles 26 de agosto. Evangelio del d\u00eda.\">\n                <img decoding=\"async\" src=\"https:\/\/www.misionerasdecristojesus.com\/wp-content\/plugins\/feeds-for-youtube\/img\/placeholder.png\" alt=\"Con sus  \u00abayes\u00bb\u2026 Jes\u00fas nos invita  a ser  humildes y reconocer lo que realmente somos, con nuestras miserias, peque\u00f1as o grandes, con nuestras limitaciones, a no vivir de las apariencias.\nLos  cristianos, nos dice san Pablo, no podemos amoldarnos al modo de ser, pensar, creer y actuar de la gente de nuestro tiempo, nuestra forma de vivir tiene que ser acorde con las ense\u00f1anzas de Jes\u00fas.\nQue tus acciones el d\u00eda de hoy sean un reflejo de tu fe y puedas compartir alegr\u00eda, esperanza y amor con los que te rodean. Feliz d\u00eda.\">\n\n                <div class=\"sby_thumbnail_hover sby_item_video_thumbnail_hover\">\n                    <div class=\"sby_thumbnail_hover_inner\">\n                                                    <span class=\"sby_video_title\" role=\"heading\" aria-level=\"3\" >Mi\u00e9rcoles 26 de agosto. Evangelio del d\u00eda.<\/span>\n                                            <\/div>\n                <\/div>\n\n                                    <div class=\"sby_play_btn\" >\n                        <span class=\"sby_play_btn_bg\"><\/span>\n                        <svg aria-hidden=\"true\" focusable=\"false\" data-prefix=\"fab\" data-icon=\"youtube\" role=\"img\" xmlns=\"http:\/\/www.w3.org\/2000\/svg\" viewBox=\"0 0 576 512\" class=\"svg-inline--fa fa-youtube fa-w-18\"><path fill=\"currentColor\" d=\"M549.655 124.083c-6.281-23.65-24.787-42.276-48.284-48.597C458.781 64 288 64 288 64S117.22 64 74.629 75.486c-23.497 6.322-42.003 24.947-48.284 48.597-11.412 42.867-11.412 132.305-11.412 132.305s0 89.438 11.412 132.305c6.281 23.65 24.787 41.5 48.284 47.821C117.22 448 288 448 288 448s170.78 0 213.371-11.486c23.497-6.321 42.003-24.171 48.284-47.821 11.412-42.867 11.412-132.305 11.412-132.305s0-89.438-11.412-132.305zm-317.51 213.508V175.185l142.739 81.205-142.739 81.201z\" class=\"\"><\/path><\/svg>                    <\/div>\n                                <span class=\"sby_loader sby_hidden\" style=\"background-color: rgb(255, 255, 255);\"><\/span>\n            <\/a>\n\n                    <\/div>\n    <\/div>\n<\/div><div class=\"sby_item  sby_new sby_transition\" role=\"listitem\" id=\"sby_VVVxUmx4aDA3V0dURHZDZXdQc0xHdjNnLkRYcEZwUkFrWnlv\" data-date=\"1787826888\" data-video-id=\"DXpFpRAkZyo\">\n    <div class=\"sby_inner_item\">\n        <div class=\"sby_video_thumbnail_wrap sby_item_video_thumbnail_wrap\">\n            <a class=\"sby_video_thumbnail sby_item_video_thumbnail\" href=\"https:\/\/www.youtube.com\/watch?v=DXpFpRAkZyo\" target=\"_blank\" rel=\"noopener\" data-full-res=\"https:\/\/i.ytimg.com\/vi\/DXpFpRAkZyo\/hqdefault.jpg\" data-img-src-set=\"{&quot;120&quot;:&quot;https:\\\/\\\/i.ytimg.com\\\/vi\\\/DXpFpRAkZyo\\\/default.jpg&quot;,&quot;320&quot;:&quot;https:\\\/\\\/i.ytimg.com\\\/vi\\\/DXpFpRAkZyo\\\/mqdefault.jpg&quot;,&quot;480&quot;:&quot;https:\\\/\\\/i.ytimg.com\\\/vi\\\/DXpFpRAkZyo\\\/hqdefault.jpg&quot;,&quot;640&quot;:&quot;https:\\\/\\\/i.ytimg.com\\\/vi\\\/DXpFpRAkZyo\\\/hqdefault.jpg&quot;}\" data-video-id=\"DXpFpRAkZyo\" data-video-title=\"Martes 25 de agosto. Evangelio del d\u00eda.\">\n                <img decoding=\"async\" src=\"https:\/\/www.misionerasdecristojesus.com\/wp-content\/plugins\/feeds-for-youtube\/img\/placeholder.png\" alt=\"Jes\u00fas denuncia a los que guardan las formas externas, pero su coraz\u00f3n est\u00e1 lejos de la justicia.\nEl nos  invita a ser coherentes en nuestra vida, no aparentar una cosa y ser otra; es importante examinar nuestros motivos m\u00e1s profundos. \nProcuremos que todas nuestras acciones vayan encaminadas a amar y servir en todo , al bienestar y al amor real de quienes nos rodean, sin buscar el reconocimiento, actuando con justicia  y  misericordia en cada peque\u00f1o detalle de nuestra vida. \nQue pases un feliz d\u00eda.\">\n\n                <div class=\"sby_thumbnail_hover sby_item_video_thumbnail_hover\">\n                    <div class=\"sby_thumbnail_hover_inner\">\n                                                    <span class=\"sby_video_title\" role=\"heading\" aria-level=\"3\" >Martes 25 de agosto. Evangelio del d\u00eda.<\/span>\n                                            <\/div>\n                <\/div>\n\n                                    <div class=\"sby_play_btn\" >\n                        <span class=\"sby_play_btn_bg\"><\/span>\n                        <svg aria-hidden=\"true\" focusable=\"false\" data-prefix=\"fab\" data-icon=\"youtube\" role=\"img\" xmlns=\"http:\/\/www.w3.org\/2000\/svg\" viewBox=\"0 0 576 512\" class=\"svg-inline--fa fa-youtube fa-w-18\"><path fill=\"currentColor\" d=\"M549.655 124.083c-6.281-23.65-24.787-42.276-48.284-48.597C458.781 64 288 64 288 64S117.22 64 74.629 75.486c-23.497 6.322-42.003 24.947-48.284 48.597-11.412 42.867-11.412 132.305-11.412 132.305s0 89.438 11.412 132.305c6.281 23.65 24.787 41.5 48.284 47.821C117.22 448 288 448 288 448s170.78 0 213.371-11.486c23.497-6.321 42.003-24.171 48.284-47.821 11.412-42.867 11.412-132.305 11.412-132.305s0-89.438-11.412-132.305zm-317.51 213.508V175.185l142.739 81.205-142.739 81.201z\" class=\"\"><\/path><\/svg>                    <\/div>\n                                <span class=\"sby_loader sby_hidden\" style=\"background-color: rgb(255, 255, 255);\"><\/span>\n            <\/a>\n\n                    <\/div>\n    <\/div>\n<\/div><div class=\"sby_item  sby_new sby_transition\" role=\"listitem\" id=\"sby_VVVxUmx4aDA3V0dURHZDZXdQc0xHdjNnLmh4bExSMHp5Yllv\" data-date=\"1787826502\" data-video-id=\"hxlLR0zybYo\">\n    <div class=\"sby_inner_item\">\n        <div class=\"sby_video_thumbnail_wrap sby_item_video_thumbnail_wrap\">\n            <a class=\"sby_video_thumbnail sby_item_video_thumbnail\" href=\"https:\/\/www.youtube.com\/watch?v=hxlLR0zybYo\" target=\"_blank\" rel=\"noopener\" data-full-res=\"https:\/\/i.ytimg.com\/vi\/hxlLR0zybYo\/hqdefault.jpg\" data-img-src-set=\"{&quot;120&quot;:&quot;https:\\\/\\\/i.ytimg.com\\\/vi\\\/hxlLR0zybYo\\\/default.jpg&quot;,&quot;320&quot;:&quot;https:\\\/\\\/i.ytimg.com\\\/vi\\\/hxlLR0zybYo\\\/mqdefault.jpg&quot;,&quot;480&quot;:&quot;https:\\\/\\\/i.ytimg.com\\\/vi\\\/hxlLR0zybYo\\\/hqdefault.jpg&quot;,&quot;640&quot;:&quot;https:\\\/\\\/i.ytimg.com\\\/vi\\\/hxlLR0zybYo\\\/hqdefault.jpg&quot;}\" data-video-id=\"hxlLR0zybYo\" data-video-title=\"Lunes 24 de agosto. Evangelio del d\u00eda.\">\n                <img decoding=\"async\" src=\"https:\/\/www.misionerasdecristojesus.com\/wp-content\/plugins\/feeds-for-youtube\/img\/placeholder.png\" alt=\"Hoy , San Bartolom\u00e9. Es uno de los 12 Ap\u00f3stoles, hombre de Can\u00e1 a quien el ap\u00f3stol Felipe present\u00f3 a Jes\u00fas. Bartolom\u00e9 es la misma persona que Natanael. Los Hechos de los Ap\u00f3stoles mencionan su presencia en Pentecost\u00e9s (1,13). Felipe ,  lo invit\u00f3 a tener su propio encuentro personal con Jes\u00fas, y manifest\u00f3 su fe en  El . \nBartolom\u00e9, despu\u00e9s de la ascensi\u00f3n del Se\u00f1or, predic\u00f3 el Evangelio en la India, donde recibi\u00f3 el  martirio, fue desollado.\nQue San Bartolom\u00e9,ruegue por nosotros y nos ayude a fortalecer nuestro encuentro personal con Jes\u00fas\">\n\n                <div class=\"sby_thumbnail_hover sby_item_video_thumbnail_hover\">\n                    <div class=\"sby_thumbnail_hover_inner\">\n                                                    <span class=\"sby_video_title\" role=\"heading\" aria-level=\"3\" >Lunes 24 de agosto. Evangelio del d\u00eda.<\/span>\n                                            <\/div>\n                <\/div>\n\n                                    <div class=\"sby_play_btn\" >\n                        <span class=\"sby_play_btn_bg\"><\/span>\n                        <svg aria-hidden=\"true\" focusable=\"false\" data-prefix=\"fab\" data-icon=\"youtube\" role=\"img\" xmlns=\"http:\/\/www.w3.org\/2000\/svg\" viewBox=\"0 0 576 512\" class=\"svg-inline--fa fa-youtube fa-w-18\"><path fill=\"currentColor\" d=\"M549.655 124.083c-6.281-23.65-24.787-42.276-48.284-48.597C458.781 64 288 64 288 64S117.22 64 74.629 75.486c-23.497 6.322-42.003 24.947-48.284 48.597-11.412 42.867-11.412 132.305-11.412 132.305s0 89.438 11.412 132.305c6.281 23.65 24.787 41.5 48.284 47.821C117.22 448 288 448 288 448s170.78 0 213.371-11.486c23.497-6.321 42.003-24.171 48.284-47.821 11.412-42.867 11.412-132.305 11.412-132.305s0-89.438-11.412-132.305zm-317.51 213.508V175.185l142.739 81.205-142.739 81.201z\" class=\"\"><\/path><\/svg>                    <\/div>\n                                <span class=\"sby_loader sby_hidden\" style=\"background-color: rgb(255, 255, 255);\"><\/span>\n            <\/a>\n\n                    <\/div>\n    <\/div>\n<\/div><div class=\"sby_item  sby_new sby_transition\" role=\"listitem\" id=\"sby_VVVxUmx4aDA3V0dURHZDZXdQc0xHdjNnLlU4MFQyVE5LT1BJ\" data-date=\"1787755601\" data-video-id=\"U80T2TNKOPI\">\n    <div class=\"sby_inner_item\">\n        <div class=\"sby_video_thumbnail_wrap sby_item_video_thumbnail_wrap\">\n            <a class=\"sby_video_thumbnail sby_item_video_thumbnail\" href=\"https:\/\/www.youtube.com\/watch?v=U80T2TNKOPI\" target=\"_blank\" rel=\"noopener\" data-full-res=\"https:\/\/i.ytimg.com\/vi\/U80T2TNKOPI\/hqdefault.jpg\" data-img-src-set=\"{&quot;120&quot;:&quot;https:\\\/\\\/i.ytimg.com\\\/vi\\\/U80T2TNKOPI\\\/default.jpg&quot;,&quot;320&quot;:&quot;https:\\\/\\\/i.ytimg.com\\\/vi\\\/U80T2TNKOPI\\\/mqdefault.jpg&quot;,&quot;480&quot;:&quot;https:\\\/\\\/i.ytimg.com\\\/vi\\\/U80T2TNKOPI\\\/hqdefault.jpg&quot;,&quot;640&quot;:&quot;https:\\\/\\\/i.ytimg.com\\\/vi\\\/U80T2TNKOPI\\\/hqdefault.jpg&quot;}\" data-video-id=\"U80T2TNKOPI\" data-video-title=\"Domingo 23 de agosto. Evangelio del d\u00eda.\">\n                <img decoding=\"async\" src=\"https:\/\/www.misionerasdecristojesus.com\/wp-content\/plugins\/feeds-for-youtube\/img\/placeholder.png\" alt=\"Ante la confesi\u00f3n de fe de Sim\u00f3n, Jes\u00fas no solo cambia su nombre, sino que le otorga una misi\u00f3n insustituible: \u201c T\u00fa eres Pedro, y sobre esta piedra edificar\u00e9 mi Iglesia\u201d .\nQue esta celebraci\u00f3n , nos mueva a renovar nuestro amor sincero por el Papa y por la Iglesia, recordando que donde est\u00e1 Pedro, all\u00ed est\u00e1 la Iglesia, y donde est\u00e1 la Iglesia , las fuerzas del mal sobre ella , porque ah\u00ed est\u00e1 Jes\u00fas. \nPedro y sus sucesores son garant\u00eda divina de unidad en la diversidad y de verdad. \nQue pases un feliz domingo.\">\n\n                <div class=\"sby_thumbnail_hover sby_item_video_thumbnail_hover\">\n                    <div class=\"sby_thumbnail_hover_inner\">\n                                                    <span class=\"sby_video_title\" role=\"heading\" aria-level=\"3\" >Domingo 23 de agosto. Evangelio del d\u00eda.<\/span>\n                                            <\/div>\n                <\/div>\n\n                                    <div class=\"sby_play_btn\" >\n                        <span class=\"sby_play_btn_bg\"><\/span>\n                        <svg aria-hidden=\"true\" focusable=\"false\" data-prefix=\"fab\" data-icon=\"youtube\" role=\"img\" xmlns=\"http:\/\/www.w3.org\/2000\/svg\" viewBox=\"0 0 576 512\" class=\"svg-inline--fa fa-youtube fa-w-18\"><path fill=\"currentColor\" d=\"M549.655 124.083c-6.281-23.65-24.787-42.276-48.284-48.597C458.781 64 288 64 288 64S117.22 64 74.629 75.486c-23.497 6.322-42.003 24.947-48.284 48.597-11.412 42.867-11.412 132.305-11.412 132.305s0 89.438 11.412 132.305c6.281 23.65 24.787 41.5 48.284 47.821C117.22 448 288 448 288 448s170.78 0 213.371-11.486c23.497-6.321 42.003-24.171 48.284-47.821 11.412-42.867 11.412-132.305 11.412-132.305s0-89.438-11.412-132.305zm-317.51 213.508V175.185l142.739 81.205-142.739 81.201z\" class=\"\"><\/path><\/svg>                    <\/div>\n                                <span class=\"sby_loader sby_hidden\" style=\"background-color: rgb(255, 255, 255);\"><\/span>\n            <\/a>\n\n                    <\/div>\n    <\/div>\n<\/div><div class=\"sby_item  sby_new sby_transition\" role=\"listitem\" id=\"sby_VVVxUmx4aDA3V0dURHZDZXdQc0xHdjNnLlFpRHFkUnhNbGQ4\" data-date=\"1787564994\" data-video-id=\"QiDqdRxMld8\">\n    <div class=\"sby_inner_item\">\n        <div class=\"sby_video_thumbnail_wrap sby_item_video_thumbnail_wrap\">\n            <a class=\"sby_video_thumbnail sby_item_video_thumbnail\" href=\"https:\/\/www.youtube.com\/watch?v=QiDqdRxMld8\" target=\"_blank\" rel=\"noopener\" data-full-res=\"https:\/\/i.ytimg.com\/vi\/QiDqdRxMld8\/hqdefault.jpg\" data-img-src-set=\"{&quot;120&quot;:&quot;https:\\\/\\\/i.ytimg.com\\\/vi\\\/QiDqdRxMld8\\\/default.jpg&quot;,&quot;320&quot;:&quot;https:\\\/\\\/i.ytimg.com\\\/vi\\\/QiDqdRxMld8\\\/mqdefault.jpg&quot;,&quot;480&quot;:&quot;https:\\\/\\\/i.ytimg.com\\\/vi\\\/QiDqdRxMld8\\\/hqdefault.jpg&quot;,&quot;640&quot;:&quot;https:\\\/\\\/i.ytimg.com\\\/vi\\\/QiDqdRxMld8\\\/hqdefault.jpg&quot;}\" data-video-id=\"QiDqdRxMld8\" data-video-title=\"S\u00e1bado 22 de agosto. Evangelio del d\u00eda.\">\n                <img decoding=\"async\" src=\"https:\/\/www.misionerasdecristojesus.com\/wp-content\/plugins\/feeds-for-youtube\/img\/placeholder.png\" alt=\"Hoy , Jes\u00fas , nos muestra  la falta de coherencia y consistencia de los  fariseos ; llevan una vida que aparenta estar en comuni\u00f3n con Dios, pero en realidad est\u00e1n  muy alejados de la misericordia y el amor que el Se\u00f1or quiere que vivan . \nJes\u00fas no acepta en la comunidad cristiana el \u201ccada uno para s\u00ed\u201d.\nLa soluci\u00f3n que ofrece para nuestro mundo , las comunidades y las familias es la fraternidad: Todos vosotros sois hermanos\u2026\nQue busquemos vivir la  grandeza en el servicio \na nuestros hermanos .\nFeliz s\u00e1bado.\">\n\n                <div class=\"sby_thumbnail_hover sby_item_video_thumbnail_hover\">\n                    <div class=\"sby_thumbnail_hover_inner\">\n                                                    <span class=\"sby_video_title\" role=\"heading\" aria-level=\"3\" >S\u00e1bado 22 de agosto. Evangelio del d\u00eda.<\/span>\n                                            <\/div>\n                <\/div>\n\n                                    <div class=\"sby_play_btn\" >\n                        <span class=\"sby_play_btn_bg\"><\/span>\n                        <svg aria-hidden=\"true\" focusable=\"false\" data-prefix=\"fab\" data-icon=\"youtube\" role=\"img\" xmlns=\"http:\/\/www.w3.org\/2000\/svg\" viewBox=\"0 0 576 512\" class=\"svg-inline--fa fa-youtube fa-w-18\"><path fill=\"currentColor\" d=\"M549.655 124.083c-6.281-23.65-24.787-42.276-48.284-48.597C458.781 64 288 64 288 64S117.22 64 74.629 75.486c-23.497 6.322-42.003 24.947-48.284 48.597-11.412 42.867-11.412 132.305-11.412 132.305s0 89.438 11.412 132.305c6.281 23.65 24.787 41.5 48.284 47.821C117.22 448 288 448 288 448s170.78 0 213.371-11.486c23.497-6.321 42.003-24.171 48.284-47.821 11.412-42.867 11.412-132.305 11.412-132.305s0-89.438-11.412-132.305zm-317.51 213.508V175.185l142.739 81.205-142.739 81.201z\" class=\"\"><\/path><\/svg>                    <\/div>\n                                <span class=\"sby_loader sby_hidden\" style=\"background-color: rgb(255, 255, 255);\"><\/span>\n            <\/a>\n\n                    <\/div>\n    <\/div>\n<\/div><div class=\"sby_item  sby_new sby_transition\" role=\"listitem\" id=\"sby_VVVxUmx4aDA3V0dURHZDZXdQc0xHdjNnLnV1a1lIOEctX1FR\" data-date=\"1787559983\" data-video-id=\"uukYH8G-_QQ\">\n    <div class=\"sby_inner_item\">\n        <div class=\"sby_video_thumbnail_wrap sby_item_video_thumbnail_wrap\">\n            <a class=\"sby_video_thumbnail sby_item_video_thumbnail\" href=\"https:\/\/www.youtube.com\/watch?v=uukYH8G-_QQ\" target=\"_blank\" rel=\"noopener\" data-full-res=\"https:\/\/i.ytimg.com\/vi\/uukYH8G-_QQ\/hqdefault.jpg\" data-img-src-set=\"{&quot;120&quot;:&quot;https:\\\/\\\/i.ytimg.com\\\/vi\\\/uukYH8G-_QQ\\\/default.jpg&quot;,&quot;320&quot;:&quot;https:\\\/\\\/i.ytimg.com\\\/vi\\\/uukYH8G-_QQ\\\/mqdefault.jpg&quot;,&quot;480&quot;:&quot;https:\\\/\\\/i.ytimg.com\\\/vi\\\/uukYH8G-_QQ\\\/hqdefault.jpg&quot;,&quot;640&quot;:&quot;https:\\\/\\\/i.ytimg.com\\\/vi\\\/uukYH8G-_QQ\\\/hqdefault.jpg&quot;}\" data-video-id=\"uukYH8G-_QQ\" data-video-title=\"Viernes 21 de agosto. Evangelio del d\u00eda.\">\n                <img decoding=\"async\" src=\"https:\/\/www.misionerasdecristojesus.com\/wp-content\/plugins\/feeds-for-youtube\/img\/placeholder.png\" alt=\"El Shem\u00e1 (\u00abEscucha, Israel\u2026\u00bb); es el texto de la Escritura que todos los jud\u00edos recitan al comenzar la jornada y despu\u00e9s de la puesta del sol. Jes\u00fas une los dos mandamientos \u201c amar\u00e1s al Se\u00f1or tu Dios  y al pr\u00f3jimo como a ti mismo \u201c . \nEl Se\u00f1or nos hace ver que la fe se practica en la vida  diaria y que el amor a Dios y el amor a los dem\u00e1s, son las dos caras de una misma moneda.  \nLa verdadera religi\u00f3n est\u00e1 en saber unir la fe en Dios con el amor a la persona que est\u00e1 a tu lado .\nQue tengas un feliz d\u00eda\">\n\n                <div class=\"sby_thumbnail_hover sby_item_video_thumbnail_hover\">\n                    <div class=\"sby_thumbnail_hover_inner\">\n                                                    <span class=\"sby_video_title\" role=\"heading\" aria-level=\"3\" >Viernes 21 de agosto. Evangelio del d\u00eda.<\/span>\n                                            <\/div>\n                <\/div>\n\n                                    <div class=\"sby_play_btn\" >\n                        <span class=\"sby_play_btn_bg\"><\/span>\n                        <svg aria-hidden=\"true\" focusable=\"false\" data-prefix=\"fab\" data-icon=\"youtube\" role=\"img\" xmlns=\"http:\/\/www.w3.org\/2000\/svg\" viewBox=\"0 0 576 512\" class=\"svg-inline--fa fa-youtube fa-w-18\"><path fill=\"currentColor\" d=\"M549.655 124.083c-6.281-23.65-24.787-42.276-48.284-48.597C458.781 64 288 64 288 64S117.22 64 74.629 75.486c-23.497 6.322-42.003 24.947-48.284 48.597-11.412 42.867-11.412 132.305-11.412 132.305s0 89.438 11.412 132.305c6.281 23.65 24.787 41.5 48.284 47.821C117.22 448 288 448 288 448s170.78 0 213.371-11.486c23.497-6.321 42.003-24.171 48.284-47.821 11.412-42.867 11.412-132.305 11.412-132.305s0-89.438-11.412-132.305zm-317.51 213.508V175.185l142.739 81.205-142.739 81.201z\" class=\"\"><\/path><\/svg>                    <\/div>\n                                <span class=\"sby_loader sby_hidden\" style=\"background-color: rgb(255, 255, 255);\"><\/span>\n            <\/a>\n\n                    <\/div>\n    <\/div>\n<\/div><div class=\"sby_item  sby_new sby_transition\" role=\"listitem\" id=\"sby_VVVxUmx4aDA3V0dURHZDZXdQc0xHdjNnLmszRERJd2tXb3NN\" data-date=\"1787297930\" data-video-id=\"k3DDIwkWosM\">\n    <div class=\"sby_inner_item\">\n        <div class=\"sby_video_thumbnail_wrap sby_item_video_thumbnail_wrap\">\n            <a class=\"sby_video_thumbnail sby_item_video_thumbnail\" href=\"https:\/\/www.youtube.com\/watch?v=k3DDIwkWosM\" target=\"_blank\" rel=\"noopener\" data-full-res=\"https:\/\/i.ytimg.com\/vi\/k3DDIwkWosM\/hqdefault.jpg\" data-img-src-set=\"{&quot;120&quot;:&quot;https:\\\/\\\/i.ytimg.com\\\/vi\\\/k3DDIwkWosM\\\/default.jpg&quot;,&quot;320&quot;:&quot;https:\\\/\\\/i.ytimg.com\\\/vi\\\/k3DDIwkWosM\\\/mqdefault.jpg&quot;,&quot;480&quot;:&quot;https:\\\/\\\/i.ytimg.com\\\/vi\\\/k3DDIwkWosM\\\/hqdefault.jpg&quot;,&quot;640&quot;:&quot;https:\\\/\\\/i.ytimg.com\\\/vi\\\/k3DDIwkWosM\\\/hqdefault.jpg&quot;}\" data-video-id=\"k3DDIwkWosM\" data-video-title=\"Jueves 20 de agosto. Evangelio del d\u00eda.\">\n                <img decoding=\"async\" src=\"https:\/\/www.misionerasdecristojesus.com\/wp-content\/plugins\/feeds-for-youtube\/img\/placeholder.png\" alt=\"\">\n\n                <div class=\"sby_thumbnail_hover sby_item_video_thumbnail_hover\">\n                    <div class=\"sby_thumbnail_hover_inner\">\n                                                    <span class=\"sby_video_title\" role=\"heading\" aria-level=\"3\" >Jueves 20 de agosto. Evangelio del d\u00eda.<\/span>\n                                            <\/div>\n                <\/div>\n\n                                    <div class=\"sby_play_btn\" >\n                        <span class=\"sby_play_btn_bg\"><\/span>\n                        <svg aria-hidden=\"true\" focusable=\"false\" data-prefix=\"fab\" data-icon=\"youtube\" role=\"img\" xmlns=\"http:\/\/www.w3.org\/2000\/svg\" viewBox=\"0 0 576 512\" class=\"svg-inline--fa fa-youtube fa-w-18\"><path fill=\"currentColor\" d=\"M549.655 124.083c-6.281-23.65-24.787-42.276-48.284-48.597C458.781 64 288 64 288 64S117.22 64 74.629 75.486c-23.497 6.322-42.003 24.947-48.284 48.597-11.412 42.867-11.412 132.305-11.412 132.305s0 89.438 11.412 132.305c6.281 23.65 24.787 41.5 48.284 47.821C117.22 448 288 448 288 448s170.78 0 213.371-11.486c23.497-6.321 42.003-24.171 48.284-47.821 11.412-42.867 11.412-132.305 11.412-132.305s0-89.438-11.412-132.305zm-317.51 213.508V175.185l142.739 81.205-142.739 81.201z\" class=\"\"><\/path><\/svg>                    <\/div>\n                                <span class=\"sby_loader sby_hidden\" style=\"background-color: rgb(255, 255, 255);\"><\/span>\n            <\/a>\n\n                    <\/div>\n    <\/div>\n<\/div><div class=\"sby_item  sby_new sby_transition\" role=\"listitem\" id=\"sby_VVVxUmx4aDA3V0dURHZDZXdQc0xHdjNnLjk1S1hlcWNRb3dZ\" data-date=\"1787124997\" data-video-id=\"95KXeqcQowY\">\n    <div class=\"sby_inner_item\">\n        <div class=\"sby_video_thumbnail_wrap sby_item_video_thumbnail_wrap\">\n            <a class=\"sby_video_thumbnail sby_item_video_thumbnail\" href=\"https:\/\/www.youtube.com\/watch?v=95KXeqcQowY\" target=\"_blank\" rel=\"noopener\" data-full-res=\"https:\/\/i.ytimg.com\/vi\/95KXeqcQowY\/hqdefault.jpg\" data-img-src-set=\"{&quot;120&quot;:&quot;https:\\\/\\\/i.ytimg.com\\\/vi\\\/95KXeqcQowY\\\/default.jpg&quot;,&quot;320&quot;:&quot;https:\\\/\\\/i.ytimg.com\\\/vi\\\/95KXeqcQowY\\\/mqdefault.jpg&quot;,&quot;480&quot;:&quot;https:\\\/\\\/i.ytimg.com\\\/vi\\\/95KXeqcQowY\\\/hqdefault.jpg&quot;,&quot;640&quot;:&quot;https:\\\/\\\/i.ytimg.com\\\/vi\\\/95KXeqcQowY\\\/hqdefault.jpg&quot;}\" data-video-id=\"95KXeqcQowY\" data-video-title=\"Mi\u00e9rcoles 19 de agosto. Evangelio del d\u00eda.\">\n                <img decoding=\"async\" src=\"https:\/\/www.misionerasdecristojesus.com\/wp-content\/plugins\/feeds-for-youtube\/img\/placeholder.png\" alt=\"El Reino de Dios es un ofrecimiento de salvaci\u00f3n para todos. En el evangelio de hoy vemos a Dios ,como el \u201c Due\u00f1o \u201c que act\u00faa y y supera nuestras formas de valorar y medir. (Conoce  la amargura de los trabajadores \u00faltimos que vieron avanzar el d\u00eda sin ser contratados). Dios siempre integra e incluye, no quiere dejar a nadie en la plaza , es bondadoso hasta el extremo. \nTodos somos invitados a trabajar en la vi\u00f1a del  Se\u00f1or, todos tenemos algo para aportar, un don, una  virtud \u2026 Que nuestra respuesta siempre sea generosa.\nQue pases un feliz d\u00eda.\">\n\n                <div class=\"sby_thumbnail_hover sby_item_video_thumbnail_hover\">\n                    <div class=\"sby_thumbnail_hover_inner\">\n                                                    <span class=\"sby_video_title\" role=\"heading\" aria-level=\"3\" >Mi\u00e9rcoles 19 de agosto. Evangelio del d\u00eda.<\/span>\n                                            <\/div>\n                <\/div>\n\n                                    <div class=\"sby_play_btn\" >\n                        <span class=\"sby_play_btn_bg\"><\/span>\n                        <svg aria-hidden=\"true\" focusable=\"false\" data-prefix=\"fab\" data-icon=\"youtube\" role=\"img\" xmlns=\"http:\/\/www.w3.org\/2000\/svg\" viewBox=\"0 0 576 512\" class=\"svg-inline--fa fa-youtube fa-w-18\"><path fill=\"currentColor\" d=\"M549.655 124.083c-6.281-23.65-24.787-42.276-48.284-48.597C458.781 64 288 64 288 64S117.22 64 74.629 75.486c-23.497 6.322-42.003 24.947-48.284 48.597-11.412 42.867-11.412 132.305-11.412 132.305s0 89.438 11.412 132.305c6.281 23.65 24.787 41.5 48.284 47.821C117.22 448 288 448 288 448s170.78 0 213.371-11.486c23.497-6.321 42.003-24.171 48.284-47.821 11.412-42.867 11.412-132.305 11.412-132.305s0-89.438-11.412-132.305zm-317.51 213.508V175.185l142.739 81.205-142.739 81.201z\" class=\"\"><\/path><\/svg>                    <\/div>\n                                <span class=\"sby_loader sby_hidden\" style=\"background-color: rgb(255, 255, 255);\"><\/span>\n            <\/a>\n\n                    <\/div>\n    <\/div>\n<\/div>    <\/div>\n    \n\t<div class=\"sby_footer\">\n\n<div class=\"sby-screenreader\" role=\"status\" aria-live=\"polite\" aria-atomic=\"true\" data-sby-feed-status><\/div>\n\n    <button type=\"button\" aria-label=\"Load more content\" class=\"sby_load_btn\"  >\n        <span class=\"sby_btn_text\" >Cargar m\u00e1s...<\/span>\n        <span class=\"sby_loader sby_hidden\" style=\"background-color: rgb(255, 255, 255);\"><\/span>\n    <\/button>\n\n    <span \n        class=\"sby_follow_btn\" \n            >\n        <a \n            href=\"https:\/\/www.youtube.com\/channel\/UCqRlxh07WGTDvCewPsLGv3g\/\"\n             \n            target=\"_blank\" \n            rel=\"noopener\"\n        >\n            <svg aria-hidden=\"true\" focusable=\"false\" data-prefix=\"fab\" data-icon=\"youtube\" role=\"img\" xmlns=\"http:\/\/www.w3.org\/2000\/svg\" viewBox=\"0 0 576 512\" class=\"svg-inline--fa fa-youtube fa-w-18\"><path fill=\"currentColor\" d=\"M549.655 124.083c-6.281-23.65-24.787-42.276-48.284-48.597C458.781 64 288 64 288 64S117.22 64 74.629 75.486c-23.497 6.322-42.003 24.947-48.284 48.597-11.412 42.867-11.412 132.305-11.412 132.305s0 89.438 11.412 132.305c6.281 23.65 24.787 41.5 48.284 47.821C117.22 448 288 448 288 448s170.78 0 213.371-11.486c23.497-6.321 42.003-24.171 48.284-47.821 11.412-42.867 11.412-132.305 11.412-132.305s0-89.438-11.412-132.305zm-317.51 213.508V175.185l142.739 81.205-142.739 81.201z\" class=\"\"><\/path><\/svg>            <span  >\n                Suscr\u00edbete            <\/span>\n        <\/a>\n    <\/span>\n<\/div>\n    \n\t\n<\/div>\n\n<style type=\"text\/css\">body #sb_youtube_sbyUCqRlxh07WGTDvCewPsLGv3g9 .sby_caption_wrap .sby_caption { font-size: 13px !important}body #sb_youtube_sbyUCqRlxh07WGTDvCewPsLGv3g9 .sby_follow_btn a:hover { box-shadow:inset 0 0 10px 20px rgb(255, 255, 255, .25) !important}body #sb_youtube_sbyUCqRlxh07WGTDvCewPsLGv3g9[data-videostyle=boxed] .sby_items_wrap .sby_item .sby_inner_item { background-color: #ffffff !important}<\/style><\/div>\n\t\t\t\t\t\t<\/div>\n\t\t\t\t<\/div>\n\t\t\t\t\t<\/div>\n\t\t<\/div>\n\t\t\t\t\t<\/div>\n\t\t<\/section>\n\t\t\t\t<section class=\"elementor-section elementor-top-section elementor-element elementor-element-8c0f490 elementor-section-boxed elementor-section-height-default elementor-section-height-default\" data-id=\"8c0f490\" data-element_type=\"section\" data-e-type=\"section\" data-settings=\"{&quot;background_background&quot;:&quot;classic&quot;}\">\n\t\t\t\t\t\t<div class=\"elementor-container elementor-column-gap-default\">\n\t\t\t\t\t<div class=\"elementor-column elementor-col-100 elementor-top-column elementor-element elementor-element-55059f9\" data-id=\"55059f9\" data-element_type=\"column\" data-e-type=\"column\">\n\t\t\t<div class=\"elementor-widget-wrap elementor-element-populated\">\n\t\t\t\t\t\t<div class=\"elementor-element elementor-element-30512b3 elementor-invisible elementor-widget elementor-widget-heading\" data-id=\"30512b3\" data-element_type=\"widget\" data-e-type=\"widget\" data-settings=\"{&quot;_animation&quot;:&quot;fadeInUp&quot;}\" data-widget_type=\"heading.default\">\n\t\t\t\t<div class=\"elementor-widget-container\">\n\t\t\t\t\t<h3 class=\"elementor-heading-title elementor-size-default\">\u00bfQU\u00c9 HACEMOS?<\/h3>\t\t\t\t<\/div>\n\t\t\t\t<\/div>\n\t\t\t\t<div class=\"elementor-element elementor-element-98f910b elementor-invisible elementor-widget elementor-widget-heading\" data-id=\"98f910b\" data-element_type=\"widget\" data-e-type=\"widget\" data-settings=\"{&quot;_animation&quot;:&quot;fadeInUp&quot;}\" data-widget_type=\"heading.default\">\n\t\t\t\t<div class=\"elementor-widget-container\">\n\t\t\t\t\t<h2 class=\"elementor-heading-title elementor-size-default\">Proyectos<\/h2>\t\t\t\t<\/div>\n\t\t\t\t<\/div>\n\t\t\t\t<div class=\"elementor-element elementor-element-92116ec elementor-grid-2 elementor-grid-tablet-2 elementor-grid-mobile-1 elementor-posts--thumbnail-top elementor-widget elementor-widget-posts\" data-id=\"92116ec\" data-element_type=\"widget\" data-e-type=\"widget\" data-settings=\"{&quot;classic_columns&quot;:&quot;2&quot;,&quot;pagination_type&quot;:&quot;prev_next&quot;,&quot;classic_columns_tablet&quot;:&quot;2&quot;,&quot;classic_columns_mobile&quot;:&quot;1&quot;,&quot;classic_row_gap&quot;:{&quot;unit&quot;:&quot;px&quot;,&quot;size&quot;:35,&quot;sizes&quot;:[]},&quot;classic_row_gap_tablet&quot;:{&quot;unit&quot;:&quot;px&quot;,&quot;size&quot;:&quot;&quot;,&quot;sizes&quot;:[]},&quot;classic_row_gap_mobile&quot;:{&quot;unit&quot;:&quot;px&quot;,&quot;size&quot;:&quot;&quot;,&quot;sizes&quot;:[]}}\" data-widget_type=\"posts.classic\">\n\t\t\t\t<div class=\"elementor-widget-container\">\n\t\t\t\t\t\t\t<div class=\"elementor-posts-container elementor-posts elementor-posts--skin-classic elementor-grid\" role=\"list\">\n\t\t\t\t<article class=\"elementor-post elementor-grid-item post-2417 proyectos-misiones type-proyectos-misiones status-publish format-standard has-post-thumbnail hentry category-espana category-proyectos tag-almeria tag-espana tag-proyectos\" role=\"listitem\">\n\t\t\t\t<a class=\"elementor-post__thumbnail__link\" href=\"https:\/\/www.misionerasdecristojesus.com\/en\/proyectos-misiones\/compartir-comunidad-almeria\/\" tabindex=\"-1\" target=&quot;_blank&quot;>\n\t\t\t<div class=\"elementor-post__thumbnail\"><img fetchpriority=\"high\" decoding=\"async\" width=\"1960\" height=\"1110\" src=\"https:\/\/www.misionerasdecristojesus.com\/wp-content\/uploads\/2026\/07\/PLANTILLA-PROYECTOS-WEB-1960-x-1110-px.png\" class=\"attachment-full size-full wp-image-2418\" alt=\"comunida-almer\u00eda\" srcset=\"https:\/\/www.misionerasdecristojesus.com\/wp-content\/uploads\/2026\/07\/PLANTILLA-PROYECTOS-WEB-1960-x-1110-px.png 1960w, https:\/\/www.misionerasdecristojesus.com\/wp-content\/uploads\/2026\/07\/PLANTILLA-PROYECTOS-WEB-1960-x-1110-px-300x170.png 300w, https:\/\/www.misionerasdecristojesus.com\/wp-content\/uploads\/2026\/07\/PLANTILLA-PROYECTOS-WEB-1960-x-1110-px-1024x580.png 1024w, https:\/\/www.misionerasdecristojesus.com\/wp-content\/uploads\/2026\/07\/PLANTILLA-PROYECTOS-WEB-1960-x-1110-px-768x435.png 768w, https:\/\/www.misionerasdecristojesus.com\/wp-content\/uploads\/2026\/07\/PLANTILLA-PROYECTOS-WEB-1960-x-1110-px-1536x870.png 1536w, https:\/\/www.misionerasdecristojesus.com\/wp-content\/uploads\/2026\/07\/PLANTILLA-PROYECTOS-WEB-1960-x-1110-px-18x10.png 18w\" sizes=\"(max-width: 1960px) 100vw, 1960px\" \/><\/div>\n\t\t<\/a>\n\t\t\t\t<div class=\"elementor-post__text\">\n\t\t\t\t<h3 class=\"elementor-post__title\">\n\t\t\t<a href=\"https:\/\/www.misionerasdecristojesus.com\/en\/proyectos-misiones\/compartir-comunidad-almeria\/\" target=&quot;_blank&quot;>\n\t\t\t\tCOMPARTIR COMUNIDAD ALMER\u00cdA\t\t\t<\/a>\n\t\t<\/h3>\n\t\t\n\t\t<a class=\"elementor-post__read-more\" href=\"https:\/\/www.misionerasdecristojesus.com\/en\/proyectos-misiones\/compartir-comunidad-almeria\/\" aria-label=\"Read more about COMPARTIR COMUNIDAD ALMER\u00cdA\" tabindex=\"-1\" target=\"_blank\">\n\t\t\tVer m\u00e1s \u00bb\t\t<\/a>\n\n\t\t\t\t<\/div>\n\t\t\t\t<\/article>\n\t\t\t\t<article class=\"elementor-post elementor-grid-item post-2335 proyectos-misiones type-proyectos-misiones status-publish format-standard has-post-thumbnail hentry category-africa-camerun category-proyectos\" role=\"listitem\">\n\t\t\t\t<a class=\"elementor-post__thumbnail__link\" href=\"https:\/\/www.misionerasdecristojesus.com\/en\/proyectos-misiones\/bordar-la-vida-con-sonrisas-de-ninas\/\" tabindex=\"-1\" target=&quot;_blank&quot;>\n\t\t\t<div class=\"elementor-post__thumbnail\"><img decoding=\"async\" width=\"1960\" height=\"1110\" src=\"https:\/\/www.misionerasdecristojesus.com\/wp-content\/uploads\/2026\/04\/PLANTILLA-PROYECTOS-1960-x-1110-px-3.png\" class=\"attachment-full size-full wp-image-2338\" alt=\"bordar-la-vida-con-sonrisas-de-ni\u00f1as\" srcset=\"https:\/\/www.misionerasdecristojesus.com\/wp-content\/uploads\/2026\/04\/PLANTILLA-PROYECTOS-1960-x-1110-px-3.png 1960w, https:\/\/www.misionerasdecristojesus.com\/wp-content\/uploads\/2026\/04\/PLANTILLA-PROYECTOS-1960-x-1110-px-3-300x170.png 300w, https:\/\/www.misionerasdecristojesus.com\/wp-content\/uploads\/2026\/04\/PLANTILLA-PROYECTOS-1960-x-1110-px-3-1024x580.png 1024w, https:\/\/www.misionerasdecristojesus.com\/wp-content\/uploads\/2026\/04\/PLANTILLA-PROYECTOS-1960-x-1110-px-3-768x435.png 768w, https:\/\/www.misionerasdecristojesus.com\/wp-content\/uploads\/2026\/04\/PLANTILLA-PROYECTOS-1960-x-1110-px-3-1536x870.png 1536w, https:\/\/www.misionerasdecristojesus.com\/wp-content\/uploads\/2026\/04\/PLANTILLA-PROYECTOS-1960-x-1110-px-3-18x10.png 18w\" sizes=\"(max-width: 1960px) 100vw, 1960px\" \/><\/div>\n\t\t<\/a>\n\t\t\t\t<div class=\"elementor-post__text\">\n\t\t\t\t<h3 class=\"elementor-post__title\">\n\t\t\t<a href=\"https:\/\/www.misionerasdecristojesus.com\/en\/proyectos-misiones\/bordar-la-vida-con-sonrisas-de-ninas\/\" target=&quot;_blank&quot;>\n\t\t\t\tBordar la vida con sonrisas de ni\u00f1as\t\t\t<\/a>\n\t\t<\/h3>\n\t\t\n\t\t<a class=\"elementor-post__read-more\" href=\"https:\/\/www.misionerasdecristojesus.com\/en\/proyectos-misiones\/bordar-la-vida-con-sonrisas-de-ninas\/\" aria-label=\"Read more about Bordar la vida con sonrisas de ni\u00f1as\" tabindex=\"-1\" target=\"_blank\">\n\t\t\tVer m\u00e1s \u00bb\t\t<\/a>\n\n\t\t\t\t<\/div>\n\t\t\t\t<\/article>\n\t\t\t\t<article class=\"elementor-post elementor-grid-item post-2201 proyectos-misiones type-proyectos-misiones status-publish format-standard has-post-thumbnail hentry category-africa-chad category-proyectos\" role=\"listitem\">\n\t\t\t\t<a class=\"elementor-post__thumbnail__link\" href=\"https:\/\/www.misionerasdecristojesus.com\/en\/proyectos-misiones\/escuela-san-francisco-javier-abeche\/\" tabindex=\"-1\" target=&quot;_blank&quot;>\n\t\t\t<div class=\"elementor-post__thumbnail\"><img loading=\"lazy\" decoding=\"async\" width=\"1080\" height=\"1080\" src=\"https:\/\/www.misionerasdecristojesus.com\/wp-content\/uploads\/2025\/06\/WhatsApp-Image-2025-05-31-at-10.44.56.jpeg\" class=\"attachment-full size-full wp-image-2202\" alt=\"\" srcset=\"https:\/\/www.misionerasdecristojesus.com\/wp-content\/uploads\/2025\/06\/WhatsApp-Image-2025-05-31-at-10.44.56.jpeg 1080w, https:\/\/www.misionerasdecristojesus.com\/wp-content\/uploads\/2025\/06\/WhatsApp-Image-2025-05-31-at-10.44.56-300x300.jpeg 300w, https:\/\/www.misionerasdecristojesus.com\/wp-content\/uploads\/2025\/06\/WhatsApp-Image-2025-05-31-at-10.44.56-1024x1024.jpeg 1024w, https:\/\/www.misionerasdecristojesus.com\/wp-content\/uploads\/2025\/06\/WhatsApp-Image-2025-05-31-at-10.44.56-150x150.jpeg 150w, https:\/\/www.misionerasdecristojesus.com\/wp-content\/uploads\/2025\/06\/WhatsApp-Image-2025-05-31-at-10.44.56-768x768.jpeg 768w, https:\/\/www.misionerasdecristojesus.com\/wp-content\/uploads\/2025\/06\/WhatsApp-Image-2025-05-31-at-10.44.56-12x12.jpeg 12w\" sizes=\"(max-width: 1080px) 100vw, 1080px\" \/><\/div>\n\t\t<\/a>\n\t\t\t\t<div class=\"elementor-post__text\">\n\t\t\t\t<h3 class=\"elementor-post__title\">\n\t\t\t<a href=\"https:\/\/www.misionerasdecristojesus.com\/en\/proyectos-misiones\/escuela-san-francisco-javier-abeche\/\" target=&quot;_blank&quot;>\n\t\t\t\tEscuela San Francisco Javier Abech\u00e9\t\t\t<\/a>\n\t\t<\/h3>\n\t\t\n\t\t<a class=\"elementor-post__read-more\" href=\"https:\/\/www.misionerasdecristojesus.com\/en\/proyectos-misiones\/escuela-san-francisco-javier-abeche\/\" aria-label=\"Read more about Escuela San Francisco Javier Abech\u00e9\" tabindex=\"-1\" target=\"_blank\">\n\t\t\tVer m\u00e1s \u00bb\t\t<\/a>\n\n\t\t\t\t<\/div>\n\t\t\t\t<\/article>\n\t\t\t\t<article class=\"elementor-post elementor-grid-item post-2137 proyectos-misiones type-proyectos-misiones status-publish format-standard has-post-thumbnail hentry category-entrevistas category-latinoamerica category-proyectos\" role=\"listitem\">\n\t\t\t\t<a class=\"elementor-post__thumbnail__link\" href=\"https:\/\/www.misionerasdecristojesus.com\/en\/proyectos-misiones\/proyecto-bolivia-nuestra-casa\/\" tabindex=\"-1\" target=&quot;_blank&quot;>\n\t\t\t<div class=\"elementor-post__thumbnail\"><img loading=\"lazy\" decoding=\"async\" width=\"643\" height=\"503\" src=\"https:\/\/www.misionerasdecristojesus.com\/wp-content\/uploads\/2025\/05\/Captura-de-pantalla-2025-05-29-233307.png\" class=\"attachment-full size-full wp-image-2138\" alt=\"\" srcset=\"https:\/\/www.misionerasdecristojesus.com\/wp-content\/uploads\/2025\/05\/Captura-de-pantalla-2025-05-29-233307.png 643w, https:\/\/www.misionerasdecristojesus.com\/wp-content\/uploads\/2025\/05\/Captura-de-pantalla-2025-05-29-233307-300x235.png 300w, https:\/\/www.misionerasdecristojesus.com\/wp-content\/uploads\/2025\/05\/Captura-de-pantalla-2025-05-29-233307-15x12.png 15w\" sizes=\"(max-width: 643px) 100vw, 643px\" \/><\/div>\n\t\t<\/a>\n\t\t\t\t<div class=\"elementor-post__text\">\n\t\t\t\t<h3 class=\"elementor-post__title\">\n\t\t\t<a href=\"https:\/\/www.misionerasdecristojesus.com\/en\/proyectos-misiones\/proyecto-bolivia-nuestra-casa\/\" target=&quot;_blank&quot;>\n\t\t\t\tProyecto Bolivia \u00abNuestra Casa\u00bb\t\t\t<\/a>\n\t\t<\/h3>\n\t\t\n\t\t<a class=\"elementor-post__read-more\" href=\"https:\/\/www.misionerasdecristojesus.com\/en\/proyectos-misiones\/proyecto-bolivia-nuestra-casa\/\" aria-label=\"Read more about Proyecto Bolivia \u00abNuestra Casa\u00bb\" tabindex=\"-1\" target=\"_blank\">\n\t\t\tVer m\u00e1s \u00bb\t\t<\/a>\n\n\t\t\t\t<\/div>\n\t\t\t\t<\/article>\n\t\t\t\t<\/div>\n\t\t\n\t\t\t\t<div class=\"e-load-more-anchor\" data-page=\"1\" data-max-page=\"4\" data-next-page=\"https:\/\/www.misionerasdecristojesus.com\/en\/wp-json\/wp\/v2\/pages\/20\/page\/2\/\"><\/div>\n\t\t\t\t<nav class=\"elementor-pagination\" aria-label=\"Pagination\">\n\t\t\t<span class=\"page-numbers prev\">&laquo; Anterior<\/span>\n<a class=\"page-numbers next\" href=\"https:\/\/www.misionerasdecristojesus.com\/en\/wp-json\/wp\/v2\/pages\/20\/page\/2\/\">Siguiente &raquo;<\/a>\t\t<\/nav>\n\t\t\t\t\t\t<\/div>\n\t\t\t\t<\/div>\n\t\t\t\t<div class=\"elementor-element elementor-element-31aef2f elementor-invisible elementor-widget elementor-widget-heading\" data-id=\"31aef2f\" data-element_type=\"widget\" data-e-type=\"widget\" data-settings=\"{&quot;_animation&quot;:&quot;fadeInUp&quot;}\" data-widget_type=\"heading.default\">\n\t\t\t\t<div class=\"elementor-widget-container\">\n\t\t\t\t\t<h2 class=\"elementor-heading-title elementor-size-default\">Mirar el Futuro con Esperanza<\/h2>\t\t\t\t<\/div>\n\t\t\t\t<\/div>\n\t\t\t\t<div class=\"elementor-element elementor-element-ba90382 elementor-widget elementor-widget-video\" data-id=\"ba90382\" data-element_type=\"widget\" data-e-type=\"widget\" data-settings=\"{&quot;youtube_url&quot;:&quot;https:\\\/\\\/youtu.be\\\/mFAiDcixPcU?si=aBw4idAFHVUDkTSn&quot;,&quot;video_type&quot;:&quot;youtube&quot;,&quot;controls&quot;:&quot;yes&quot;}\" data-widget_type=\"video.default\">\n\t\t\t\t<div class=\"elementor-widget-container\">\n\t\t\t\t\t\t\t<div class=\"elementor-wrapper elementor-open-inline\">\n\t\t\t<div class=\"elementor-video\"><\/div>\t\t<\/div>\n\t\t\t\t\t\t<\/div>\n\t\t\t\t<\/div>\n\t\t\t\t\t<\/div>\n\t\t<\/div>\n\t\t\t\t\t<\/div>\n\t\t<\/section>\n\t\t\t\t<section class=\"elementor-section elementor-top-section elementor-element elementor-element-a77a257 elementor-section-boxed elementor-section-height-default elementor-section-height-default\" data-id=\"a77a257\" data-element_type=\"section\" data-e-type=\"section\">\n\t\t\t\t\t\t<div class=\"elementor-container elementor-column-gap-default\">\n\t\t\t\t\t<div class=\"elementor-column elementor-col-100 elementor-top-column elementor-element elementor-element-14b2ece\" data-id=\"14b2ece\" data-element_type=\"column\" data-e-type=\"column\">\n\t\t\t<div class=\"elementor-widget-wrap elementor-element-populated\">\n\t\t\t\t\t\t<div class=\"elementor-element elementor-element-23ca6d2 elementor-invisible elementor-widget elementor-widget-heading\" data-id=\"23ca6d2\" data-element_type=\"widget\" data-e-type=\"widget\" data-settings=\"{&quot;_animation&quot;:&quot;fadeInUp&quot;}\" data-widget_type=\"heading.default\">\n\t\t\t\t<div class=\"elementor-widget-container\">\n\t\t\t\t\t<h3 class=\"elementor-heading-title elementor-size-default\">\u00bfQUIENES SOMOS?<\/h3>\t\t\t\t<\/div>\n\t\t\t\t<\/div>\n\t\t\t\t<div class=\"elementor-element elementor-element-7ea6cc9 elementor-invisible elementor-widget elementor-widget-heading\" data-id=\"7ea6cc9\" data-element_type=\"widget\" data-e-type=\"widget\" data-settings=\"{&quot;_animation&quot;:&quot;fadeInUp&quot;}\" data-widget_type=\"heading.default\">\n\t\t\t\t<div class=\"elementor-widget-container\">\n\t\t\t\t\t<h2 class=\"elementor-heading-title elementor-size-default\">Entrevistas<\/h2>\t\t\t\t<\/div>\n\t\t\t\t<\/div>\n\t\t\t\t<div class=\"elementor-element elementor-element-8d2fbba elementor-invisible elementor-widget elementor-widget-text-editor\" data-id=\"8d2fbba\" data-element_type=\"widget\" data-e-type=\"widget\" data-settings=\"{&quot;_animation&quot;:&quot;fadeInUp&quot;,&quot;_animation_delay&quot;:100}\" data-widget_type=\"text-editor.default\">\n\t\t\t\t<div class=\"elementor-widget-container\">\n\t\t\t\t\t\t\t\t\t<p><b>Entrevistas a nuestras hermanas Misioneras donde responden a dos preguntas \u00bfQu\u00e9 es para ellas ser Misionera de Cristo Jes\u00fas? y \u00bfQu\u00e9 ha cambiado en su forma de ver el mundo ser Misionera de Cristo Jes\u00fas?<\/b><\/p>\t\t\t\t\t\t\t\t<\/div>\n\t\t\t\t<\/div>\n\t\t\t\t<div class=\"elementor-element elementor-element-0c98ecf elementor-grid-3 elementor-grid-tablet-2 elementor-grid-mobile-1 elementor-posts--thumbnail-top elementor-widget elementor-widget-posts\" data-id=\"0c98ecf\" data-element_type=\"widget\" data-e-type=\"widget\" data-settings=\"{&quot;classic_masonry&quot;:&quot;yes&quot;,&quot;classic_columns&quot;:&quot;3&quot;,&quot;classic_columns_tablet&quot;:&quot;2&quot;,&quot;classic_columns_mobile&quot;:&quot;1&quot;,&quot;classic_row_gap&quot;:{&quot;unit&quot;:&quot;px&quot;,&quot;size&quot;:35,&quot;sizes&quot;:[]},&quot;classic_row_gap_tablet&quot;:{&quot;unit&quot;:&quot;px&quot;,&quot;size&quot;:&quot;&quot;,&quot;sizes&quot;:[]},&quot;classic_row_gap_mobile&quot;:{&quot;unit&quot;:&quot;px&quot;,&quot;size&quot;:&quot;&quot;,&quot;sizes&quot;:[]}}\" data-widget_type=\"posts.classic\">\n\t\t\t\t<div class=\"elementor-widget-container\">\n\t\t\t\t\t\t\t<div class=\"elementor-posts-container elementor-posts elementor-posts--skin-classic elementor-grid\" role=\"list\">\n\t\t\t\t<article class=\"elementor-post elementor-grid-item post-1809 entrevistas type-entrevistas status-publish format-standard has-post-thumbnail hentry category-entrevistas tag-madre-fundadora tag-teresa-unzu\" role=\"listitem\">\n\t\t\t\t<a class=\"elementor-post__thumbnail__link\" href=\"https:\/\/www.misionerasdecristojesus.com\/en\/entrevistas\/80-aniversario-misioneras\/\" tabindex=\"-1\" target=&quot;_blank&quot;>\n\t\t\t<div class=\"elementor-post__thumbnail\"><img loading=\"lazy\" decoding=\"async\" width=\"2560\" height=\"1440\" src=\"https:\/\/www.misionerasdecristojesus.com\/wp-content\/uploads\/2024\/07\/CABECERA-80-ANOS.png\" class=\"attachment-full size-full wp-image-1810\" alt=\"\" srcset=\"https:\/\/www.misionerasdecristojesus.com\/wp-content\/uploads\/2024\/07\/CABECERA-80-ANOS.png 2560w, https:\/\/www.misionerasdecristojesus.com\/wp-content\/uploads\/2024\/07\/CABECERA-80-ANOS-300x169.png 300w, https:\/\/www.misionerasdecristojesus.com\/wp-content\/uploads\/2024\/07\/CABECERA-80-ANOS-1024x576.png 1024w, https:\/\/www.misionerasdecristojesus.com\/wp-content\/uploads\/2024\/07\/CABECERA-80-ANOS-768x432.png 768w, https:\/\/www.misionerasdecristojesus.com\/wp-content\/uploads\/2024\/07\/CABECERA-80-ANOS-1536x864.png 1536w, https:\/\/www.misionerasdecristojesus.com\/wp-content\/uploads\/2024\/07\/CABECERA-80-ANOS-2048x1152.png 2048w, https:\/\/www.misionerasdecristojesus.com\/wp-content\/uploads\/2024\/07\/CABECERA-80-ANOS-18x10.png 18w\" sizes=\"(max-width: 2560px) 100vw, 2560px\" \/><\/div>\n\t\t<\/a>\n\t\t\t\t<div class=\"elementor-post__text\">\n\t\t\t\t<h3 class=\"elementor-post__title\">\n\t\t\t<a href=\"https:\/\/www.misionerasdecristojesus.com\/en\/entrevistas\/80-aniversario-misioneras\/\" target=&quot;_blank&quot;>\n\t\t\t\t80 aniversario Misioneras\t\t\t<\/a>\n\t\t<\/h3>\n\t\t\n\t\t<a class=\"elementor-post__read-more\" href=\"https:\/\/www.misionerasdecristojesus.com\/en\/entrevistas\/80-aniversario-misioneras\/\" aria-label=\"Read more about 80 aniversario Misioneras\" tabindex=\"-1\" target=\"_blank\">\n\t\t\tVer m\u00e1s \u00bb\t\t<\/a>\n\n\t\t\t\t<\/div>\n\t\t\t\t<\/article>\n\t\t\t\t<article class=\"elementor-post elementor-grid-item post-1801 entrevistas type-entrevistas status-publish format-standard has-post-thumbnail hentry category-entrevistas\" role=\"listitem\">\n\t\t\t\t<a class=\"elementor-post__thumbnail__link\" href=\"https:\/\/www.misionerasdecristojesus.com\/en\/entrevistas\/agradecimiento-de-nuestra-directora-general\/\" tabindex=\"-1\" target=&quot;_blank&quot;>\n\t\t\t<div class=\"elementor-post__thumbnail\"><img loading=\"lazy\" decoding=\"async\" width=\"1280\" height=\"720\" src=\"https:\/\/www.misionerasdecristojesus.com\/wp-content\/uploads\/2024\/06\/Cabecera-Teresa-Unzu-ingles.jpg\" class=\"attachment-full size-full wp-image-1802\" alt=\"agradecimiento-directora-general\" srcset=\"https:\/\/www.misionerasdecristojesus.com\/wp-content\/uploads\/2024\/06\/Cabecera-Teresa-Unzu-ingles.jpg 1280w, https:\/\/www.misionerasdecristojesus.com\/wp-content\/uploads\/2024\/06\/Cabecera-Teresa-Unzu-ingles-300x169.jpg 300w, https:\/\/www.misionerasdecristojesus.com\/wp-content\/uploads\/2024\/06\/Cabecera-Teresa-Unzu-ingles-1024x576.jpg 1024w, https:\/\/www.misionerasdecristojesus.com\/wp-content\/uploads\/2024\/06\/Cabecera-Teresa-Unzu-ingles-768x432.jpg 768w, https:\/\/www.misionerasdecristojesus.com\/wp-content\/uploads\/2024\/06\/Cabecera-Teresa-Unzu-ingles-18x10.jpg 18w\" sizes=\"(max-width: 1280px) 100vw, 1280px\" \/><\/div>\n\t\t<\/a>\n\t\t\t\t<div class=\"elementor-post__text\">\n\t\t\t\t<h3 class=\"elementor-post__title\">\n\t\t\t<a href=\"https:\/\/www.misionerasdecristojesus.com\/en\/entrevistas\/agradecimiento-de-nuestra-directora-general\/\" target=&quot;_blank&quot;>\n\t\t\t\tAgradecimiento de nuestra Directora General\t\t\t<\/a>\n\t\t<\/h3>\n\t\t\n\t\t<a class=\"elementor-post__read-more\" href=\"https:\/\/www.misionerasdecristojesus.com\/en\/entrevistas\/agradecimiento-de-nuestra-directora-general\/\" aria-label=\"Read more about Agradecimiento de nuestra Directora General\" tabindex=\"-1\" target=\"_blank\">\n\t\t\tVer m\u00e1s \u00bb\t\t<\/a>\n\n\t\t\t\t<\/div>\n\t\t\t\t<\/article>\n\t\t\t\t<article class=\"elementor-post elementor-grid-item post-1780 entrevistas type-entrevistas status-publish format-standard has-post-thumbnail hentry category-entrevistas tag-80-aniversario\" role=\"listitem\">\n\t\t\t\t<a class=\"elementor-post__thumbnail__link\" href=\"https:\/\/www.misionerasdecristojesus.com\/en\/entrevistas\/entrevista-hermana-carmela-taravillo\/\" tabindex=\"-1\" target=&quot;_blank&quot;>\n\t\t\t<div class=\"elementor-post__thumbnail\"><img loading=\"lazy\" decoding=\"async\" width=\"1920\" height=\"1080\" src=\"https:\/\/www.misionerasdecristojesus.com\/wp-content\/uploads\/2024\/06\/Cabecera-Teresa-Unzu-1.png\" class=\"attachment-full size-full wp-image-1781\" alt=\"entrevista-hermana-carmela\" srcset=\"https:\/\/www.misionerasdecristojesus.com\/wp-content\/uploads\/2024\/06\/Cabecera-Teresa-Unzu-1.png 1920w, https:\/\/www.misionerasdecristojesus.com\/wp-content\/uploads\/2024\/06\/Cabecera-Teresa-Unzu-1-300x169.png 300w, https:\/\/www.misionerasdecristojesus.com\/wp-content\/uploads\/2024\/06\/Cabecera-Teresa-Unzu-1-1024x576.png 1024w, https:\/\/www.misionerasdecristojesus.com\/wp-content\/uploads\/2024\/06\/Cabecera-Teresa-Unzu-1-768x432.png 768w, https:\/\/www.misionerasdecristojesus.com\/wp-content\/uploads\/2024\/06\/Cabecera-Teresa-Unzu-1-1536x864.png 1536w, https:\/\/www.misionerasdecristojesus.com\/wp-content\/uploads\/2024\/06\/Cabecera-Teresa-Unzu-1-18x10.png 18w\" sizes=\"(max-width: 1920px) 100vw, 1920px\" \/><\/div>\n\t\t<\/a>\n\t\t\t\t<div class=\"elementor-post__text\">\n\t\t\t\t<h3 class=\"elementor-post__title\">\n\t\t\t<a href=\"https:\/\/www.misionerasdecristojesus.com\/en\/entrevistas\/entrevista-hermana-carmela-taravillo\/\" target=&quot;_blank&quot;>\n\t\t\t\tEntrevista Hermana Carmela Taravillo\t\t\t<\/a>\n\t\t<\/h3>\n\t\t\n\t\t<a class=\"elementor-post__read-more\" href=\"https:\/\/www.misionerasdecristojesus.com\/en\/entrevistas\/entrevista-hermana-carmela-taravillo\/\" aria-label=\"Read more about Entrevista Hermana Carmela Taravillo\" tabindex=\"-1\" target=\"_blank\">\n\t\t\tVer m\u00e1s \u00bb\t\t<\/a>\n\n\t\t\t\t<\/div>\n\t\t\t\t<\/article>\n\t\t\t\t<article class=\"elementor-post elementor-grid-item post-1774 entrevistas type-entrevistas status-publish format-standard has-post-thumbnail hentry category-entrevistas tag-80-aniversario\" role=\"listitem\">\n\t\t\t\t<a class=\"elementor-post__thumbnail__link\" href=\"https:\/\/www.misionerasdecristojesus.com\/en\/entrevistas\/entrevista-hermana-hui\/\" tabindex=\"-1\" target=&quot;_blank&quot;>\n\t\t\t<div class=\"elementor-post__thumbnail\"><img loading=\"lazy\" decoding=\"async\" width=\"1920\" height=\"1080\" src=\"https:\/\/www.misionerasdecristojesus.com\/wp-content\/uploads\/2024\/06\/Cabecera-Teresa-Unzu.png\" class=\"attachment-full size-full wp-image-1775\" alt=\"entrevista-hermana-hui\" srcset=\"https:\/\/www.misionerasdecristojesus.com\/wp-content\/uploads\/2024\/06\/Cabecera-Teresa-Unzu.png 1920w, https:\/\/www.misionerasdecristojesus.com\/wp-content\/uploads\/2024\/06\/Cabecera-Teresa-Unzu-300x169.png 300w, https:\/\/www.misionerasdecristojesus.com\/wp-content\/uploads\/2024\/06\/Cabecera-Teresa-Unzu-1024x576.png 1024w, https:\/\/www.misionerasdecristojesus.com\/wp-content\/uploads\/2024\/06\/Cabecera-Teresa-Unzu-768x432.png 768w, https:\/\/www.misionerasdecristojesus.com\/wp-content\/uploads\/2024\/06\/Cabecera-Teresa-Unzu-1536x864.png 1536w, https:\/\/www.misionerasdecristojesus.com\/wp-content\/uploads\/2024\/06\/Cabecera-Teresa-Unzu-18x10.png 18w\" sizes=\"(max-width: 1920px) 100vw, 1920px\" \/><\/div>\n\t\t<\/a>\n\t\t\t\t<div class=\"elementor-post__text\">\n\t\t\t\t<h3 class=\"elementor-post__title\">\n\t\t\t<a href=\"https:\/\/www.misionerasdecristojesus.com\/en\/entrevistas\/entrevista-hermana-hui\/\" target=&quot;_blank&quot;>\n\t\t\t\tEntrevista Hermana Hui\t\t\t<\/a>\n\t\t<\/h3>\n\t\t\n\t\t<a class=\"elementor-post__read-more\" href=\"https:\/\/www.misionerasdecristojesus.com\/en\/entrevistas\/entrevista-hermana-hui\/\" aria-label=\"Read more about Entrevista Hermana Hui\" tabindex=\"-1\" target=\"_blank\">\n\t\t\tVer m\u00e1s \u00bb\t\t<\/a>\n\n\t\t\t\t<\/div>\n\t\t\t\t<\/article>\n\t\t\t\t<article class=\"elementor-post elementor-grid-item post-1710 entrevistas type-entrevistas status-publish format-standard has-post-thumbnail hentry category-entrevistas tag-madre-fundadora tag-teresa-unzu\" role=\"listitem\">\n\t\t\t\t<a class=\"elementor-post__thumbnail__link\" href=\"https:\/\/www.misionerasdecristojesus.com\/en\/entrevistas\/entrevista-teresa-unzu\/\" tabindex=\"-1\" target=&quot;_blank&quot;>\n\t\t\t<div class=\"elementor-post__thumbnail\"><img loading=\"lazy\" decoding=\"async\" width=\"1280\" height=\"720\" src=\"https:\/\/www.misionerasdecristojesus.com\/wp-content\/uploads\/2024\/03\/Cabecera-Teresa-Unzu.jpg\" class=\"attachment-full size-full wp-image-1711\" alt=\"entrevista-teresa-unzu\" srcset=\"https:\/\/www.misionerasdecristojesus.com\/wp-content\/uploads\/2024\/03\/Cabecera-Teresa-Unzu.jpg 1280w, https:\/\/www.misionerasdecristojesus.com\/wp-content\/uploads\/2024\/03\/Cabecera-Teresa-Unzu-300x169.jpg 300w, https:\/\/www.misionerasdecristojesus.com\/wp-content\/uploads\/2024\/03\/Cabecera-Teresa-Unzu-1024x576.jpg 1024w, https:\/\/www.misionerasdecristojesus.com\/wp-content\/uploads\/2024\/03\/Cabecera-Teresa-Unzu-768x432.jpg 768w, https:\/\/www.misionerasdecristojesus.com\/wp-content\/uploads\/2024\/03\/Cabecera-Teresa-Unzu-18x10.jpg 18w\" sizes=\"(max-width: 1280px) 100vw, 1280px\" \/><\/div>\n\t\t<\/a>\n\t\t\t\t<div class=\"elementor-post__text\">\n\t\t\t\t<h3 class=\"elementor-post__title\">\n\t\t\t<a href=\"https:\/\/www.misionerasdecristojesus.com\/en\/entrevistas\/entrevista-teresa-unzu\/\" target=&quot;_blank&quot;>\n\t\t\t\tEntrevista Teresa Unz\u00fa\t\t\t<\/a>\n\t\t<\/h3>\n\t\t\n\t\t<a class=\"elementor-post__read-more\" href=\"https:\/\/www.misionerasdecristojesus.com\/en\/entrevistas\/entrevista-teresa-unzu\/\" aria-label=\"Read more about Entrevista Teresa Unz\u00fa\" tabindex=\"-1\" target=\"_blank\">\n\t\t\tVer m\u00e1s \u00bb\t\t<\/a>\n\n\t\t\t\t<\/div>\n\t\t\t\t<\/article>\n\t\t\t\t<\/div>\n\t\t\n\t\t\t\t\t\t<\/div>\n\t\t\t\t<\/div>\n\t\t\t\t<div class=\"elementor-element elementor-element-c25a15b elementor-widget elementor-widget-spacer\" data-id=\"c25a15b\" data-element_type=\"widget\" data-e-type=\"widget\" data-widget_type=\"spacer.default\">\n\t\t\t\t<div class=\"elementor-widget-container\">\n\t\t\t\t\t\t\t<div class=\"elementor-spacer\">\n\t\t\t<div class=\"elementor-spacer-inner\"><\/div>\n\t\t<\/div>\n\t\t\t\t\t\t<\/div>\n\t\t\t\t<\/div>\n\t\t\t\t<div class=\"elementor-element elementor-element-9fe1259 elementor-align-center elementor-widget elementor-widget-button\" data-id=\"9fe1259\" data-element_type=\"widget\" data-e-type=\"widget\" data-widget_type=\"button.default\">\n\t\t\t\t<div class=\"elementor-widget-container\">\n\t\t\t\t\t\t\t\t\t<div class=\"elementor-button-wrapper\">\n\t\t\t\t\t<a class=\"elementor-button elementor-button-link elementor-size-sm\" href=\"https:\/\/www.misionerasdecristojesus.com\/entrevistas\/\">\n\t\t\t\t\t\t<span class=\"elementor-button-content-wrapper\">\n\t\t\t\t\t\t\t\t\t<span class=\"elementor-button-text\">ENTREVISTAS<\/span>\n\t\t\t\t\t<\/span>\n\t\t\t\t\t<\/a>\n\t\t\t\t<\/div>\n\t\t\t\t\t\t\t\t<\/div>\n\t\t\t\t<\/div>\n\t\t\t\t<div class=\"elementor-element elementor-element-ee14e11 elementor-widget elementor-widget-spacer\" data-id=\"ee14e11\" data-element_type=\"widget\" data-e-type=\"widget\" data-widget_type=\"spacer.default\">\n\t\t\t\t<div class=\"elementor-widget-container\">\n\t\t\t\t\t\t\t<div class=\"elementor-spacer\">\n\t\t\t<div class=\"elementor-spacer-inner\"><\/div>\n\t\t<\/div>\n\t\t\t\t\t\t<\/div>\n\t\t\t\t<\/div>\n\t\t\t\t\t<\/div>\n\t\t<\/div>\n\t\t\t\t\t<\/div>\n\t\t<\/section>\n\t\t\t\t<section class=\"elementor-section elementor-top-section elementor-element elementor-element-638d51a9 elementor-section-stretched elementor-section-boxed elementor-section-height-default elementor-section-height-default elementor-invisible\" data-id=\"638d51a9\" data-element_type=\"section\" data-e-type=\"section\" data-settings=\"{&quot;background_background&quot;:&quot;classic&quot;,&quot;animation&quot;:&quot;fadeIn&quot;,&quot;stretch_section&quot;:&quot;section-stretched&quot;}\">\n\t\t\t\t\t\t<div class=\"elementor-container elementor-column-gap-default\">\n\t\t\t\t\t<div class=\"elementor-column elementor-col-50 elementor-top-column elementor-element elementor-element-76bebdb6 elementor-invisible\" data-id=\"76bebdb6\" data-element_type=\"column\" data-e-type=\"column\" data-settings=\"{&quot;background_background&quot;:&quot;classic&quot;,&quot;background_motion_fx_motion_fx_scrolling&quot;:&quot;yes&quot;,&quot;background_motion_fx_translateY_effect&quot;:&quot;yes&quot;,&quot;background_motion_fx_translateY_speed&quot;:{&quot;unit&quot;:&quot;px&quot;,&quot;size&quot;:2,&quot;sizes&quot;:[]},&quot;background_motion_fx_devices&quot;:[&quot;desktop&quot;],&quot;animation&quot;:&quot;fadeInUp&quot;,&quot;animation_mobile&quot;:&quot;fadeIn&quot;,&quot;background_motion_fx_translateY_affectedRange&quot;:{&quot;unit&quot;:&quot;%&quot;,&quot;size&quot;:&quot;&quot;,&quot;sizes&quot;:{&quot;start&quot;:0,&quot;end&quot;:100}}}\">\n\t\t\t<div class=\"elementor-widget-wrap elementor-element-populated\">\n\t\t\t\t\t<div class=\"elementor-background-overlay\"><\/div>\n\t\t\t\t\t\t<div class=\"elementor-element elementor-element-6a43a188 elementor-invisible elementor-widget elementor-widget-heading\" data-id=\"6a43a188\" data-element_type=\"widget\" data-e-type=\"widget\" data-settings=\"{&quot;_animation&quot;:&quot;fadeInUp&quot;,&quot;_animation_mobile&quot;:&quot;fadeIn&quot;}\" data-widget_type=\"heading.default\">\n\t\t\t\t<div class=\"elementor-widget-container\">\n\t\t\t\t\t<h2 class=\"elementor-heading-title elementor-size-default\">Nuestra Fundadora<\/h2>\t\t\t\t<\/div>\n\t\t\t\t<\/div>\n\t\t\t\t\t<\/div>\n\t\t<\/div>\n\t\t\t\t<div class=\"elementor-column elementor-col-50 elementor-top-column elementor-element elementor-element-298dee32 elementor-invisible\" data-id=\"298dee32\" data-element_type=\"column\" data-e-type=\"column\" data-settings=\"{&quot;background_background&quot;:&quot;classic&quot;,&quot;animation&quot;:&quot;fadeInUp&quot;,&quot;animation_mobile&quot;:&quot;fadeIn&quot;,&quot;animation_delay&quot;:200}\">\n\t\t\t<div class=\"elementor-widget-wrap elementor-element-populated\">\n\t\t\t\t\t\t<div class=\"elementor-element elementor-element-4498047 elementor-widget-divider--view-line elementor-invisible elementor-widget elementor-widget-divider\" data-id=\"4498047\" data-element_type=\"widget\" data-e-type=\"widget\" data-settings=\"{&quot;_animation&quot;:&quot;fadeInUp&quot;,&quot;_animation_mobile&quot;:&quot;fadeIn&quot;}\" data-widget_type=\"divider.default\">\n\t\t\t\t<div class=\"elementor-widget-container\">\n\t\t\t\t\t\t\t<div class=\"elementor-divider\">\n\t\t\t<span class=\"elementor-divider-separator\">\n\t\t\t\t\t\t<\/span>\n\t\t<\/div>\n\t\t\t\t\t\t<\/div>\n\t\t\t\t<\/div>\n\t\t\t\t<div class=\"elementor-element elementor-element-598f1f42 elementor-invisible elementor-widget elementor-widget-heading\" data-id=\"598f1f42\" data-element_type=\"widget\" data-e-type=\"widget\" data-settings=\"{&quot;_animation&quot;:&quot;fadeInUp&quot;,&quot;_animation_mobile&quot;:&quot;fadeIn&quot;}\" data-widget_type=\"heading.default\">\n\t\t\t\t<div class=\"elementor-widget-container\">\n\t\t\t\t\t<h2 class=\"elementor-heading-title elementor-size-default\">\u201cPrestar un servicio a la Iglesia misionera en los campos de misi\u00f3n\u201d<\/h2>\t\t\t\t<\/div>\n\t\t\t\t<\/div>\n\t\t\t\t<div class=\"elementor-element elementor-element-7d8fd429 elementor-invisible elementor-widget elementor-widget-heading\" data-id=\"7d8fd429\" data-element_type=\"widget\" data-e-type=\"widget\" data-settings=\"{&quot;_animation&quot;:&quot;fadeInUp&quot;}\" data-widget_type=\"heading.default\">\n\t\t\t\t<div class=\"elementor-widget-container\">\n\t\t\t\t\t<h3 class=\"elementor-heading-title elementor-size-default\">MARIA CAMINO <\/h3>\t\t\t\t<\/div>\n\t\t\t\t<\/div>\n\t\t\t\t<div class=\"elementor-element elementor-element-6983e4b4 elementor-widget elementor-widget-spacer\" data-id=\"6983e4b4\" data-element_type=\"widget\" data-e-type=\"widget\" data-widget_type=\"spacer.default\">\n\t\t\t\t<div class=\"elementor-widget-container\">\n\t\t\t\t\t\t\t<div class=\"elementor-spacer\">\n\t\t\t<div class=\"elementor-spacer-inner\"><\/div>\n\t\t<\/div>\n\t\t\t\t\t\t<\/div>\n\t\t\t\t<\/div>\n\t\t\t\t<div class=\"elementor-element elementor-element-78cd71d6 elementor-widget elementor-widget-premium-addon-button\" data-id=\"78cd71d6\" data-element_type=\"widget\" data-e-type=\"widget\" data-widget_type=\"premium-addon-button.default\">\n\t\t\t\t<div class=\"elementor-widget-container\">\n\t\t\t\t\t\n\n\t\t<a class=\"premium-button premium-button-style5 premium-btn-md premium-button-style5-radialin\" href=\"https:\/\/www.misionerasdecristojesus.com\/nuestra-fundadora\/\">\n\t\t\t<div class=\"premium-button-text-icon-wrapper\">\n\t\t\t\t\n\t\t\t\t\t\t\t\t\t<span >\n\t\t\t\t\t\tLeer M\u00e1s\t\t\t\t\t<\/span>\n\t\t\t\t\t\t\t<\/div>\n\n\t\t\t\n\t\t\t\n\t\t\t\n\t\t<\/a>\n\n\n\t\t\t\t\t\t<\/div>\n\t\t\t\t<\/div>\n\t\t\t\t\t<\/div>\n\t\t<\/div>\n\t\t\t\t\t<\/div>\n\t\t<\/section>\n\t\t\t\t<section class=\"elementor-section elementor-top-section elementor-element elementor-element-7b7f8220 elementor-section-stretched elementor-section-boxed elementor-section-height-default elementor-section-height-default elementor-invisible\" data-id=\"7b7f8220\" data-element_type=\"section\" data-e-type=\"section\" data-settings=\"{&quot;background_background&quot;:&quot;classic&quot;,&quot;animation&quot;:&quot;fadeIn&quot;,&quot;stretch_section&quot;:&quot;section-stretched&quot;}\">\n\t\t\t\t\t\t<div class=\"elementor-container elementor-column-gap-default\">\n\t\t\t\t\t<div class=\"elementor-column elementor-col-100 elementor-top-column elementor-element elementor-element-3ceb2660\" data-id=\"3ceb2660\" data-element_type=\"column\" data-e-type=\"column\">\n\t\t\t<div class=\"elementor-widget-wrap elementor-element-populated\">\n\t\t\t\t\t\t<div class=\"elementor-element elementor-element-7b377c46 elementor-invisible elementor-widget elementor-widget-heading\" data-id=\"7b377c46\" data-element_type=\"widget\" data-e-type=\"widget\" data-settings=\"{&quot;_animation&quot;:&quot;fadeInUp&quot;}\" data-widget_type=\"heading.default\">\n\t\t\t\t<div class=\"elementor-widget-container\">\n\t\t\t\t\t<h3 class=\"elementor-heading-title elementor-size-default\">\u00bfQu\u00e9 hacemos?<\/h3>\t\t\t\t<\/div>\n\t\t\t\t<\/div>\n\t\t\t\t<div class=\"elementor-element elementor-element-50a08cc1 elementor-invisible elementor-widget elementor-widget-heading\" data-id=\"50a08cc1\" data-element_type=\"widget\" data-e-type=\"widget\" data-settings=\"{&quot;_animation&quot;:&quot;fadeInUp&quot;}\" data-widget_type=\"heading.default\">\n\t\t\t\t<div class=\"elementor-widget-container\">\n\t\t\t\t\t<h2 class=\"elementor-heading-title elementor-size-default\">Nuestra Misi\u00f3n<\/h2>\t\t\t\t<\/div>\n\t\t\t\t<\/div>\n\t\t\t\t<div class=\"elementor-element elementor-element-17389f89 elementor-invisible elementor-widget elementor-widget-text-editor\" data-id=\"17389f89\" data-element_type=\"widget\" data-e-type=\"widget\" data-settings=\"{&quot;_animation&quot;:&quot;fadeInUp&quot;,&quot;_animation_delay&quot;:100}\" data-widget_type=\"text-editor.default\">\n\t\t\t\t<div class=\"elementor-widget-container\">\n\t\t\t\t\t\t\t\t\t<p><b>Estando en lugares tan diferentes, nuestras actividades son muy variadas.<\/b><b><br \/>Estas son algunas en las que trabajamos, puedes encontrar aqu\u00ed toda las actividades que realizamos:<\/b><\/p>\t\t\t\t\t\t\t\t<\/div>\n\t\t\t\t<\/div>\n\t\t\t\t<div class=\"elementor-element elementor-element-bbc5403 elementor-align-center elementor-widget elementor-widget-button\" data-id=\"bbc5403\" data-element_type=\"widget\" data-e-type=\"widget\" data-widget_type=\"button.default\">\n\t\t\t\t<div class=\"elementor-widget-container\">\n\t\t\t\t\t\t\t\t\t<div class=\"elementor-button-wrapper\">\n\t\t\t\t\t<a class=\"elementor-button elementor-button-link elementor-size-sm\" href=\"https:\/\/www.misionerasdecristojesus.com\/que-hacemos\/\">\n\t\t\t\t\t\t<span class=\"elementor-button-content-wrapper\">\n\t\t\t\t\t\t\t\t\t<span class=\"elementor-button-text\">NUESTRAS ACTIVIDADES MISIONERAS<\/span>\n\t\t\t\t\t<\/span>\n\t\t\t\t\t<\/a>\n\t\t\t\t<\/div>\n\t\t\t\t\t\t\t\t<\/div>\n\t\t\t\t<\/div>\n\t\t\t\t\t<\/div>\n\t\t<\/div>\n\t\t\t\t\t<\/div>\n\t\t<\/section>\n\t\t\t\t<section class=\"elementor-section elementor-top-section elementor-element elementor-element-2de5da94 elementor-section-stretched elementor-section-boxed elementor-section-height-default elementor-section-height-default\" data-id=\"2de5da94\" data-element_type=\"section\" data-e-type=\"section\" data-settings=\"{&quot;background_background&quot;:&quot;classic&quot;,&quot;stretch_section&quot;:&quot;section-stretched&quot;}\">\n\t\t\t\t\t\t<div class=\"elementor-container elementor-column-gap-default\">\n\t\t\t\t\t<div class=\"elementor-column elementor-col-33 elementor-top-column elementor-element elementor-element-12255eef elementor-invisible\" data-id=\"12255eef\" data-element_type=\"column\" data-e-type=\"column\" data-settings=\"{&quot;animation&quot;:&quot;fadeIn&quot;}\">\n\t\t\t<div class=\"elementor-widget-wrap elementor-element-populated\">\n\t\t\t\t\t\t<div class=\"elementor-element elementor-element-7f571791 elementor-invisible elementor-widget elementor-widget-image\" data-id=\"7f571791\" data-element_type=\"widget\" data-e-type=\"widget\" data-settings=\"{&quot;_animation&quot;:&quot;fadeIn&quot;}\" data-widget_type=\"image.default\">\n\t\t\t\t<div class=\"elementor-widget-container\">\n\t\t\t\t\t\t\t\t\t\t\t\t\t\t\t<img loading=\"lazy\" decoding=\"async\" width=\"500\" height=\"500\" src=\"https:\/\/www.misionerasdecristojesus.com\/wp-content\/uploads\/2023\/05\/EDUCACION-FORMAL.png\" class=\"attachment-full size-full wp-image-819\" alt=\"EDUCACI\u00d3N-FORMAL\" srcset=\"https:\/\/www.misionerasdecristojesus.com\/wp-content\/uploads\/2023\/05\/EDUCACION-FORMAL.png 500w, https:\/\/www.misionerasdecristojesus.com\/wp-content\/uploads\/2023\/05\/EDUCACION-FORMAL-300x300.png 300w, https:\/\/www.misionerasdecristojesus.com\/wp-content\/uploads\/2023\/05\/EDUCACION-FORMAL-150x150.png 150w, https:\/\/www.misionerasdecristojesus.com\/wp-content\/uploads\/2023\/05\/EDUCACION-FORMAL-12x12.png 12w\" sizes=\"(max-width: 500px) 100vw, 500px\" \/>\t\t\t\t\t\t\t\t\t\t\t\t\t\t\t<\/div>\n\t\t\t\t<\/div>\n\t\t\t\t<div class=\"elementor-element elementor-element-50ff7fb0 elementor-invisible elementor-widget elementor-widget-heading\" data-id=\"50ff7fb0\" data-element_type=\"widget\" data-e-type=\"widget\" data-settings=\"{&quot;_animation&quot;:&quot;fadeInUp&quot;,&quot;_animation_mobile&quot;:&quot;fadeIn&quot;}\" data-widget_type=\"heading.default\">\n\t\t\t\t<div class=\"elementor-widget-container\">\n\t\t\t\t\t<h2 class=\"elementor-heading-title elementor-size-default\">Educaci\u00f3n Formal<\/h2>\t\t\t\t<\/div>\n\t\t\t\t<\/div>\n\t\t\t\t<div class=\"elementor-element elementor-element-3f9b9cd elementor-widget-divider--view-line elementor-invisible elementor-widget elementor-widget-divider\" data-id=\"3f9b9cd\" data-element_type=\"widget\" data-e-type=\"widget\" data-settings=\"{&quot;_animation&quot;:&quot;fadeInUp&quot;,&quot;_animation_mobile&quot;:&quot;fadeIn&quot;}\" data-widget_type=\"divider.default\">\n\t\t\t\t<div class=\"elementor-widget-container\">\n\t\t\t\t\t\t\t<div class=\"elementor-divider\">\n\t\t\t<span class=\"elementor-divider-separator\">\n\t\t\t\t\t\t<\/span>\n\t\t<\/div>\n\t\t\t\t\t\t<\/div>\n\t\t\t\t<\/div>\n\t\t\t\t<div class=\"elementor-element elementor-element-4fbe7537 elementor-align-center elementor-mobile-align-center elementor-invisible elementor-widget elementor-widget-button\" data-id=\"4fbe7537\" data-element_type=\"widget\" data-e-type=\"widget\" data-settings=\"{&quot;_animation&quot;:&quot;fadeInUp&quot;,&quot;_animation_mobile&quot;:&quot;fadeIn&quot;}\" data-widget_type=\"button.default\">\n\t\t\t\t<div class=\"elementor-widget-container\">\n\t\t\t\t\t\t\t\t\t<div class=\"elementor-button-wrapper\">\n\t\t\t\t\t<a class=\"elementor-button elementor-button-link elementor-size-sm\" href=\"https:\/\/www.misionerasdecristojesus.com\/que-hacemos\/\">\n\t\t\t\t\t\t<span class=\"elementor-button-content-wrapper\">\n\t\t\t\t\t\t\t\t\t<span class=\"elementor-button-text\">M\u00c1S INFORMACI\u00d3N<\/span>\n\t\t\t\t\t<\/span>\n\t\t\t\t\t<\/a>\n\t\t\t\t<\/div>\n\t\t\t\t\t\t\t\t<\/div>\n\t\t\t\t<\/div>\n\t\t\t\t\t<\/div>\n\t\t<\/div>\n\t\t\t\t<div class=\"elementor-column elementor-col-33 elementor-top-column elementor-element elementor-element-c5713c9 elementor-invisible\" data-id=\"c5713c9\" data-element_type=\"column\" data-e-type=\"column\" data-settings=\"{&quot;animation&quot;:&quot;fadeIn&quot;}\">\n\t\t\t<div class=\"elementor-widget-wrap elementor-element-populated\">\n\t\t\t\t\t\t<div class=\"elementor-element elementor-element-aceae40 elementor-widget elementor-widget-image\" data-id=\"aceae40\" data-element_type=\"widget\" data-e-type=\"widget\" data-widget_type=\"image.default\">\n\t\t\t\t<div class=\"elementor-widget-container\">\n\t\t\t\t\t\t\t\t\t\t\t\t\t\t\t<img loading=\"lazy\" decoding=\"async\" width=\"500\" height=\"500\" src=\"https:\/\/www.misionerasdecristojesus.com\/wp-content\/uploads\/2023\/03\/agricultura.jpg\" class=\"attachment-full size-full wp-image-188\" alt=\"agricultura\" srcset=\"https:\/\/www.misionerasdecristojesus.com\/wp-content\/uploads\/2023\/03\/agricultura.jpg 500w, https:\/\/www.misionerasdecristojesus.com\/wp-content\/uploads\/2023\/03\/agricultura-300x300.jpg 300w, https:\/\/www.misionerasdecristojesus.com\/wp-content\/uploads\/2023\/03\/agricultura-150x150.jpg 150w\" sizes=\"(max-width: 500px) 100vw, 500px\" \/>\t\t\t\t\t\t\t\t\t\t\t\t\t\t\t<\/div>\n\t\t\t\t<\/div>\n\t\t\t\t<div class=\"elementor-element elementor-element-2017789 elementor-invisible elementor-widget elementor-widget-heading\" data-id=\"2017789\" data-element_type=\"widget\" data-e-type=\"widget\" data-settings=\"{&quot;_animation&quot;:&quot;fadeInUp&quot;,&quot;_animation_mobile&quot;:&quot;fadeIn&quot;}\" data-widget_type=\"heading.default\">\n\t\t\t\t<div class=\"elementor-widget-container\">\n\t\t\t\t\t<h2 class=\"elementor-heading-title elementor-size-default\">Desarrollo Sostenible<\/h2>\t\t\t\t<\/div>\n\t\t\t\t<\/div>\n\t\t\t\t<div class=\"elementor-element elementor-element-12243d3 elementor-widget-divider--view-line elementor-invisible elementor-widget elementor-widget-divider\" data-id=\"12243d3\" data-element_type=\"widget\" data-e-type=\"widget\" data-settings=\"{&quot;_animation&quot;:&quot;fadeInUp&quot;,&quot;_animation_mobile&quot;:&quot;fadeIn&quot;}\" data-widget_type=\"divider.default\">\n\t\t\t\t<div class=\"elementor-widget-container\">\n\t\t\t\t\t\t\t<div class=\"elementor-divider\">\n\t\t\t<span class=\"elementor-divider-separator\">\n\t\t\t\t\t\t<\/span>\n\t\t<\/div>\n\t\t\t\t\t\t<\/div>\n\t\t\t\t<\/div>\n\t\t\t\t<div class=\"elementor-element elementor-element-ceaef51 elementor-align-center elementor-mobile-align-center elementor-invisible elementor-widget elementor-widget-button\" data-id=\"ceaef51\" data-element_type=\"widget\" data-e-type=\"widget\" data-settings=\"{&quot;_animation&quot;:&quot;fadeInUp&quot;,&quot;_animation_mobile&quot;:&quot;fadeIn&quot;}\" data-widget_type=\"button.default\">\n\t\t\t\t<div class=\"elementor-widget-container\">\n\t\t\t\t\t\t\t\t\t<div class=\"elementor-button-wrapper\">\n\t\t\t\t\t<a class=\"elementor-button elementor-button-link elementor-size-sm\" href=\"https:\/\/www.misionerasdecristojesus.com\/que-hacemos\/\">\n\t\t\t\t\t\t<span class=\"elementor-button-content-wrapper\">\n\t\t\t\t\t\t\t\t\t<span class=\"elementor-button-text\">M\u00c1S INFORMACI\u00d3N<\/span>\n\t\t\t\t\t<\/span>\n\t\t\t\t\t<\/a>\n\t\t\t\t<\/div>\n\t\t\t\t\t\t\t\t<\/div>\n\t\t\t\t<\/div>\n\t\t\t\t\t<\/div>\n\t\t<\/div>\n\t\t\t\t<div class=\"elementor-column elementor-col-33 elementor-top-column elementor-element elementor-element-da774a2 elementor-invisible\" data-id=\"da774a2\" data-element_type=\"column\" data-e-type=\"column\" data-settings=\"{&quot;animation&quot;:&quot;fadeIn&quot;}\">\n\t\t\t<div class=\"elementor-widget-wrap elementor-element-populated\">\n\t\t\t\t\t\t<div class=\"elementor-element elementor-element-038ffc2 elementor-widget elementor-widget-image\" data-id=\"038ffc2\" data-element_type=\"widget\" data-e-type=\"widget\" data-widget_type=\"image.default\">\n\t\t\t\t<div class=\"elementor-widget-container\">\n\t\t\t\t\t\t\t\t\t\t\t\t\t\t\t<img loading=\"lazy\" decoding=\"async\" width=\"500\" height=\"500\" src=\"https:\/\/www.misionerasdecristojesus.com\/wp-content\/uploads\/2023\/03\/sanidad-e-infraestructuras.jpg\" class=\"attachment-full size-full wp-image-192\" alt=\"sanidad-e-infraestructuras\" srcset=\"https:\/\/www.misionerasdecristojesus.com\/wp-content\/uploads\/2023\/03\/sanidad-e-infraestructuras.jpg 500w, https:\/\/www.misionerasdecristojesus.com\/wp-content\/uploads\/2023\/03\/sanidad-e-infraestructuras-300x300.jpg 300w, https:\/\/www.misionerasdecristojesus.com\/wp-content\/uploads\/2023\/03\/sanidad-e-infraestructuras-150x150.jpg 150w\" sizes=\"(max-width: 500px) 100vw, 500px\" \/>\t\t\t\t\t\t\t\t\t\t\t\t\t\t\t<\/div>\n\t\t\t\t<\/div>\n\t\t\t\t<div class=\"elementor-element elementor-element-ad927ae elementor-invisible elementor-widget elementor-widget-heading\" data-id=\"ad927ae\" data-element_type=\"widget\" data-e-type=\"widget\" data-settings=\"{&quot;_animation&quot;:&quot;fadeInUp&quot;,&quot;_animation_mobile&quot;:&quot;fadeIn&quot;}\" data-widget_type=\"heading.default\">\n\t\t\t\t<div class=\"elementor-widget-container\">\n\t\t\t\t\t<h2 class=\"elementor-heading-title elementor-size-default\">Sanidad e Infraestructuras<\/h2>\t\t\t\t<\/div>\n\t\t\t\t<\/div>\n\t\t\t\t<div class=\"elementor-element elementor-element-32ae7f3 elementor-widget-divider--view-line elementor-invisible elementor-widget elementor-widget-divider\" data-id=\"32ae7f3\" data-element_type=\"widget\" data-e-type=\"widget\" data-settings=\"{&quot;_animation&quot;:&quot;fadeInUp&quot;,&quot;_animation_mobile&quot;:&quot;fadeIn&quot;}\" data-widget_type=\"divider.default\">\n\t\t\t\t<div class=\"elementor-widget-container\">\n\t\t\t\t\t\t\t<div class=\"elementor-divider\">\n\t\t\t<span class=\"elementor-divider-separator\">\n\t\t\t\t\t\t<\/span>\n\t\t<\/div>\n\t\t\t\t\t\t<\/div>\n\t\t\t\t<\/div>\n\t\t\t\t<div class=\"elementor-element elementor-element-e106613 elementor-align-center elementor-mobile-align-center elementor-invisible elementor-widget elementor-widget-button\" data-id=\"e106613\" data-element_type=\"widget\" data-e-type=\"widget\" data-settings=\"{&quot;_animation&quot;:&quot;fadeInUp&quot;,&quot;_animation_mobile&quot;:&quot;fadeIn&quot;}\" data-widget_type=\"button.default\">\n\t\t\t\t<div class=\"elementor-widget-container\">\n\t\t\t\t\t\t\t\t\t<div class=\"elementor-button-wrapper\">\n\t\t\t\t\t<a class=\"elementor-button elementor-button-link elementor-size-sm\" href=\"https:\/\/www.misionerasdecristojesus.com\/que-hacemos\/\">\n\t\t\t\t\t\t<span class=\"elementor-button-content-wrapper\">\n\t\t\t\t\t\t\t\t\t<span class=\"elementor-button-text\">M\u00c1S INFORMACI\u00d3N<\/span>\n\t\t\t\t\t<\/span>\n\t\t\t\t\t<\/a>\n\t\t\t\t<\/div>\n\t\t\t\t\t\t\t\t<\/div>\n\t\t\t\t<\/div>\n\t\t\t\t\t<\/div>\n\t\t<\/div>\n\t\t\t\t\t<\/div>\n\t\t<\/section>\n\t\t\t\t<section class=\"elementor-section elementor-top-section elementor-element elementor-element-09cda54 elementor-section-stretched elementor-section-boxed elementor-section-height-default elementor-section-height-default\" data-id=\"09cda54\" data-element_type=\"section\" data-e-type=\"section\" data-settings=\"{&quot;background_background&quot;:&quot;classic&quot;,&quot;stretch_section&quot;:&quot;section-stretched&quot;}\">\n\t\t\t\t\t\t<div class=\"elementor-container elementor-column-gap-default\">\n\t\t\t\t\t<div class=\"elementor-column elementor-col-33 elementor-top-column elementor-element elementor-element-6f14dd8 elementor-invisible\" data-id=\"6f14dd8\" data-element_type=\"column\" data-e-type=\"column\" data-settings=\"{&quot;animation&quot;:&quot;fadeIn&quot;}\">\n\t\t\t<div class=\"elementor-widget-wrap elementor-element-populated\">\n\t\t\t\t\t\t<div class=\"elementor-element elementor-element-ca73155 elementor-widget elementor-widget-image\" data-id=\"ca73155\" data-element_type=\"widget\" data-e-type=\"widget\" data-widget_type=\"image.default\">\n\t\t\t\t<div class=\"elementor-widget-container\">\n\t\t\t\t\t\t\t\t\t\t\t\t\t\t\t<img loading=\"lazy\" decoding=\"async\" width=\"500\" height=\"500\" src=\"https:\/\/www.misionerasdecristojesus.com\/wp-content\/uploads\/2023\/05\/acompanamiento-al-necesitado.png\" class=\"attachment-full size-full wp-image-812\" alt=\"acompa\u00f1amiento-al-necesitado\" srcset=\"https:\/\/www.misionerasdecristojesus.com\/wp-content\/uploads\/2023\/05\/acompanamiento-al-necesitado.png 500w, https:\/\/www.misionerasdecristojesus.com\/wp-content\/uploads\/2023\/05\/acompanamiento-al-necesitado-300x300.png 300w, https:\/\/www.misionerasdecristojesus.com\/wp-content\/uploads\/2023\/05\/acompanamiento-al-necesitado-150x150.png 150w, https:\/\/www.misionerasdecristojesus.com\/wp-content\/uploads\/2023\/05\/acompanamiento-al-necesitado-12x12.png 12w\" sizes=\"(max-width: 500px) 100vw, 500px\" \/>\t\t\t\t\t\t\t\t\t\t\t\t\t\t\t<\/div>\n\t\t\t\t<\/div>\n\t\t\t\t<div class=\"elementor-element elementor-element-07930b4 elementor-invisible elementor-widget elementor-widget-heading\" data-id=\"07930b4\" data-element_type=\"widget\" data-e-type=\"widget\" data-settings=\"{&quot;_animation&quot;:&quot;fadeInUp&quot;,&quot;_animation_mobile&quot;:&quot;fadeIn&quot;}\" data-widget_type=\"heading.default\">\n\t\t\t\t<div class=\"elementor-widget-container\">\n\t\t\t\t\t<h2 class=\"elementor-heading-title elementor-size-default\">Acompa\u00f1amiento al Necesitado<\/h2>\t\t\t\t<\/div>\n\t\t\t\t<\/div>\n\t\t\t\t<div class=\"elementor-element elementor-element-5fbead2 elementor-widget-divider--view-line elementor-invisible elementor-widget elementor-widget-divider\" data-id=\"5fbead2\" data-element_type=\"widget\" data-e-type=\"widget\" data-settings=\"{&quot;_animation&quot;:&quot;fadeInUp&quot;,&quot;_animation_mobile&quot;:&quot;fadeIn&quot;}\" data-widget_type=\"divider.default\">\n\t\t\t\t<div class=\"elementor-widget-container\">\n\t\t\t\t\t\t\t<div class=\"elementor-divider\">\n\t\t\t<span class=\"elementor-divider-separator\">\n\t\t\t\t\t\t<\/span>\n\t\t<\/div>\n\t\t\t\t\t\t<\/div>\n\t\t\t\t<\/div>\n\t\t\t\t<div class=\"elementor-element elementor-element-db51c30 elementor-align-center elementor-mobile-align-center elementor-invisible elementor-widget elementor-widget-button\" data-id=\"db51c30\" data-element_type=\"widget\" data-e-type=\"widget\" data-settings=\"{&quot;_animation&quot;:&quot;fadeInUp&quot;,&quot;_animation_mobile&quot;:&quot;fadeIn&quot;}\" data-widget_type=\"button.default\">\n\t\t\t\t<div class=\"elementor-widget-container\">\n\t\t\t\t\t\t\t\t\t<div class=\"elementor-button-wrapper\">\n\t\t\t\t\t<a class=\"elementor-button elementor-button-link elementor-size-sm\" href=\"https:\/\/www.misionerasdecristojesus.com\/que-hacemos\/\">\n\t\t\t\t\t\t<span class=\"elementor-button-content-wrapper\">\n\t\t\t\t\t\t\t\t\t<span class=\"elementor-button-text\">M\u00c1S INFORMACI\u00d3N<\/span>\n\t\t\t\t\t<\/span>\n\t\t\t\t\t<\/a>\n\t\t\t\t<\/div>\n\t\t\t\t\t\t\t\t<\/div>\n\t\t\t\t<\/div>\n\t\t\t\t\t<\/div>\n\t\t<\/div>\n\t\t\t\t<div class=\"elementor-column elementor-col-33 elementor-top-column elementor-element elementor-element-b243106 elementor-invisible\" data-id=\"b243106\" data-element_type=\"column\" data-e-type=\"column\" data-settings=\"{&quot;animation&quot;:&quot;fadeIn&quot;}\">\n\t\t\t<div class=\"elementor-widget-wrap elementor-element-populated\">\n\t\t\t\t\t\t<div class=\"elementor-element elementor-element-f4f3433 elementor-widget elementor-widget-image\" data-id=\"f4f3433\" data-element_type=\"widget\" data-e-type=\"widget\" data-widget_type=\"image.default\">\n\t\t\t\t<div class=\"elementor-widget-container\">\n\t\t\t\t\t\t\t\t\t\t\t\t\t\t\t<img loading=\"lazy\" decoding=\"async\" width=\"500\" height=\"500\" src=\"https:\/\/www.misionerasdecristojesus.com\/wp-content\/uploads\/2023\/05\/derechos-humanos.png\" class=\"attachment-full size-full wp-image-817\" alt=\"derechos-humanos\" srcset=\"https:\/\/www.misionerasdecristojesus.com\/wp-content\/uploads\/2023\/05\/derechos-humanos.png 500w, https:\/\/www.misionerasdecristojesus.com\/wp-content\/uploads\/2023\/05\/derechos-humanos-300x300.png 300w, https:\/\/www.misionerasdecristojesus.com\/wp-content\/uploads\/2023\/05\/derechos-humanos-150x150.png 150w, https:\/\/www.misionerasdecristojesus.com\/wp-content\/uploads\/2023\/05\/derechos-humanos-12x12.png 12w\" sizes=\"(max-width: 500px) 100vw, 500px\" \/>\t\t\t\t\t\t\t\t\t\t\t\t\t\t\t<\/div>\n\t\t\t\t<\/div>\n\t\t\t\t<div class=\"elementor-element elementor-element-62d34c4 elementor-invisible elementor-widget elementor-widget-heading\" data-id=\"62d34c4\" data-element_type=\"widget\" data-e-type=\"widget\" data-settings=\"{&quot;_animation&quot;:&quot;fadeInUp&quot;,&quot;_animation_mobile&quot;:&quot;fadeIn&quot;}\" data-widget_type=\"heading.default\">\n\t\t\t\t<div class=\"elementor-widget-container\">\n\t\t\t\t\t<h2 class=\"elementor-heading-title elementor-size-default\">Cumplimiento Derechos Humanos<\/h2>\t\t\t\t<\/div>\n\t\t\t\t<\/div>\n\t\t\t\t<div class=\"elementor-element elementor-element-5a72ab9 elementor-widget-divider--view-line elementor-invisible elementor-widget elementor-widget-divider\" data-id=\"5a72ab9\" data-element_type=\"widget\" data-e-type=\"widget\" data-settings=\"{&quot;_animation&quot;:&quot;fadeInUp&quot;,&quot;_animation_mobile&quot;:&quot;fadeIn&quot;}\" data-widget_type=\"divider.default\">\n\t\t\t\t<div class=\"elementor-widget-container\">\n\t\t\t\t\t\t\t<div class=\"elementor-divider\">\n\t\t\t<span class=\"elementor-divider-separator\">\n\t\t\t\t\t\t<\/span>\n\t\t<\/div>\n\t\t\t\t\t\t<\/div>\n\t\t\t\t<\/div>\n\t\t\t\t<div class=\"elementor-element elementor-element-4645d8f elementor-align-center elementor-mobile-align-center elementor-invisible elementor-widget elementor-widget-button\" data-id=\"4645d8f\" data-element_type=\"widget\" data-e-type=\"widget\" data-settings=\"{&quot;_animation&quot;:&quot;fadeInUp&quot;,&quot;_animation_mobile&quot;:&quot;fadeIn&quot;}\" data-widget_type=\"button.default\">\n\t\t\t\t<div class=\"elementor-widget-container\">\n\t\t\t\t\t\t\t\t\t<div class=\"elementor-button-wrapper\">\n\t\t\t\t\t<a class=\"elementor-button elementor-button-link elementor-size-sm\" href=\"https:\/\/www.misionerasdecristojesus.com\/que-hacemos\/\">\n\t\t\t\t\t\t<span class=\"elementor-button-content-wrapper\">\n\t\t\t\t\t\t\t\t\t<span class=\"elementor-button-text\">M\u00c1S INFORMACI\u00d3N<\/span>\n\t\t\t\t\t<\/span>\n\t\t\t\t\t<\/a>\n\t\t\t\t<\/div>\n\t\t\t\t\t\t\t\t<\/div>\n\t\t\t\t<\/div>\n\t\t\t\t\t<\/div>\n\t\t<\/div>\n\t\t\t\t<div class=\"elementor-column elementor-col-33 elementor-top-column elementor-element elementor-element-887f912 elementor-invisible\" data-id=\"887f912\" data-element_type=\"column\" data-e-type=\"column\" data-settings=\"{&quot;animation&quot;:&quot;fadeIn&quot;}\">\n\t\t\t<div class=\"elementor-widget-wrap elementor-element-populated\">\n\t\t\t\t\t\t<div class=\"elementor-element elementor-element-75b6e97 elementor-widget elementor-widget-image\" data-id=\"75b6e97\" data-element_type=\"widget\" data-e-type=\"widget\" data-widget_type=\"image.default\">\n\t\t\t\t<div class=\"elementor-widget-container\">\n\t\t\t\t\t\t\t\t\t\t\t\t\t\t\t<img loading=\"lazy\" decoding=\"async\" width=\"500\" height=\"500\" src=\"https:\/\/www.misionerasdecristojesus.com\/wp-content\/uploads\/2023\/05\/formacion-comunidades-cristianas.png\" class=\"attachment-full size-full wp-image-821\" alt=\"formaci\u00f3n-comunidades-cristianas\" srcset=\"https:\/\/www.misionerasdecristojesus.com\/wp-content\/uploads\/2023\/05\/formacion-comunidades-cristianas.png 500w, https:\/\/www.misionerasdecristojesus.com\/wp-content\/uploads\/2023\/05\/formacion-comunidades-cristianas-300x300.png 300w, https:\/\/www.misionerasdecristojesus.com\/wp-content\/uploads\/2023\/05\/formacion-comunidades-cristianas-150x150.png 150w, https:\/\/www.misionerasdecristojesus.com\/wp-content\/uploads\/2023\/05\/formacion-comunidades-cristianas-12x12.png 12w\" sizes=\"(max-width: 500px) 100vw, 500px\" \/>\t\t\t\t\t\t\t\t\t\t\t\t\t\t\t<\/div>\n\t\t\t\t<\/div>\n\t\t\t\t<div class=\"elementor-element elementor-element-181199c elementor-invisible elementor-widget elementor-widget-heading\" data-id=\"181199c\" data-element_type=\"widget\" data-e-type=\"widget\" data-settings=\"{&quot;_animation&quot;:&quot;fadeInUp&quot;,&quot;_animation_mobile&quot;:&quot;fadeIn&quot;}\" data-widget_type=\"heading.default\">\n\t\t\t\t<div class=\"elementor-widget-container\">\n\t\t\t\t\t<h2 class=\"elementor-heading-title elementor-size-default\">Formaci\u00f3n Comunidades Cristianas<\/h2>\t\t\t\t<\/div>\n\t\t\t\t<\/div>\n\t\t\t\t<div class=\"elementor-element elementor-element-9c2877e elementor-widget-divider--view-line elementor-invisible elementor-widget elementor-widget-divider\" data-id=\"9c2877e\" data-element_type=\"widget\" data-e-type=\"widget\" data-settings=\"{&quot;_animation&quot;:&quot;fadeInUp&quot;,&quot;_animation_mobile&quot;:&quot;fadeIn&quot;}\" data-widget_type=\"divider.default\">\n\t\t\t\t<div class=\"elementor-widget-container\">\n\t\t\t\t\t\t\t<div class=\"elementor-divider\">\n\t\t\t<span class=\"elementor-divider-separator\">\n\t\t\t\t\t\t<\/span>\n\t\t<\/div>\n\t\t\t\t\t\t<\/div>\n\t\t\t\t<\/div>\n\t\t\t\t<div class=\"elementor-element elementor-element-ee3bc8d elementor-align-center elementor-mobile-align-center elementor-invisible elementor-widget elementor-widget-button\" data-id=\"ee3bc8d\" data-element_type=\"widget\" data-e-type=\"widget\" data-settings=\"{&quot;_animation&quot;:&quot;fadeInUp&quot;,&quot;_animation_mobile&quot;:&quot;fadeIn&quot;}\" data-widget_type=\"button.default\">\n\t\t\t\t<div class=\"elementor-widget-container\">\n\t\t\t\t\t\t\t\t\t<div class=\"elementor-button-wrapper\">\n\t\t\t\t\t<a class=\"elementor-button elementor-button-link elementor-size-sm\" href=\"https:\/\/www.misionerasdecristojesus.com\/que-hacemos\/\">\n\t\t\t\t\t\t<span class=\"elementor-button-content-wrapper\">\n\t\t\t\t\t\t\t\t\t<span class=\"elementor-button-text\">M\u00c1S INFORMACI\u00d3N<\/span>\n\t\t\t\t\t<\/span>\n\t\t\t\t\t<\/a>\n\t\t\t\t<\/div>\n\t\t\t\t\t\t\t\t<\/div>\n\t\t\t\t<\/div>\n\t\t\t\t\t<\/div>\n\t\t<\/div>\n\t\t\t\t\t<\/div>\n\t\t<\/section>\n\t\t\t\t<section class=\"elementor-section elementor-top-section elementor-element elementor-element-7dea7607 elementor-section-boxed elementor-section-height-default elementor-section-height-default\" data-id=\"7dea7607\" data-element_type=\"section\" data-e-type=\"section\" data-settings=\"{&quot;background_background&quot;:&quot;classic&quot;}\">\n\t\t\t\t\t\t<div class=\"elementor-container elementor-column-gap-default\">\n\t\t\t\t\t<div class=\"elementor-column elementor-col-100 elementor-top-column elementor-element elementor-element-8acaedf\" data-id=\"8acaedf\" data-element_type=\"column\" data-e-type=\"column\">\n\t\t\t<div class=\"elementor-widget-wrap elementor-element-populated\">\n\t\t\t\t\t\t<div class=\"elementor-element elementor-element-196061a elementor-invisible elementor-widget elementor-widget-heading\" data-id=\"196061a\" data-element_type=\"widget\" data-e-type=\"widget\" data-settings=\"{&quot;_animation&quot;:&quot;fadeInUp&quot;}\" data-widget_type=\"heading.default\">\n\t\t\t\t<div class=\"elementor-widget-container\">\n\t\t\t\t\t<h3 class=\"elementor-heading-title elementor-size-default\">\u00bfD\u00d3NDE ESTAMOS?<\/h3>\t\t\t\t<\/div>\n\t\t\t\t<\/div>\n\t\t\t\t<div class=\"elementor-element elementor-element-67c88d9e elementor-invisible elementor-widget elementor-widget-heading\" data-id=\"67c88d9e\" data-element_type=\"widget\" data-e-type=\"widget\" data-settings=\"{&quot;_animation&quot;:&quot;fadeInUp&quot;}\" data-widget_type=\"heading.default\">\n\t\t\t\t<div class=\"elementor-widget-container\">\n\t\t\t\t\t<h2 class=\"elementor-heading-title elementor-size-default\">Nuestras Regiones<\/h2>\t\t\t\t<\/div>\n\t\t\t\t<\/div>\n\t\t\t\t<div class=\"elementor-element elementor-element-6b9c8485 elementor-invisible elementor-widget elementor-widget-text-editor\" data-id=\"6b9c8485\" data-element_type=\"widget\" data-e-type=\"widget\" data-settings=\"{&quot;_animation&quot;:&quot;fadeInUp&quot;,&quot;_animation_delay&quot;:100}\" data-widget_type=\"text-editor.default\">\n\t\t\t\t<div class=\"elementor-widget-container\">\n\t\t\t\t\t\t\t\t\t<p>Contamos con las delegaciones principales en Espa\u00f1a, en concreto en Navarra y Madrid y nuestras regiones que est\u00e1n repartidas por todo el mundo; \u00c1frica, Latinoam\u00e9rica, India, Jap\u00f3n.<\/p>\t\t\t\t\t\t\t\t<\/div>\n\t\t\t\t<\/div>\n\t\t\t\t<div class=\"elementor-element elementor-element-258d3c7e elementor-widget elementor-widget-hotspot\" data-id=\"258d3c7e\" data-element_type=\"widget\" data-e-type=\"widget\" data-settings=\"{&quot;hotspot&quot;:[{&quot;_id&quot;:&quot;6f30f0b&quot;,&quot;hotspot_link&quot;:{&quot;url&quot;:&quot;https:\\\/\\\/www.misionerasdecristojesus.com\\\/regiones-y-delegaciones\\\/region-espana\\\/&quot;,&quot;is_external&quot;:&quot;&quot;,&quot;nofollow&quot;:&quot;&quot;,&quot;custom_attributes&quot;:&quot;&quot;},&quot;hotspot_icon&quot;:{&quot;value&quot;:&quot;fas fa-map-marker-alt&quot;,&quot;library&quot;:&quot;fa-solid&quot;},&quot;hotspot_icon_spacing&quot;:null,&quot;hotspot_custom_size&quot;:&quot;yes&quot;,&quot;hotspot_width&quot;:{&quot;unit&quot;:&quot;px&quot;,&quot;size&quot;:0,&quot;sizes&quot;:[]},&quot;hotspot_height&quot;:{&quot;unit&quot;:&quot;px&quot;,&quot;size&quot;:12,&quot;sizes&quot;:[]},&quot;hotspot_tooltip_content&quot;:&quot;&lt;p&gt;ESPA\\u00d1A&lt;\\\/p&gt;&quot;,&quot;hotspot_offset_x&quot;:{&quot;unit&quot;:&quot;%&quot;,&quot;size&quot;:42,&quot;sizes&quot;:[]},&quot;hotspot_offset_y&quot;:{&quot;unit&quot;:&quot;%&quot;,&quot;size&quot;:40,&quot;sizes&quot;:[]},&quot;hotspot_label&quot;:&quot;&quot;,&quot;hotspot_horizontal&quot;:&quot;left&quot;,&quot;hotspot_vertical&quot;:&quot;top&quot;,&quot;hotspot_tooltip_position&quot;:&quot;no&quot;,&quot;hotspot_position&quot;:null,&quot;hotspot_position_tablet&quot;:null,&quot;hotspot_position_mobile&quot;:null,&quot;hotspot_icon_position&quot;:null,&quot;hotspot_offset_x_tablet&quot;:{&quot;unit&quot;:&quot;px&quot;,&quot;size&quot;:&quot;&quot;,&quot;sizes&quot;:[]},&quot;hotspot_offset_x_mobile&quot;:{&quot;unit&quot;:&quot;px&quot;,&quot;size&quot;:&quot;&quot;,&quot;sizes&quot;:[]},&quot;hotspot_offset_y_tablet&quot;:{&quot;unit&quot;:&quot;px&quot;,&quot;size&quot;:&quot;&quot;,&quot;sizes&quot;:[]},&quot;hotspot_offset_y_mobile&quot;:{&quot;unit&quot;:&quot;px&quot;,&quot;size&quot;:&quot;&quot;,&quot;sizes&quot;:[]},&quot;hotspot_tooltip_width&quot;:null,&quot;hotspot_tooltip_width_tablet&quot;:null,&quot;hotspot_tooltip_width_mobile&quot;:null,&quot;hotspot_tooltip_text_wrap&quot;:null},{&quot;hotspot_link&quot;:{&quot;url&quot;:&quot;https:\\\/\\\/www.misionerasdecristojesus.com\\\/regiones-y-delegaciones\\\/africa\\\/&quot;,&quot;is_external&quot;:&quot;&quot;,&quot;nofollow&quot;:&quot;&quot;,&quot;custom_attributes&quot;:&quot;&quot;},&quot;hotspot_icon&quot;:{&quot;value&quot;:&quot;fas fa-map-marker-alt&quot;,&quot;library&quot;:&quot;fa-solid&quot;},&quot;hotspot_icon_spacing&quot;:null,&quot;hotspot_custom_size&quot;:&quot;&quot;,&quot;hotspot_width&quot;:null,&quot;hotspot_height&quot;:null,&quot;hotspot_tooltip_content&quot;:&quot;&lt;p&gt;&lt;span style=\\&quot;font-weight: 400;\\&quot;&gt;REP. D. DU CONGO&lt;\\\/span&gt;&lt;\\\/p&gt;&quot;,&quot;hotspot_offset_x&quot;:{&quot;unit&quot;:&quot;%&quot;,&quot;size&quot;:49,&quot;sizes&quot;:[]},&quot;hotspot_offset_y&quot;:{&quot;unit&quot;:&quot;%&quot;,&quot;size&quot;:56,&quot;sizes&quot;:[]},&quot;_id&quot;:&quot;8f32ea1&quot;,&quot;hotspot_label&quot;:&quot;&quot;,&quot;hotspot_horizontal&quot;:&quot;left&quot;,&quot;hotspot_vertical&quot;:&quot;top&quot;,&quot;hotspot_tooltip_position&quot;:&quot;no&quot;,&quot;hotspot_position&quot;:null,&quot;hotspot_position_tablet&quot;:null,&quot;hotspot_position_mobile&quot;:null,&quot;hotspot_icon_position&quot;:null,&quot;hotspot_offset_x_tablet&quot;:{&quot;unit&quot;:&quot;px&quot;,&quot;size&quot;:&quot;&quot;,&quot;sizes&quot;:[]},&quot;hotspot_offset_x_mobile&quot;:{&quot;unit&quot;:&quot;px&quot;,&quot;size&quot;:&quot;&quot;,&quot;sizes&quot;:[]},&quot;hotspot_offset_y_tablet&quot;:{&quot;unit&quot;:&quot;px&quot;,&quot;size&quot;:&quot;&quot;,&quot;sizes&quot;:[]},&quot;hotspot_offset_y_mobile&quot;:{&quot;unit&quot;:&quot;px&quot;,&quot;size&quot;:&quot;&quot;,&quot;sizes&quot;:[]},&quot;hotspot_tooltip_width&quot;:null,&quot;hotspot_tooltip_width_tablet&quot;:null,&quot;hotspot_tooltip_width_mobile&quot;:null,&quot;hotspot_tooltip_text_wrap&quot;:null},{&quot;hotspot_link&quot;:{&quot;url&quot;:&quot;https:\\\/\\\/www.misionerasdecristojesus.com\\\/regiones-y-delegaciones\\\/africa\\\/&quot;,&quot;is_external&quot;:&quot;&quot;,&quot;nofollow&quot;:&quot;&quot;,&quot;custom_attributes&quot;:&quot;&quot;},&quot;hotspot_icon&quot;:{&quot;value&quot;:&quot;fas fa-map-marker-alt&quot;,&quot;library&quot;:&quot;fa-solid&quot;},&quot;hotspot_icon_spacing&quot;:null,&quot;hotspot_custom_size&quot;:&quot;&quot;,&quot;hotspot_width&quot;:null,&quot;hotspot_height&quot;:null,&quot;hotspot_tooltip_content&quot;:&quot;&lt;p&gt;&lt;span style=\\&quot;font-weight: 400;\\&quot;&gt;CHAD&lt;\\\/span&gt;&lt;\\\/p&gt;&quot;,&quot;hotspot_offset_x&quot;:{&quot;unit&quot;:&quot;%&quot;,&quot;size&quot;:48,&quot;sizes&quot;:[]},&quot;hotspot_offset_y&quot;:{&quot;unit&quot;:&quot;%&quot;,&quot;size&quot;:51,&quot;sizes&quot;:[]},&quot;_id&quot;:&quot;af88ad1&quot;,&quot;hotspot_label&quot;:&quot;&quot;,&quot;hotspot_horizontal&quot;:&quot;left&quot;,&quot;hotspot_vertical&quot;:&quot;top&quot;,&quot;hotspot_tooltip_position&quot;:&quot;no&quot;,&quot;hotspot_position&quot;:null,&quot;hotspot_position_tablet&quot;:null,&quot;hotspot_position_mobile&quot;:null,&quot;hotspot_icon_position&quot;:null,&quot;hotspot_offset_x_tablet&quot;:{&quot;unit&quot;:&quot;px&quot;,&quot;size&quot;:&quot;&quot;,&quot;sizes&quot;:[]},&quot;hotspot_offset_x_mobile&quot;:{&quot;unit&quot;:&quot;px&quot;,&quot;size&quot;:&quot;&quot;,&quot;sizes&quot;:[]},&quot;hotspot_offset_y_tablet&quot;:{&quot;unit&quot;:&quot;px&quot;,&quot;size&quot;:&quot;&quot;,&quot;sizes&quot;:[]},&quot;hotspot_offset_y_mobile&quot;:{&quot;unit&quot;:&quot;px&quot;,&quot;size&quot;:&quot;&quot;,&quot;sizes&quot;:[]},&quot;hotspot_tooltip_width&quot;:null,&quot;hotspot_tooltip_width_tablet&quot;:null,&quot;hotspot_tooltip_width_mobile&quot;:null,&quot;hotspot_tooltip_text_wrap&quot;:null},{&quot;hotspot_link&quot;:{&quot;url&quot;:&quot;https:\\\/\\\/www.misionerasdecristojesus.com\\\/regiones-y-delegaciones\\\/africa\\\/&quot;,&quot;is_external&quot;:&quot;&quot;,&quot;nofollow&quot;:&quot;&quot;,&quot;custom_attributes&quot;:&quot;&quot;},&quot;hotspot_icon&quot;:{&quot;value&quot;:&quot;fas fa-map-marker-alt&quot;,&quot;library&quot;:&quot;fa-solid&quot;},&quot;hotspot_icon_spacing&quot;:null,&quot;hotspot_custom_size&quot;:&quot;&quot;,&quot;hotspot_width&quot;:null,&quot;hotspot_height&quot;:null,&quot;hotspot_tooltip_content&quot;:&quot;&lt;p&gt;&lt;span style=\\&quot;font-weight: 400;\\&quot;&gt;CAMER\\u00daN&lt;\\\/span&gt;&lt;\\\/p&gt;&quot;,&quot;hotspot_offset_x&quot;:{&quot;unit&quot;:&quot;%&quot;,&quot;size&quot;:45,&quot;sizes&quot;:[]},&quot;hotspot_offset_y&quot;:{&quot;unit&quot;:&quot;%&quot;,&quot;size&quot;:54,&quot;sizes&quot;:[]},&quot;_id&quot;:&quot;78443b5&quot;,&quot;hotspot_label&quot;:&quot;&quot;,&quot;hotspot_horizontal&quot;:&quot;left&quot;,&quot;hotspot_vertical&quot;:&quot;top&quot;,&quot;hotspot_tooltip_position&quot;:&quot;no&quot;,&quot;hotspot_position&quot;:null,&quot;hotspot_position_tablet&quot;:null,&quot;hotspot_position_mobile&quot;:null,&quot;hotspot_icon_position&quot;:null,&quot;hotspot_offset_x_tablet&quot;:{&quot;unit&quot;:&quot;px&quot;,&quot;size&quot;:&quot;&quot;,&quot;sizes&quot;:[]},&quot;hotspot_offset_x_mobile&quot;:{&quot;unit&quot;:&quot;px&quot;,&quot;size&quot;:&quot;&quot;,&quot;sizes&quot;:[]},&quot;hotspot_offset_y_tablet&quot;:{&quot;unit&quot;:&quot;px&quot;,&quot;size&quot;:&quot;&quot;,&quot;sizes&quot;:[]},&quot;hotspot_offset_y_mobile&quot;:{&quot;unit&quot;:&quot;px&quot;,&quot;size&quot;:&quot;&quot;,&quot;sizes&quot;:[]},&quot;hotspot_tooltip_width&quot;:null,&quot;hotspot_tooltip_width_tablet&quot;:null,&quot;hotspot_tooltip_width_mobile&quot;:null,&quot;hotspot_tooltip_text_wrap&quot;:null},{&quot;hotspot_link&quot;:{&quot;url&quot;:&quot;https:\\\/\\\/www.misionerasdecristojesus.com\\\/regiones-y-delegaciones\\\/asia\\\/&quot;,&quot;is_external&quot;:&quot;&quot;,&quot;nofollow&quot;:&quot;&quot;,&quot;custom_attributes&quot;:&quot;&quot;},&quot;hotspot_icon&quot;:{&quot;value&quot;:&quot;fas fa-map-marker-alt&quot;,&quot;library&quot;:&quot;fa-solid&quot;},&quot;hotspot_icon_spacing&quot;:null,&quot;hotspot_custom_size&quot;:&quot;&quot;,&quot;hotspot_width&quot;:null,&quot;hotspot_height&quot;:null,&quot;hotspot_tooltip_content&quot;:&quot;&lt;p&gt;&lt;span style=\\&quot;font-weight: 400;\\&quot;&gt;INDIA&lt;\\\/span&gt;&lt;\\\/p&gt;&quot;,&quot;hotspot_offset_x&quot;:{&quot;unit&quot;:&quot;%&quot;,&quot;size&quot;:67,&quot;sizes&quot;:[]},&quot;hotspot_offset_y&quot;:{&quot;unit&quot;:&quot;%&quot;,&quot;size&quot;:48,&quot;sizes&quot;:[]},&quot;_id&quot;:&quot;ca6c7f6&quot;,&quot;hotspot_label&quot;:&quot;&quot;,&quot;hotspot_horizontal&quot;:&quot;left&quot;,&quot;hotspot_vertical&quot;:&quot;top&quot;,&quot;hotspot_tooltip_position&quot;:&quot;no&quot;,&quot;hotspot_position&quot;:null,&quot;hotspot_position_tablet&quot;:null,&quot;hotspot_position_mobile&quot;:null,&quot;hotspot_icon_position&quot;:null,&quot;hotspot_offset_x_tablet&quot;:{&quot;unit&quot;:&quot;px&quot;,&quot;size&quot;:&quot;&quot;,&quot;sizes&quot;:[]},&quot;hotspot_offset_x_mobile&quot;:{&quot;unit&quot;:&quot;px&quot;,&quot;size&quot;:&quot;&quot;,&quot;sizes&quot;:[]},&quot;hotspot_offset_y_tablet&quot;:{&quot;unit&quot;:&quot;px&quot;,&quot;size&quot;:&quot;&quot;,&quot;sizes&quot;:[]},&quot;hotspot_offset_y_mobile&quot;:{&quot;unit&quot;:&quot;px&quot;,&quot;size&quot;:&quot;&quot;,&quot;sizes&quot;:[]},&quot;hotspot_tooltip_width&quot;:null,&quot;hotspot_tooltip_width_tablet&quot;:null,&quot;hotspot_tooltip_width_mobile&quot;:null,&quot;hotspot_tooltip_text_wrap&quot;:null},{&quot;hotspot_link&quot;:{&quot;url&quot;:&quot;https:\\\/\\\/www.misionerasdecristojesus.com\\\/regiones-y-delegaciones\\\/asia\\\/&quot;,&quot;is_external&quot;:&quot;&quot;,&quot;nofollow&quot;:&quot;&quot;,&quot;custom_attributes&quot;:&quot;&quot;},&quot;hotspot_icon&quot;:{&quot;value&quot;:&quot;fas fa-map-marker-alt&quot;,&quot;library&quot;:&quot;fa-solid&quot;},&quot;hotspot_icon_spacing&quot;:null,&quot;hotspot_custom_size&quot;:&quot;&quot;,&quot;hotspot_width&quot;:null,&quot;hotspot_height&quot;:null,&quot;hotspot_tooltip_content&quot;:&quot;&lt;p&gt;&lt;span style=\\&quot;font-weight: 400;\\&quot;&gt;CHINA&lt;\\\/span&gt;&lt;\\\/p&gt;&quot;,&quot;hotspot_offset_x&quot;:{&quot;unit&quot;:&quot;%&quot;,&quot;size&quot;:72,&quot;sizes&quot;:[]},&quot;hotspot_offset_y&quot;:{&quot;unit&quot;:&quot;%&quot;,&quot;size&quot;:41,&quot;sizes&quot;:[]},&quot;_id&quot;:&quot;08b80bc&quot;,&quot;hotspot_label&quot;:&quot;&quot;,&quot;hotspot_horizontal&quot;:&quot;left&quot;,&quot;hotspot_vertical&quot;:&quot;top&quot;,&quot;hotspot_tooltip_position&quot;:&quot;no&quot;,&quot;hotspot_position&quot;:null,&quot;hotspot_position_tablet&quot;:null,&quot;hotspot_position_mobile&quot;:null,&quot;hotspot_icon_position&quot;:null,&quot;hotspot_offset_x_tablet&quot;:{&quot;unit&quot;:&quot;px&quot;,&quot;size&quot;:&quot;&quot;,&quot;sizes&quot;:[]},&quot;hotspot_offset_x_mobile&quot;:{&quot;unit&quot;:&quot;px&quot;,&quot;size&quot;:&quot;&quot;,&quot;sizes&quot;:[]},&quot;hotspot_offset_y_tablet&quot;:{&quot;unit&quot;:&quot;px&quot;,&quot;size&quot;:&quot;&quot;,&quot;sizes&quot;:[]},&quot;hotspot_offset_y_mobile&quot;:{&quot;unit&quot;:&quot;px&quot;,&quot;size&quot;:&quot;&quot;,&quot;sizes&quot;:[]},&quot;hotspot_tooltip_width&quot;:null,&quot;hotspot_tooltip_width_tablet&quot;:null,&quot;hotspot_tooltip_width_mobile&quot;:null,&quot;hotspot_tooltip_text_wrap&quot;:null},{&quot;hotspot_link&quot;:{&quot;url&quot;:&quot;https:\\\/\\\/www.misionerasdecristojesus.com\\\/regiones-y-delegaciones\\\/asia\\\/&quot;,&quot;is_external&quot;:&quot;&quot;,&quot;nofollow&quot;:&quot;&quot;,&quot;custom_attributes&quot;:&quot;&quot;},&quot;hotspot_icon&quot;:{&quot;value&quot;:&quot;fas fa-map-marker-alt&quot;,&quot;library&quot;:&quot;fa-solid&quot;},&quot;hotspot_icon_spacing&quot;:null,&quot;hotspot_custom_size&quot;:&quot;&quot;,&quot;hotspot_width&quot;:null,&quot;hotspot_height&quot;:null,&quot;hotspot_tooltip_content&quot;:&quot;&lt;p&gt;&lt;span style=\\&quot;font-weight: 400;\\&quot;&gt;VIETNAM&lt;\\\/span&gt;&lt;\\\/p&gt;&quot;,&quot;hotspot_offset_x&quot;:{&quot;unit&quot;:&quot;%&quot;,&quot;size&quot;:77,&quot;sizes&quot;:[]},&quot;_id&quot;:&quot;8581d7b&quot;,&quot;hotspot_label&quot;:&quot;&quot;,&quot;hotspot_horizontal&quot;:&quot;left&quot;,&quot;hotspot_vertical&quot;:&quot;top&quot;,&quot;hotspot_tooltip_position&quot;:&quot;no&quot;,&quot;hotspot_position&quot;:null,&quot;hotspot_position_tablet&quot;:null,&quot;hotspot_position_mobile&quot;:null,&quot;hotspot_icon_position&quot;:null,&quot;hotspot_offset_x_tablet&quot;:{&quot;unit&quot;:&quot;px&quot;,&quot;size&quot;:&quot;&quot;,&quot;sizes&quot;:[]},&quot;hotspot_offset_x_mobile&quot;:{&quot;unit&quot;:&quot;px&quot;,&quot;size&quot;:&quot;&quot;,&quot;sizes&quot;:[]},&quot;hotspot_offset_y&quot;:{&quot;unit&quot;:&quot;%&quot;,&quot;size&quot;:50,&quot;sizes&quot;:[]},&quot;hotspot_offset_y_tablet&quot;:{&quot;unit&quot;:&quot;px&quot;,&quot;size&quot;:&quot;&quot;,&quot;sizes&quot;:[]},&quot;hotspot_offset_y_mobile&quot;:{&quot;unit&quot;:&quot;px&quot;,&quot;size&quot;:&quot;&quot;,&quot;sizes&quot;:[]},&quot;hotspot_tooltip_width&quot;:null,&quot;hotspot_tooltip_width_tablet&quot;:null,&quot;hotspot_tooltip_width_mobile&quot;:null,&quot;hotspot_tooltip_text_wrap&quot;:null},{&quot;hotspot_link&quot;:{&quot;url&quot;:&quot;https:\\\/\\\/www.misionerasdecristojesus.com\\\/regiones-y-delegaciones\\\/japon\\\/&quot;,&quot;is_external&quot;:&quot;&quot;,&quot;nofollow&quot;:&quot;&quot;,&quot;custom_attributes&quot;:&quot;&quot;},&quot;hotspot_icon&quot;:{&quot;value&quot;:&quot;fas fa-map-marker-alt&quot;,&quot;library&quot;:&quot;fa-solid&quot;},&quot;hotspot_icon_spacing&quot;:null,&quot;hotspot_custom_size&quot;:&quot;&quot;,&quot;hotspot_width&quot;:null,&quot;hotspot_height&quot;:null,&quot;hotspot_tooltip_content&quot;:&quot;&lt;p&gt;&lt;span style=\\&quot;font-weight: 400;\\&quot;&gt;JAP\\u00d3N&lt;\\\/span&gt;&lt;\\\/p&gt;&quot;,&quot;hotspot_offset_x&quot;:{&quot;unit&quot;:&quot;%&quot;,&quot;size&quot;:83,&quot;sizes&quot;:[]},&quot;hotspot_offset_y&quot;:{&quot;unit&quot;:&quot;%&quot;,&quot;size&quot;:39,&quot;sizes&quot;:[]},&quot;_id&quot;:&quot;2d1cd60&quot;,&quot;hotspot_label&quot;:&quot;&quot;,&quot;hotspot_horizontal&quot;:&quot;left&quot;,&quot;hotspot_vertical&quot;:&quot;top&quot;,&quot;hotspot_tooltip_position&quot;:&quot;no&quot;,&quot;hotspot_position&quot;:null,&quot;hotspot_position_tablet&quot;:null,&quot;hotspot_position_mobile&quot;:null,&quot;hotspot_icon_position&quot;:null,&quot;hotspot_offset_x_tablet&quot;:{&quot;unit&quot;:&quot;px&quot;,&quot;size&quot;:&quot;&quot;,&quot;sizes&quot;:[]},&quot;hotspot_offset_x_mobile&quot;:{&quot;unit&quot;:&quot;px&quot;,&quot;size&quot;:&quot;&quot;,&quot;sizes&quot;:[]},&quot;hotspot_offset_y_tablet&quot;:{&quot;unit&quot;:&quot;px&quot;,&quot;size&quot;:&quot;&quot;,&quot;sizes&quot;:[]},&quot;hotspot_offset_y_mobile&quot;:{&quot;unit&quot;:&quot;px&quot;,&quot;size&quot;:&quot;&quot;,&quot;sizes&quot;:[]},&quot;hotspot_tooltip_width&quot;:null,&quot;hotspot_tooltip_width_tablet&quot;:null,&quot;hotspot_tooltip_width_mobile&quot;:null,&quot;hotspot_tooltip_text_wrap&quot;:null},{&quot;hotspot_link&quot;:{&quot;url&quot;:&quot;https:\\\/\\\/www.misionerasdecristojesus.com\\\/regiones-y-delegaciones\\\/latinoamerica\\\/&quot;,&quot;is_external&quot;:&quot;&quot;,&quot;nofollow&quot;:&quot;&quot;,&quot;custom_attributes&quot;:&quot;&quot;},&quot;hotspot_icon&quot;:{&quot;value&quot;:&quot;fas fa-map-marker-alt&quot;,&quot;library&quot;:&quot;fa-solid&quot;},&quot;hotspot_icon_spacing&quot;:null,&quot;hotspot_custom_size&quot;:&quot;&quot;,&quot;hotspot_width&quot;:null,&quot;hotspot_height&quot;:null,&quot;hotspot_tooltip_content&quot;:&quot;&lt;p&gt;&lt;span style=\\&quot;font-weight: 400;\\&quot;&gt;VENEZUELA&lt;\\\/span&gt;&lt;\\\/p&gt;&quot;,&quot;hotspot_offset_x&quot;:{&quot;unit&quot;:&quot;%&quot;,&quot;size&quot;:21,&quot;sizes&quot;:[]},&quot;hotspot_offset_y&quot;:{&quot;unit&quot;:&quot;%&quot;,&quot;size&quot;:52,&quot;sizes&quot;:[]},&quot;_id&quot;:&quot;c05df93&quot;,&quot;hotspot_label&quot;:&quot;&quot;,&quot;hotspot_horizontal&quot;:&quot;left&quot;,&quot;hotspot_vertical&quot;:&quot;top&quot;,&quot;hotspot_tooltip_position&quot;:&quot;no&quot;,&quot;hotspot_position&quot;:null,&quot;hotspot_position_tablet&quot;:null,&quot;hotspot_position_mobile&quot;:null,&quot;hotspot_icon_position&quot;:null,&quot;hotspot_offset_x_tablet&quot;:{&quot;unit&quot;:&quot;px&quot;,&quot;size&quot;:&quot;&quot;,&quot;sizes&quot;:[]},&quot;hotspot_offset_x_mobile&quot;:{&quot;unit&quot;:&quot;px&quot;,&quot;size&quot;:&quot;&quot;,&quot;sizes&quot;:[]},&quot;hotspot_offset_y_tablet&quot;:{&quot;unit&quot;:&quot;px&quot;,&quot;size&quot;:&quot;&quot;,&quot;sizes&quot;:[]},&quot;hotspot_offset_y_mobile&quot;:{&quot;unit&quot;:&quot;px&quot;,&quot;size&quot;:&quot;&quot;,&quot;sizes&quot;:[]},&quot;hotspot_tooltip_width&quot;:null,&quot;hotspot_tooltip_width_tablet&quot;:null,&quot;hotspot_tooltip_width_mobile&quot;:null,&quot;hotspot_tooltip_text_wrap&quot;:null},{&quot;hotspot_link&quot;:{&quot;url&quot;:&quot;https:\\\/\\\/www.misionerasdecristojesus.com\\\/regiones-y-delegaciones\\\/latinoamerica\\\/&quot;,&quot;is_external&quot;:&quot;&quot;,&quot;nofollow&quot;:&quot;&quot;,&quot;custom_attributes&quot;:&quot;&quot;},&quot;hotspot_icon&quot;:{&quot;value&quot;:&quot;fas fa-map-marker-alt&quot;,&quot;library&quot;:&quot;fa-solid&quot;},&quot;hotspot_icon_spacing&quot;:null,&quot;hotspot_custom_size&quot;:&quot;&quot;,&quot;hotspot_width&quot;:null,&quot;hotspot_height&quot;:null,&quot;hotspot_tooltip_content&quot;:&quot;&lt;p&gt;&lt;span style=\\&quot;font-weight: 400;\\&quot;&gt;BOLIVIA&lt;\\\/span&gt;&lt;\\\/p&gt;&quot;,&quot;hotspot_offset_x&quot;:{&quot;unit&quot;:&quot;%&quot;,&quot;size&quot;:20,&quot;sizes&quot;:[]},&quot;hotspot_offset_y&quot;:{&quot;unit&quot;:&quot;%&quot;,&quot;size&quot;:63,&quot;sizes&quot;:[]},&quot;_id&quot;:&quot;87b79e2&quot;,&quot;hotspot_label&quot;:&quot;&quot;,&quot;hotspot_horizontal&quot;:&quot;left&quot;,&quot;hotspot_vertical&quot;:&quot;top&quot;,&quot;hotspot_tooltip_position&quot;:&quot;no&quot;,&quot;hotspot_position&quot;:null,&quot;hotspot_position_tablet&quot;:null,&quot;hotspot_position_mobile&quot;:null,&quot;hotspot_icon_position&quot;:null,&quot;hotspot_offset_x_tablet&quot;:{&quot;unit&quot;:&quot;px&quot;,&quot;size&quot;:&quot;&quot;,&quot;sizes&quot;:[]},&quot;hotspot_offset_x_mobile&quot;:{&quot;unit&quot;:&quot;px&quot;,&quot;size&quot;:&quot;&quot;,&quot;sizes&quot;:[]},&quot;hotspot_offset_y_tablet&quot;:{&quot;unit&quot;:&quot;px&quot;,&quot;size&quot;:&quot;&quot;,&quot;sizes&quot;:[]},&quot;hotspot_offset_y_mobile&quot;:{&quot;unit&quot;:&quot;px&quot;,&quot;size&quot;:&quot;&quot;,&quot;sizes&quot;:[]},&quot;hotspot_tooltip_width&quot;:null,&quot;hotspot_tooltip_width_tablet&quot;:null,&quot;hotspot_tooltip_width_mobile&quot;:null,&quot;hotspot_tooltip_text_wrap&quot;:null},{&quot;hotspot_link&quot;:{&quot;url&quot;:&quot;https:\\\/\\\/www.misionerasdecristojesus.com\\\/regiones-y-delegaciones\\\/latinoamerica\\\/&quot;,&quot;is_external&quot;:&quot;&quot;,&quot;nofollow&quot;:&quot;&quot;,&quot;custom_attributes&quot;:&quot;&quot;},&quot;hotspot_icon&quot;:{&quot;value&quot;:&quot;fas fa-map-marker-alt&quot;,&quot;library&quot;:&quot;fa-solid&quot;},&quot;hotspot_icon_spacing&quot;:null,&quot;hotspot_custom_size&quot;:&quot;&quot;,&quot;hotspot_width&quot;:null,&quot;hotspot_height&quot;:null,&quot;hotspot_tooltip_content&quot;:&quot;&lt;p&gt;&lt;span style=\\&quot;font-weight: 400;\\&quot;&gt;CHILE&lt;\\\/span&gt;&lt;\\\/p&gt;&quot;,&quot;hotspot_offset_x&quot;:{&quot;unit&quot;:&quot;%&quot;,&quot;size&quot;:17,&quot;sizes&quot;:[]},&quot;hotspot_offset_y&quot;:{&quot;unit&quot;:&quot;%&quot;,&quot;size&quot;:71,&quot;sizes&quot;:[]},&quot;_id&quot;:&quot;9cec71c&quot;,&quot;hotspot_label&quot;:&quot;&quot;,&quot;hotspot_horizontal&quot;:&quot;left&quot;,&quot;hotspot_vertical&quot;:&quot;top&quot;,&quot;hotspot_tooltip_position&quot;:&quot;no&quot;,&quot;hotspot_position&quot;:null,&quot;hotspot_position_tablet&quot;:null,&quot;hotspot_position_mobile&quot;:null,&quot;hotspot_icon_position&quot;:null,&quot;hotspot_offset_x_tablet&quot;:{&quot;unit&quot;:&quot;px&quot;,&quot;size&quot;:&quot;&quot;,&quot;sizes&quot;:[]},&quot;hotspot_offset_x_mobile&quot;:{&quot;unit&quot;:&quot;px&quot;,&quot;size&quot;:&quot;&quot;,&quot;sizes&quot;:[]},&quot;hotspot_offset_y_tablet&quot;:{&quot;unit&quot;:&quot;px&quot;,&quot;size&quot;:&quot;&quot;,&quot;sizes&quot;:[]},&quot;hotspot_offset_y_mobile&quot;:{&quot;unit&quot;:&quot;px&quot;,&quot;size&quot;:&quot;&quot;,&quot;sizes&quot;:[]},&quot;hotspot_tooltip_width&quot;:null,&quot;hotspot_tooltip_width_tablet&quot;:null,&quot;hotspot_tooltip_width_mobile&quot;:null,&quot;hotspot_tooltip_text_wrap&quot;:null}],&quot;tooltip_position&quot;:&quot;right&quot;,&quot;tooltip_trigger&quot;:&quot;mouseenter&quot;,&quot;tooltip_animation&quot;:&quot;e-hotspot--fade-direction&quot;}\" data-widget_type=\"hotspot.default\">\n\t\t\t\t<div class=\"elementor-widget-container\">\n\t\t\t\t\t<img loading=\"lazy\" decoding=\"async\" width=\"1080\" height=\"800\" src=\"https:\/\/www.misionerasdecristojesus.com\/wp-content\/uploads\/2023\/04\/Diseno-sin-titulo-1.jpg\" class=\"attachment-full size-full wp-image-298\" alt=\"\" srcset=\"https:\/\/www.misionerasdecristojesus.com\/wp-content\/uploads\/2023\/04\/Diseno-sin-titulo-1.jpg 1080w, https:\/\/www.misionerasdecristojesus.com\/wp-content\/uploads\/2023\/04\/Diseno-sin-titulo-1-300x222.jpg 300w, https:\/\/www.misionerasdecristojesus.com\/wp-content\/uploads\/2023\/04\/Diseno-sin-titulo-1-1024x759.jpg 1024w, https:\/\/www.misionerasdecristojesus.com\/wp-content\/uploads\/2023\/04\/Diseno-sin-titulo-1-768x569.jpg 768w\" sizes=\"(max-width: 1080px) 100vw, 1080px\" \/>\n\t\t\t\t\t\t<a class=\"e-hotspot elementor-repeater-item-6f30f0b  e-hotspot--position-left e-hotspot--position-top e-hotspot--link  e-hotspot--icon\" href=\"https:\/\/www.misionerasdecristojesus.com\/regiones-y-delegaciones\/region-espana\/\">\n\n\t\t\t\t\t\t\t\t<div class=\"e-hotspot__button e-hotspot--expand\">\n\t\t\t\t\t\t\t\t\t\t\t\t\t\t\t\t\t\t<div class=\"e-hotspot__icon\"><i class=\"fas fa-map-marker-alt\"><\/i><\/div>\n\t\t\t\t\t\t\t\t\t\t\t\t\t\t\t\t\t\t\t\t\t<\/div>\n\n\t\t\t\t\t\t\t\t\t\t\t\t\t\t\t\t\t\t\t<div class=\"e-hotspot__direction-mask e-hotspot--tooltip-position\">\n\t\t\t\t\t\t\t\t\t\t<div class=\"e-hotspot__tooltip   e-hotspot--fade-direction \" >\n\t\t\t\t\t\t<p>ESPA\u00d1A<\/p>\t\t\t\t\t<\/div>\n\t\t\t\t\t\t\t\t\t\t\t<\/div>\n\t\t\t\t\t\t\t\t\t\n\t\t\t<\/a>\n\n\t\n\t\t\t\t\t\t<a class=\"e-hotspot elementor-repeater-item-8f32ea1  e-hotspot--position-left e-hotspot--position-top e-hotspot--link  e-hotspot--icon\" href=\"https:\/\/www.misionerasdecristojesus.com\/regiones-y-delegaciones\/africa\/\">\n\n\t\t\t\t\t\t\t\t<div class=\"e-hotspot__button e-hotspot--expand\">\n\t\t\t\t\t\t\t\t\t\t\t\t\t\t\t\t\t\t<div class=\"e-hotspot__icon\"><i class=\"fas fa-map-marker-alt\"><\/i><\/div>\n\t\t\t\t\t\t\t\t\t\t\t\t\t\t\t\t\t\t\t\t\t<\/div>\n\n\t\t\t\t\t\t\t\t\t\t\t\t\t\t\t\t\t\t\t<div class=\"e-hotspot__direction-mask e-hotspot--tooltip-position\">\n\t\t\t\t\t\t\t\t\t\t<div class=\"e-hotspot__tooltip   e-hotspot--fade-direction \" >\n\t\t\t\t\t\t<p><span style=\"font-weight: 400;\">REP. D. DU CONGO<\/span><\/p>\t\t\t\t\t<\/div>\n\t\t\t\t\t\t\t\t\t\t\t<\/div>\n\t\t\t\t\t\t\t\t\t\n\t\t\t<\/a>\n\n\t\n\t\t\t\t\t\t<a class=\"e-hotspot elementor-repeater-item-af88ad1  e-hotspot--position-left e-hotspot--position-top e-hotspot--link  e-hotspot--icon\" href=\"https:\/\/www.misionerasdecristojesus.com\/regiones-y-delegaciones\/africa\/\">\n\n\t\t\t\t\t\t\t\t<div class=\"e-hotspot__button e-hotspot--expand\">\n\t\t\t\t\t\t\t\t\t\t\t\t\t\t\t\t\t\t<div class=\"e-hotspot__icon\"><i class=\"fas fa-map-marker-alt\"><\/i><\/div>\n\t\t\t\t\t\t\t\t\t\t\t\t\t\t\t\t\t\t\t\t\t<\/div>\n\n\t\t\t\t\t\t\t\t\t\t\t\t\t\t\t\t\t\t\t<div class=\"e-hotspot__direction-mask e-hotspot--tooltip-position\">\n\t\t\t\t\t\t\t\t\t\t<div class=\"e-hotspot__tooltip   e-hotspot--fade-direction \" >\n\t\t\t\t\t\t<p><span style=\"font-weight: 400;\">CHAD<\/span><\/p>\t\t\t\t\t<\/div>\n\t\t\t\t\t\t\t\t\t\t\t<\/div>\n\t\t\t\t\t\t\t\t\t\n\t\t\t<\/a>\n\n\t\n\t\t\t\t\t\t<a class=\"e-hotspot elementor-repeater-item-78443b5  e-hotspot--position-left e-hotspot--position-top e-hotspot--link  e-hotspot--icon\" href=\"https:\/\/www.misionerasdecristojesus.com\/regiones-y-delegaciones\/africa\/\">\n\n\t\t\t\t\t\t\t\t<div class=\"e-hotspot__button e-hotspot--expand\">\n\t\t\t\t\t\t\t\t\t\t\t\t\t\t\t\t\t\t<div class=\"e-hotspot__icon\"><i class=\"fas fa-map-marker-alt\"><\/i><\/div>\n\t\t\t\t\t\t\t\t\t\t\t\t\t\t\t\t\t\t\t\t\t<\/div>\n\n\t\t\t\t\t\t\t\t\t\t\t\t\t\t\t\t\t\t\t<div class=\"e-hotspot__direction-mask e-hotspot--tooltip-position\">\n\t\t\t\t\t\t\t\t\t\t<div class=\"e-hotspot__tooltip   e-hotspot--fade-direction \" >\n\t\t\t\t\t\t<p><span style=\"font-weight: 400;\">CAMER\u00daN<\/span><\/p>\t\t\t\t\t<\/div>\n\t\t\t\t\t\t\t\t\t\t\t<\/div>\n\t\t\t\t\t\t\t\t\t\n\t\t\t<\/a>\n\n\t\n\t\t\t\t\t\t<a class=\"e-hotspot elementor-repeater-item-ca6c7f6  e-hotspot--position-left e-hotspot--position-top e-hotspot--link  e-hotspot--icon\" href=\"https:\/\/www.misionerasdecristojesus.com\/regiones-y-delegaciones\/asia\/\">\n\n\t\t\t\t\t\t\t\t<div class=\"e-hotspot__button e-hotspot--expand\">\n\t\t\t\t\t\t\t\t\t\t\t\t\t\t\t\t\t\t<div class=\"e-hotspot__icon\"><i class=\"fas fa-map-marker-alt\"><\/i><\/div>\n\t\t\t\t\t\t\t\t\t\t\t\t\t\t\t\t\t\t\t\t\t<\/div>\n\n\t\t\t\t\t\t\t\t\t\t\t\t\t\t\t\t\t\t\t<div class=\"e-hotspot__direction-mask e-hotspot--tooltip-position\">\n\t\t\t\t\t\t\t\t\t\t<div class=\"e-hotspot__tooltip   e-hotspot--fade-direction \" >\n\t\t\t\t\t\t<p><span style=\"font-weight: 400;\">INDIA<\/span><\/p>\t\t\t\t\t<\/div>\n\t\t\t\t\t\t\t\t\t\t\t<\/div>\n\t\t\t\t\t\t\t\t\t\n\t\t\t<\/a>\n\n\t\n\t\t\t\t\t\t<a class=\"e-hotspot elementor-repeater-item-08b80bc  e-hotspot--position-left e-hotspot--position-top e-hotspot--link  e-hotspot--icon\" href=\"https:\/\/www.misionerasdecristojesus.com\/regiones-y-delegaciones\/asia\/\">\n\n\t\t\t\t\t\t\t\t<div class=\"e-hotspot__button e-hotspot--expand\">\n\t\t\t\t\t\t\t\t\t\t\t\t\t\t\t\t\t\t<div class=\"e-hotspot__icon\"><i class=\"fas fa-map-marker-alt\"><\/i><\/div>\n\t\t\t\t\t\t\t\t\t\t\t\t\t\t\t\t\t\t\t\t\t<\/div>\n\n\t\t\t\t\t\t\t\t\t\t\t\t\t\t\t\t\t\t\t<div class=\"e-hotspot__direction-mask e-hotspot--tooltip-position\">\n\t\t\t\t\t\t\t\t\t\t<div class=\"e-hotspot__tooltip   e-hotspot--fade-direction \" >\n\t\t\t\t\t\t<p><span style=\"font-weight: 400;\">CHINA<\/span><\/p>\t\t\t\t\t<\/div>\n\t\t\t\t\t\t\t\t\t\t\t<\/div>\n\t\t\t\t\t\t\t\t\t\n\t\t\t<\/a>\n\n\t\n\t\t\t\t\t\t<a class=\"e-hotspot elementor-repeater-item-8581d7b  e-hotspot--position-left e-hotspot--position-top e-hotspot--link  e-hotspot--icon\" href=\"https:\/\/www.misionerasdecristojesus.com\/regiones-y-delegaciones\/asia\/\">\n\n\t\t\t\t\t\t\t\t<div class=\"e-hotspot__button e-hotspot--expand\">\n\t\t\t\t\t\t\t\t\t\t\t\t\t\t\t\t\t\t<div class=\"e-hotspot__icon\"><i class=\"fas fa-map-marker-alt\"><\/i><\/div>\n\t\t\t\t\t\t\t\t\t\t\t\t\t\t\t\t\t\t\t\t\t<\/div>\n\n\t\t\t\t\t\t\t\t\t\t\t\t\t\t\t\t\t\t\t<div class=\"e-hotspot__direction-mask e-hotspot--tooltip-position\">\n\t\t\t\t\t\t\t\t\t\t<div class=\"e-hotspot__tooltip   e-hotspot--fade-direction \" >\n\t\t\t\t\t\t<p><span style=\"font-weight: 400;\">VIETNAM<\/span><\/p>\t\t\t\t\t<\/div>\n\t\t\t\t\t\t\t\t\t\t\t<\/div>\n\t\t\t\t\t\t\t\t\t\n\t\t\t<\/a>\n\n\t\n\t\t\t\t\t\t<a class=\"e-hotspot elementor-repeater-item-2d1cd60  e-hotspot--position-left e-hotspot--position-top e-hotspot--link  e-hotspot--icon\" href=\"https:\/\/www.misionerasdecristojesus.com\/regiones-y-delegaciones\/japon\/\">\n\n\t\t\t\t\t\t\t\t<div class=\"e-hotspot__button e-hotspot--expand\">\n\t\t\t\t\t\t\t\t\t\t\t\t\t\t\t\t\t\t<div class=\"e-hotspot__icon\"><i class=\"fas fa-map-marker-alt\"><\/i><\/div>\n\t\t\t\t\t\t\t\t\t\t\t\t\t\t\t\t\t\t\t\t\t<\/div>\n\n\t\t\t\t\t\t\t\t\t\t\t\t\t\t\t\t\t\t\t<div class=\"e-hotspot__direction-mask e-hotspot--tooltip-position\">\n\t\t\t\t\t\t\t\t\t\t<div class=\"e-hotspot__tooltip   e-hotspot--fade-direction \" >\n\t\t\t\t\t\t<p><span style=\"font-weight: 400;\">JAP\u00d3N<\/span><\/p>\t\t\t\t\t<\/div>\n\t\t\t\t\t\t\t\t\t\t\t<\/div>\n\t\t\t\t\t\t\t\t\t\n\t\t\t<\/a>\n\n\t\n\t\t\t\t\t\t<a class=\"e-hotspot elementor-repeater-item-c05df93  e-hotspot--position-left e-hotspot--position-top e-hotspot--link  e-hotspot--icon\" href=\"https:\/\/www.misionerasdecristojesus.com\/regiones-y-delegaciones\/latinoamerica\/\">\n\n\t\t\t\t\t\t\t\t<div class=\"e-hotspot__button e-hotspot--expand\">\n\t\t\t\t\t\t\t\t\t\t\t\t\t\t\t\t\t\t<div class=\"e-hotspot__icon\"><i class=\"fas fa-map-marker-alt\"><\/i><\/div>\n\t\t\t\t\t\t\t\t\t\t\t\t\t\t\t\t\t\t\t\t\t<\/div>\n\n\t\t\t\t\t\t\t\t\t\t\t\t\t\t\t\t\t\t\t<div class=\"e-hotspot__direction-mask e-hotspot--tooltip-position\">\n\t\t\t\t\t\t\t\t\t\t<div class=\"e-hotspot__tooltip   e-hotspot--fade-direction \" >\n\t\t\t\t\t\t<p><span style=\"font-weight: 400;\">VENEZUELA<\/span><\/p>\t\t\t\t\t<\/div>\n\t\t\t\t\t\t\t\t\t\t\t<\/div>\n\t\t\t\t\t\t\t\t\t\n\t\t\t<\/a>\n\n\t\n\t\t\t\t\t\t<a class=\"e-hotspot elementor-repeater-item-87b79e2  e-hotspot--position-left e-hotspot--position-top e-hotspot--link  e-hotspot--icon\" href=\"https:\/\/www.misionerasdecristojesus.com\/regiones-y-delegaciones\/latinoamerica\/\">\n\n\t\t\t\t\t\t\t\t<div class=\"e-hotspot__button e-hotspot--expand\">\n\t\t\t\t\t\t\t\t\t\t\t\t\t\t\t\t\t\t<div class=\"e-hotspot__icon\"><i class=\"fas fa-map-marker-alt\"><\/i><\/div>\n\t\t\t\t\t\t\t\t\t\t\t\t\t\t\t\t\t\t\t\t\t<\/div>\n\n\t\t\t\t\t\t\t\t\t\t\t\t\t\t\t\t\t\t\t<div class=\"e-hotspot__direction-mask e-hotspot--tooltip-position\">\n\t\t\t\t\t\t\t\t\t\t<div class=\"e-hotspot__tooltip   e-hotspot--fade-direction \" >\n\t\t\t\t\t\t<p><span style=\"font-weight: 400;\">BOLIVIA<\/span><\/p>\t\t\t\t\t<\/div>\n\t\t\t\t\t\t\t\t\t\t\t<\/div>\n\t\t\t\t\t\t\t\t\t\n\t\t\t<\/a>\n\n\t\n\t\t\t\t\t\t<a class=\"e-hotspot elementor-repeater-item-9cec71c  e-hotspot--position-left e-hotspot--position-top e-hotspot--link  e-hotspot--icon\" href=\"https:\/\/www.misionerasdecristojesus.com\/regiones-y-delegaciones\/latinoamerica\/\">\n\n\t\t\t\t\t\t\t\t<div class=\"e-hotspot__button e-hotspot--expand\">\n\t\t\t\t\t\t\t\t\t\t\t\t\t\t\t\t\t\t<div class=\"e-hotspot__icon\"><i class=\"fas fa-map-marker-alt\"><\/i><\/div>\n\t\t\t\t\t\t\t\t\t\t\t\t\t\t\t\t\t\t\t\t\t<\/div>\n\n\t\t\t\t\t\t\t\t\t\t\t\t\t\t\t\t\t\t\t<div class=\"e-hotspot__direction-mask e-hotspot--tooltip-position\">\n\t\t\t\t\t\t\t\t\t\t<div class=\"e-hotspot__tooltip   e-hotspot--fade-direction \" >\n\t\t\t\t\t\t<p><span style=\"font-weight: 400;\">CHILE<\/span><\/p>\t\t\t\t\t<\/div>\n\t\t\t\t\t\t\t\t\t\t\t<\/div>\n\t\t\t\t\t\t\t\t\t\n\t\t\t<\/a>\n\n\t\n\t\t\t\t\t\t<\/div>\n\t\t\t\t<\/div>\n\t\t\t\t\t<\/div>\n\t\t<\/div>\n\t\t\t\t\t<\/div>\n\t\t<\/section>\n\t\t\t\t<section class=\"elementor-section elementor-top-section elementor-element elementor-element-86b0153 elementor-section-boxed elementor-section-height-default elementor-section-height-default\" data-id=\"86b0153\" data-element_type=\"section\" data-e-type=\"section\">\n\t\t\t\t\t\t<div class=\"elementor-container elementor-column-gap-default\">\n\t\t\t\t\t<div class=\"elementor-column elementor-col-100 elementor-top-column elementor-element elementor-element-e705f5c\" data-id=\"e705f5c\" data-element_type=\"column\" data-e-type=\"column\">\n\t\t\t<div class=\"elementor-widget-wrap elementor-element-populated\">\n\t\t\t\t\t\t<div class=\"elementor-element elementor-element-a52890a elementor-invisible elementor-widget elementor-widget-heading\" data-id=\"a52890a\" data-element_type=\"widget\" data-e-type=\"widget\" data-settings=\"{&quot;_animation&quot;:&quot;fadeInUp&quot;}\" data-widget_type=\"heading.default\">\n\t\t\t\t<div class=\"elementor-widget-container\">\n\t\t\t\t\t<h3 class=\"elementor-heading-title elementor-size-default\">suscribete<\/h3>\t\t\t\t<\/div>\n\t\t\t\t<\/div>\n\t\t\t\t<div class=\"elementor-element elementor-element-0c43b1b elementor-invisible elementor-widget elementor-widget-heading\" data-id=\"0c43b1b\" data-element_type=\"widget\" data-e-type=\"widget\" data-settings=\"{&quot;_animation&quot;:&quot;fadeInUp&quot;}\" data-widget_type=\"heading.default\">\n\t\t\t\t<div class=\"elementor-widget-container\">\n\t\t\t\t\t<h2 class=\"elementor-heading-title elementor-size-default\">Nuestro Blog<\/h2>\t\t\t\t<\/div>\n\t\t\t\t<\/div>\n\t\t\t\t<div class=\"elementor-element elementor-element-8a73b04 elementor-invisible elementor-widget elementor-widget-text-editor\" data-id=\"8a73b04\" data-element_type=\"widget\" data-e-type=\"widget\" data-settings=\"{&quot;_animation&quot;:&quot;fadeInUp&quot;,&quot;_animation_delay&quot;:100}\" data-widget_type=\"text-editor.default\">\n\t\t\t\t<div class=\"elementor-widget-container\">\n\t\t\t\t\t\t\t\t\t<p><b>Aqui podr\u00e1s encontrar todas las novedades sobre nuestros Boletines mensuales, as\u00ed como eventos y todos nuestros proyectos en las Actividades Misioneras que desarrollamos.\u00a0<\/b><\/p>\t\t\t\t\t\t\t\t<\/div>\n\t\t\t\t<\/div>\n\t\t\t\t<div class=\"elementor-element elementor-element-60c929c elementor-align-center elementor-widget elementor-widget-button\" data-id=\"60c929c\" data-element_type=\"widget\" data-e-type=\"widget\" data-widget_type=\"button.default\">\n\t\t\t\t<div class=\"elementor-widget-container\">\n\t\t\t\t\t\t\t\t\t<div class=\"elementor-button-wrapper\">\n\t\t\t\t\t<a class=\"elementor-button elementor-button-link elementor-size-sm\" href=\"https:\/\/www.misionerasdecristojesus.com\/blog\/\">\n\t\t\t\t\t\t<span class=\"elementor-button-content-wrapper\">\n\t\t\t\t\t\t\t\t\t<span class=\"elementor-button-text\">NUESTRO BLOG<\/span>\n\t\t\t\t\t<\/span>\n\t\t\t\t\t<\/a>\n\t\t\t\t<\/div>\n\t\t\t\t\t\t\t\t<\/div>\n\t\t\t\t<\/div>\n\t\t\t\t<div class=\"elementor-element elementor-element-1e6a264 elementor-grid-3 elementor-grid-tablet-2 elementor-grid-mobile-1 elementor-posts--thumbnail-top elementor-widget elementor-widget-posts\" data-id=\"1e6a264\" data-element_type=\"widget\" data-e-type=\"widget\" data-settings=\"{&quot;classic_columns&quot;:&quot;3&quot;,&quot;classic_columns_tablet&quot;:&quot;2&quot;,&quot;classic_columns_mobile&quot;:&quot;1&quot;,&quot;classic_row_gap&quot;:{&quot;unit&quot;:&quot;px&quot;,&quot;size&quot;:35,&quot;sizes&quot;:[]},&quot;classic_row_gap_tablet&quot;:{&quot;unit&quot;:&quot;px&quot;,&quot;size&quot;:&quot;&quot;,&quot;sizes&quot;:[]},&quot;classic_row_gap_mobile&quot;:{&quot;unit&quot;:&quot;px&quot;,&quot;size&quot;:&quot;&quot;,&quot;sizes&quot;:[]}}\" data-widget_type=\"posts.classic\">\n\t\t\t\t<div class=\"elementor-widget-container\">\n\t\t\t\t\t\t\t<div class=\"elementor-posts-container elementor-posts elementor-posts--skin-classic elementor-grid\" role=\"list\">\n\t\t\t\t<article class=\"elementor-post elementor-grid-item post-2426 post type-post status-publish format-standard has-post-thumbnail hentry category-donativos category-voluntariado\" role=\"listitem\">\n\t\t\t\t<a class=\"elementor-post__thumbnail__link\" href=\"https:\/\/www.misionerasdecristojesus.com\/en\/la-solidaridad-que-se-convierte-en-esperanza\/\" tabindex=\"-1\" >\n\t\t\t<div class=\"elementor-post__thumbnail\"><img loading=\"lazy\" decoding=\"async\" width=\"1960\" height=\"1110\" src=\"https:\/\/www.misionerasdecristojesus.com\/wp-content\/uploads\/2026\/08\/PLANTILLA-PROYECTOS-WEB-1960-x-1110-px-2.png\" class=\"attachment-full size-full wp-image-2428\" alt=\"la-solidaridad-que-se-convierte-en-esperanza\" srcset=\"https:\/\/www.misionerasdecristojesus.com\/wp-content\/uploads\/2026\/08\/PLANTILLA-PROYECTOS-WEB-1960-x-1110-px-2.png 1960w, https:\/\/www.misionerasdecristojesus.com\/wp-content\/uploads\/2026\/08\/PLANTILLA-PROYECTOS-WEB-1960-x-1110-px-2-300x170.png 300w, https:\/\/www.misionerasdecristojesus.com\/wp-content\/uploads\/2026\/08\/PLANTILLA-PROYECTOS-WEB-1960-x-1110-px-2-1024x580.png 1024w, https:\/\/www.misionerasdecristojesus.com\/wp-content\/uploads\/2026\/08\/PLANTILLA-PROYECTOS-WEB-1960-x-1110-px-2-768x435.png 768w, https:\/\/www.misionerasdecristojesus.com\/wp-content\/uploads\/2026\/08\/PLANTILLA-PROYECTOS-WEB-1960-x-1110-px-2-1536x870.png 1536w, https:\/\/www.misionerasdecristojesus.com\/wp-content\/uploads\/2026\/08\/PLANTILLA-PROYECTOS-WEB-1960-x-1110-px-2-18x10.png 18w\" sizes=\"(max-width: 1960px) 100vw, 1960px\" \/><\/div>\n\t\t<\/a>\n\t\t\t\t<div class=\"elementor-post__text\">\n\t\t\t\t<h3 class=\"elementor-post__title\">\n\t\t\t<a href=\"https:\/\/www.misionerasdecristojesus.com\/en\/la-solidaridad-que-se-convierte-en-esperanza\/\" >\n\t\t\t\tLa solidaridad que se convierte en esperanza\t\t\t<\/a>\n\t\t<\/h3>\n\t\t\t\t<div class=\"elementor-post__meta-data\">\n\t\t\t\t\t<span class=\"elementor-post-date\">\n\t\t\t31 de August de 2026\t\t<\/span>\n\t\t\t\t<\/div>\n\t\t\t\t<div class=\"elementor-post__excerpt\">\n\t\t\t<p>La solidaridad que se convierte en esperanza En medio de las dificultades que siguen afectando a numerosas familias en Venezuela, nuestras hermanas Misioneras de Cristo<\/p>\n\t\t<\/div>\n\t\t\n\t\t<a class=\"elementor-post__read-more\" href=\"https:\/\/www.misionerasdecristojesus.com\/en\/la-solidaridad-que-se-convierte-en-esperanza\/\" aria-label=\"Read more about La solidaridad que se convierte en esperanza\" tabindex=\"-1\" >\n\t\t\tLeer m\u00e1s \u00bb\t\t<\/a>\n\n\t\t\t\t<\/div>\n\t\t\t\t<\/article>\n\t\t\t\t<article class=\"elementor-post elementor-grid-item post-2373 post type-post status-publish format-standard has-post-thumbnail hentry category-eventos\" role=\"listitem\">\n\t\t\t\t<a class=\"elementor-post__thumbnail__link\" href=\"https:\/\/www.misionerasdecristojesus.com\/en\/82-anos-de-historia-fe-mision\/\" tabindex=\"-1\" >\n\t\t\t<div class=\"elementor-post__thumbnail\"><img loading=\"lazy\" decoding=\"async\" width=\"1920\" height=\"2560\" src=\"https:\/\/www.misionerasdecristojesus.com\/wp-content\/uploads\/2026\/06\/IMG_20260314_110834-scaled.jpg\" class=\"attachment-full size-full wp-image-2375\" alt=\"82-aniversario\" srcset=\"https:\/\/www.misionerasdecristojesus.com\/wp-content\/uploads\/2026\/06\/IMG_20260314_110834-scaled.jpg 1920w, https:\/\/www.misionerasdecristojesus.com\/wp-content\/uploads\/2026\/06\/IMG_20260314_110834-225x300.jpg 225w, https:\/\/www.misionerasdecristojesus.com\/wp-content\/uploads\/2026\/06\/IMG_20260314_110834-768x1024.jpg 768w, https:\/\/www.misionerasdecristojesus.com\/wp-content\/uploads\/2026\/06\/IMG_20260314_110834-1152x1536.jpg 1152w, https:\/\/www.misionerasdecristojesus.com\/wp-content\/uploads\/2026\/06\/IMG_20260314_110834-1536x2048.jpg 1536w, https:\/\/www.misionerasdecristojesus.com\/wp-content\/uploads\/2026\/06\/IMG_20260314_110834-9x12.jpg 9w\" sizes=\"(max-width: 1920px) 100vw, 1920px\" \/><\/div>\n\t\t<\/a>\n\t\t\t\t<div class=\"elementor-post__text\">\n\t\t\t\t<h3 class=\"elementor-post__title\">\n\t\t\t<a href=\"https:\/\/www.misionerasdecristojesus.com\/en\/82-anos-de-historia-fe-mision\/\" >\n\t\t\t\t82 a\u00f1os de historia, fe y misi\u00f3n\t\t\t<\/a>\n\t\t<\/h3>\n\t\t\t\t<div class=\"elementor-post__meta-data\">\n\t\t\t\t\t<span class=\"elementor-post-date\">\n\t\t\t15 de March de 2026\t\t<\/span>\n\t\t\t\t<\/div>\n\t\t\t\t<div class=\"elementor-post__excerpt\">\n\t\t\t<p>82 a\u00f1os de historia, fe y misi\u00f3n Misioneras de Cristo Jes\u00fas Hoy, 14 de marzo, celebramos con gratitud y emoci\u00f3n el 82 aniversario de la<\/p>\n\t\t<\/div>\n\t\t\n\t\t<a class=\"elementor-post__read-more\" href=\"https:\/\/www.misionerasdecristojesus.com\/en\/82-anos-de-historia-fe-mision\/\" aria-label=\"Read more about 82 a\u00f1os de historia, fe y misi\u00f3n\" tabindex=\"-1\" >\n\t\t\tLeer m\u00e1s \u00bb\t\t<\/a>\n\n\t\t\t\t<\/div>\n\t\t\t\t<\/article>\n\t\t\t\t<article class=\"elementor-post elementor-grid-item post-2411 post type-post status-publish format-standard has-post-thumbnail hentry category-nosotras\" role=\"listitem\">\n\t\t\t\t<a class=\"elementor-post__thumbnail__link\" href=\"https:\/\/www.misionerasdecristojesus.com\/en\/si-el-lo-quiere-lo-hara\/\" tabindex=\"-1\" >\n\t\t\t<div class=\"elementor-post__thumbnail\"><img loading=\"lazy\" decoding=\"async\" width=\"1920\" height=\"1125\" src=\"https:\/\/www.misionerasdecristojesus.com\/wp-content\/uploads\/2023\/03\/61f0509704cb1.jpeg\" class=\"attachment-full size-full wp-image-60\" alt=\"nuestra-fundadora-maria-camino-2016\" srcset=\"https:\/\/www.misionerasdecristojesus.com\/wp-content\/uploads\/2023\/03\/61f0509704cb1.jpeg 1920w, https:\/\/www.misionerasdecristojesus.com\/wp-content\/uploads\/2023\/03\/61f0509704cb1-300x176.jpeg 300w, https:\/\/www.misionerasdecristojesus.com\/wp-content\/uploads\/2023\/03\/61f0509704cb1-1024x600.jpeg 1024w, https:\/\/www.misionerasdecristojesus.com\/wp-content\/uploads\/2023\/03\/61f0509704cb1-768x450.jpeg 768w, https:\/\/www.misionerasdecristojesus.com\/wp-content\/uploads\/2023\/03\/61f0509704cb1-1536x900.jpeg 1536w\" sizes=\"(max-width: 1920px) 100vw, 1920px\" \/><\/div>\n\t\t<\/a>\n\t\t\t\t<div class=\"elementor-post__text\">\n\t\t\t\t<h3 class=\"elementor-post__title\">\n\t\t\t<a href=\"https:\/\/www.misionerasdecristojesus.com\/en\/si-el-lo-quiere-lo-hara\/\" >\n\t\t\t\t\u201cSi \u00c9l lo quiere\u2026 lo har\u00e1\u201d\t\t\t<\/a>\n\t\t<\/h3>\n\t\t\t\t<div class=\"elementor-post__meta-data\">\n\t\t\t\t\t<span class=\"elementor-post-date\">\n\t\t\t12 de January de 2026\t\t<\/span>\n\t\t\t\t<\/div>\n\t\t\t\t<div class=\"elementor-post__excerpt\">\n\t\t\t<p>\u201cYo no har\u00e9 nada, no dir\u00e9 nada, pero si el Se\u00f1or lo quiere, \u00c9l lo har\u00e1\u2026\u201d(Madre Camino, 1940) Esta frase, tan sencilla como profunda, ha<\/p>\n\t\t<\/div>\n\t\t\n\t\t<a class=\"elementor-post__read-more\" href=\"https:\/\/www.misionerasdecristojesus.com\/en\/si-el-lo-quiere-lo-hara\/\" aria-label=\"Read more about \u201cSi \u00c9l lo quiere\u2026 lo har\u00e1\u201d\" tabindex=\"-1\" >\n\t\t\tLeer m\u00e1s \u00bb\t\t<\/a>\n\n\t\t\t\t<\/div>\n\t\t\t\t<\/article>\n\t\t\t\t<article class=\"elementor-post elementor-grid-item post-2313 post type-post status-publish format-standard has-post-thumbnail hentry category-nosotras\" role=\"listitem\">\n\t\t\t\t<a class=\"elementor-post__thumbnail__link\" href=\"https:\/\/www.misionerasdecristojesus.com\/en\/feliz-navidad-2025\/\" tabindex=\"-1\" >\n\t\t\t<div class=\"elementor-post__thumbnail\"><img loading=\"lazy\" decoding=\"async\" width=\"526\" height=\"681\" src=\"https:\/\/www.misionerasdecristojesus.com\/wp-content\/uploads\/2025\/12\/WhatsApp-Image-2025-12-26-at-02.26.38.jpeg\" class=\"attachment-full size-full wp-image-2315\" alt=\"feliz-navidad-2025\" srcset=\"https:\/\/www.misionerasdecristojesus.com\/wp-content\/uploads\/2025\/12\/WhatsApp-Image-2025-12-26-at-02.26.38.jpeg 526w, https:\/\/www.misionerasdecristojesus.com\/wp-content\/uploads\/2025\/12\/WhatsApp-Image-2025-12-26-at-02.26.38-232x300.jpeg 232w, https:\/\/www.misionerasdecristojesus.com\/wp-content\/uploads\/2025\/12\/WhatsApp-Image-2025-12-26-at-02.26.38-9x12.jpeg 9w\" sizes=\"(max-width: 526px) 100vw, 526px\" \/><\/div>\n\t\t<\/a>\n\t\t\t\t<div class=\"elementor-post__text\">\n\t\t\t\t<h3 class=\"elementor-post__title\">\n\t\t\t<a href=\"https:\/\/www.misionerasdecristojesus.com\/en\/feliz-navidad-2025\/\" >\n\t\t\t\tFeliz Navidad 2025\t\t\t<\/a>\n\t\t<\/h3>\n\t\t\t\t<div class=\"elementor-post__meta-data\">\n\t\t\t\t\t<span class=\"elementor-post-date\">\n\t\t\t27 de December de 2025\t\t<\/span>\n\t\t\t\t<\/div>\n\t\t\t\t<div class=\"elementor-post__excerpt\">\n\t\t\t<p>Queridos amigos, este es el mensaje que quisiera dejarles esta Navidad:La Navidad no est\u00e1 atada a un calendario ni a una fecha precisa.Es Navidad cada<\/p>\n\t\t<\/div>\n\t\t\n\t\t<a class=\"elementor-post__read-more\" href=\"https:\/\/www.misionerasdecristojesus.com\/en\/feliz-navidad-2025\/\" aria-label=\"Read more about Feliz Navidad 2025\" tabindex=\"-1\" >\n\t\t\tLeer m\u00e1s \u00bb\t\t<\/a>\n\n\t\t\t\t<\/div>\n\t\t\t\t<\/article>\n\t\t\t\t<article class=\"elementor-post elementor-grid-item post-2294 post type-post status-publish format-standard has-post-thumbnail hentry category-nosotras\" role=\"listitem\">\n\t\t\t\t<a class=\"elementor-post__thumbnail__link\" href=\"https:\/\/www.misionerasdecristojesus.com\/en\/dia-fieles-difuntos\/\" tabindex=\"-1\" >\n\t\t\t<div class=\"elementor-post__thumbnail\"><img loading=\"lazy\" decoding=\"async\" width=\"768\" height=\"512\" src=\"https:\/\/www.misionerasdecristojesus.com\/wp-content\/uploads\/2025\/11\/WhatsApp-Image-2025-11-02-at-09.29.25.jpeg\" class=\"attachment-full size-full wp-image-2295\" alt=\"d\u00eda-fieles-difuntos-misioneras\" srcset=\"https:\/\/www.misionerasdecristojesus.com\/wp-content\/uploads\/2025\/11\/WhatsApp-Image-2025-11-02-at-09.29.25.jpeg 768w, https:\/\/www.misionerasdecristojesus.com\/wp-content\/uploads\/2025\/11\/WhatsApp-Image-2025-11-02-at-09.29.25-300x200.jpeg 300w, https:\/\/www.misionerasdecristojesus.com\/wp-content\/uploads\/2025\/11\/WhatsApp-Image-2025-11-02-at-09.29.25-18x12.jpeg 18w\" sizes=\"(max-width: 768px) 100vw, 768px\" \/><\/div>\n\t\t<\/a>\n\t\t\t\t<div class=\"elementor-post__text\">\n\t\t\t\t<h3 class=\"elementor-post__title\">\n\t\t\t<a href=\"https:\/\/www.misionerasdecristojesus.com\/en\/dia-fieles-difuntos\/\" >\n\t\t\t\tD\u00eda Fieles Difuntos\t\t\t<\/a>\n\t\t<\/h3>\n\t\t\t\t<div class=\"elementor-post__meta-data\">\n\t\t\t\t\t<span class=\"elementor-post-date\">\n\t\t\t2 de November de 2025\t\t<\/span>\n\t\t\t\t<\/div>\n\t\t\t\t<div class=\"elementor-post__excerpt\">\n\t\t\t<p>\u00abEl Camino hacia la Casa del Padre\u00bb Hoy, cuando recordamos a nuestros seres queridos que han partido, es natural que nuestros corazones se llenen de<\/p>\n\t\t<\/div>\n\t\t\n\t\t<a class=\"elementor-post__read-more\" href=\"https:\/\/www.misionerasdecristojesus.com\/en\/dia-fieles-difuntos\/\" aria-label=\"Read more about D\u00eda Fieles Difuntos\" tabindex=\"-1\" >\n\t\t\tLeer m\u00e1s \u00bb\t\t<\/a>\n\n\t\t\t\t<\/div>\n\t\t\t\t<\/article>\n\t\t\t\t<article class=\"elementor-post elementor-grid-item post-2275 post type-post status-publish format-standard has-post-thumbnail hentry category-eventos\" role=\"listitem\">\n\t\t\t\t<a class=\"elementor-post__thumbnail__link\" href=\"https:\/\/www.misionerasdecristojesus.com\/en\/fiesta-del-migrante-y-refugiado-el-ejido\/\" tabindex=\"-1\" >\n\t\t\t<div class=\"elementor-post__thumbnail\"><img loading=\"lazy\" decoding=\"async\" width=\"1080\" height=\"1350\" src=\"https:\/\/www.misionerasdecristojesus.com\/wp-content\/uploads\/2025\/10\/WhatsApp-Image-2025-10-19-at-19.50.21.jpeg\" class=\"attachment-full size-full wp-image-2276\" alt=\"fiesta-d\u00eda-del migrante\" srcset=\"https:\/\/www.misionerasdecristojesus.com\/wp-content\/uploads\/2025\/10\/WhatsApp-Image-2025-10-19-at-19.50.21.jpeg 1080w, https:\/\/www.misionerasdecristojesus.com\/wp-content\/uploads\/2025\/10\/WhatsApp-Image-2025-10-19-at-19.50.21-240x300.jpeg 240w, https:\/\/www.misionerasdecristojesus.com\/wp-content\/uploads\/2025\/10\/WhatsApp-Image-2025-10-19-at-19.50.21-819x1024.jpeg 819w, https:\/\/www.misionerasdecristojesus.com\/wp-content\/uploads\/2025\/10\/WhatsApp-Image-2025-10-19-at-19.50.21-768x960.jpeg 768w, https:\/\/www.misionerasdecristojesus.com\/wp-content\/uploads\/2025\/10\/WhatsApp-Image-2025-10-19-at-19.50.21-10x12.jpeg 10w\" sizes=\"(max-width: 1080px) 100vw, 1080px\" \/><\/div>\n\t\t<\/a>\n\t\t\t\t<div class=\"elementor-post__text\">\n\t\t\t\t<h3 class=\"elementor-post__title\">\n\t\t\t<a href=\"https:\/\/www.misionerasdecristojesus.com\/en\/fiesta-del-migrante-y-refugiado-el-ejido\/\" >\n\t\t\t\tVideo Fiesta del migrante y refugiado. El Ejido.\t\t\t<\/a>\n\t\t<\/h3>\n\t\t\t\t<div class=\"elementor-post__meta-data\">\n\t\t\t\t\t<span class=\"elementor-post-date\">\n\t\t\t13 de October de 2025\t\t<\/span>\n\t\t\t\t<\/div>\n\t\t\t\t<div class=\"elementor-post__excerpt\">\n\t\t\t<p>Fiesta por el Migrante y el Refugiado \u2013 Domingo 5 de octubre, Pechina Hola, querido lector: El pasado domingo 5 de octubre celebramos con mucha<\/p>\n\t\t<\/div>\n\t\t\n\t\t<a class=\"elementor-post__read-more\" href=\"https:\/\/www.misionerasdecristojesus.com\/en\/fiesta-del-migrante-y-refugiado-el-ejido\/\" aria-label=\"Read more about Video Fiesta del migrante y refugiado. El Ejido.\" tabindex=\"-1\" >\n\t\t\tLeer m\u00e1s \u00bb\t\t<\/a>\n\n\t\t\t\t<\/div>\n\t\t\t\t<\/article>\n\t\t\t\t<\/div>\n\t\t\n\t\t\t\t\t\t<\/div>\n\t\t\t\t<\/div>\n\t\t\t\t<div class=\"elementor-element elementor-element-d6a75e3 elementor-widget elementor-widget-heading\" data-id=\"d6a75e3\" data-element_type=\"widget\" data-e-type=\"widget\" data-widget_type=\"heading.default\">\n\t\t\t\t<div class=\"elementor-widget-container\">\n\t\t\t\t\t<h2 class=\"elementor-heading-title elementor-size-default\">Suscr\u00edbete<\/h2>\t\t\t\t<\/div>\n\t\t\t\t<\/div>\n\t\t\t\t<div class=\"elementor-element elementor-element-bde1e3d elementor-widget elementor-widget-shortcode\" data-id=\"bde1e3d\" data-element_type=\"widget\" data-e-type=\"widget\" data-widget_type=\"shortcode.default\">\n\t\t\t\t<div class=\"elementor-widget-container\">\n\t\t\t\t\t\t\t<div class=\"elementor-shortcode\"><script>(function() {\n\twindow.mc4wp = window.mc4wp || {\n\t\tlisteners: [],\n\t\tforms: {\n\t\t\ton: function(evt, cb) {\n\t\t\t\twindow.mc4wp.listeners.push(\n\t\t\t\t\t{\n\t\t\t\t\t\tevent   : evt,\n\t\t\t\t\t\tcallback: cb\n\t\t\t\t\t}\n\t\t\t\t);\n\t\t\t}\n\t\t}\n\t}\n})();\n<\/script><!-- Mailchimp for WordPress v4.14.0 - https:\/\/wordpress.org\/plugins\/mailchimp-for-wp\/ --><form id=\"mc4wp-form-1\" class=\"mc4wp-form mc4wp-form-855 mc4wp-form-theme mc4wp-form-theme-light\" method=\"post\" data-id=\"855\" data-name=\"Suscr\u00edbete a nuestro Bolet\u00edn\" ><div class=\"mc4wp-form-fields\"><p>\r\n\t<label>Direcci\u00f3n de correo electr\u00f3nico: \r\n\t\t<input type=\"email\" name=\"EMAIL\" placeholder=\"Tu direcci\u00f3n de correo electr\u00f3nico\" required \/>\r\n<\/label>\r\n<\/p>\r\n\r\n<p>\r\n\t<input type=\"submit\" value=\"Registro\" \/>\r\n<\/p>\r\n<p>\r\n    <label>\r\n        <input type=\"checkbox\" name=\"AGREE_TO_TERMS\" value=\"1\" required=\"\"> <a href=\"https:\/\/www.misionerasdecristojesus.com\/politica-de-privacidad\/\"\r\n        target=\"_blank\">He le\u00eddo y acepto la Pol\u00edtica de Privacidad<\/a>\r\n    <\/label>\r\n<\/p>\r\n<\/div><label style=\"display: none !important;\">Leave this field empty if you&#039;re human: <input type=\"text\" name=\"_mc4wp_honeypot\" value=\"\" tabindex=\"-1\" autocomplete=\"off\" \/><\/label><input type=\"hidden\" name=\"_mc4wp_timestamp\" value=\"1788244731\" \/><input type=\"hidden\" name=\"_mc4wp_form_id\" value=\"855\" \/><input type=\"hidden\" name=\"_mc4wp_form_element_id\" value=\"mc4wp-form-1\" \/><div class=\"mc4wp-response\"><\/div><\/form><!-- \/ Mailchimp for WordPress Plugin --><\/div>\n\t\t\t\t\t\t<\/div>\n\t\t\t\t<\/div>\n\t\t\t\t\t<\/div>\n\t\t<\/div>\n\t\t\t\t\t<\/div>\n\t\t<\/section>\n\t\t\t\t<section class=\"elementor-section elementor-top-section elementor-element elementor-element-fe0de32 elementor-section-stretched elementor-section-boxed elementor-section-height-default elementor-section-height-default\" data-id=\"fe0de32\" data-element_type=\"section\" data-e-type=\"section\" data-settings=\"{&quot;stretch_section&quot;:&quot;section-stretched&quot;,&quot;background_background&quot;:&quot;classic&quot;}\">\n\t\t\t\t\t\t<div class=\"elementor-container elementor-column-gap-default\">\n\t\t\t\t\t<div class=\"elementor-column elementor-col-100 elementor-top-column elementor-element elementor-element-b94f19e\" data-id=\"b94f19e\" data-element_type=\"column\" data-e-type=\"column\">\n\t\t\t<div class=\"elementor-widget-wrap elementor-element-populated\">\n\t\t\t\t\t\t<div class=\"elementor-element elementor-element-1a2e2c0 elementor-position-inline-start elementor-view-default elementor-mobile-position-block-start elementor-invisible elementor-widget elementor-widget-icon-box\" data-id=\"1a2e2c0\" data-element_type=\"widget\" data-e-type=\"widget\" data-settings=\"{&quot;_animation&quot;:&quot;fadeIn&quot;}\" data-widget_type=\"icon-box.default\">\n\t\t\t\t<div class=\"elementor-widget-container\">\n\t\t\t\t\t\t\t<div class=\"elementor-icon-box-wrapper\">\n\n\t\t\t\t\t\t<div class=\"elementor-icon-box-icon\">\n\t\t\t\t<a href=\"https:\/\/www.instagram.com\/misionerasdecristojesus_esp\/\" class=\"elementor-icon\" tabindex=\"-1\" aria-label=\"Instagram\">\n\t\t\t\t<i aria-hidden=\"true\" class=\"fab fa-instagram\"><\/i>\t\t\t\t<\/a>\n\t\t\t<\/div>\n\t\t\t\n\t\t\t\t\t\t<div class=\"elementor-icon-box-content\">\n\n\t\t\t\t\t\t\t\t\t<h3 class=\"elementor-icon-box-title\">\n\t\t\t\t\t\t<a href=\"https:\/\/www.instagram.com\/misionerasdecristojesus_esp\/\" >\n\t\t\t\t\t\t\tInstagram\t\t\t\t\t\t<\/a>\n\t\t\t\t\t<\/h3>\n\t\t\t\t\n\t\t\t\t\n\t\t\t<\/div>\n\t\t\t\n\t\t<\/div>\n\t\t\t\t\t\t<\/div>\n\t\t\t\t<\/div>\n\t\t\t\t<div class=\"elementor-element elementor-element-455da5d elementor-invisible elementor-widget elementor-widget-heading\" data-id=\"455da5d\" data-element_type=\"widget\" data-e-type=\"widget\" data-settings=\"{&quot;_animation&quot;:&quot;fadeIn&quot;}\" data-widget_type=\"heading.default\">\n\t\t\t\t<div class=\"elementor-widget-container\">\n\t\t\t\t\t<h5 class=\"elementor-heading-title elementor-size-default\"><a href=\"https:\/\/www.instagram.com\/misionerasdecristojesus_esp\/\">@misionerasdecristojesus_esp<\/a><\/h5>\t\t\t\t<\/div>\n\t\t\t\t<\/div>\n\t\t\t\t<div class=\"elementor-element elementor-element-cf466d9 elementor-widget elementor-widget-shortcode\" data-id=\"cf466d9\" data-element_type=\"widget\" data-e-type=\"widget\" data-widget_type=\"shortcode.default\">\n\t\t\t\t<div class=\"elementor-widget-container\">\n\t\t\t\t\t\t\t<div class=\"elementor-shortcode\">\n<div id=\"sb_instagram\" role=\"region\" aria-label=\"Instagram feed\"  class=\"sbi sbi_mob_col_1 sbi_tab_col_2 sbi_col_4 sbi_width_resp\" style=\"padding-bottom: 10px;\"\t data-feedid=\"*1\"  data-res=\"auto\" data-cols=\"4\" data-colsmobile=\"1\" data-colstablet=\"2\" data-num=\"10\" data-nummobile=\"10\" data-item-padding=\"5\"\t data-shortcode-atts=\"{&quot;feed&quot;:&quot;1&quot;}\"  data-postid=\"2275\" data-locatornonce=\"d0d35d47f4\" data-imageaspectratio=\"1:1\" data-sbi-flags=\"favorLocal,gdpr\">\n\t<div class=\"sb_instagram_header  sbi_medium\"   >\n\t<a class=\"sbi_header_link\" target=\"_blank\"\n\t   aria-label=\"misionerasdecristojesus_esp on Instagram\"\n\t   rel=\"nofollow noopener\" href=\"https:\/\/www.instagram.com\/misionerasdecristojesus_esp\/\" title=\"@misionerasdecristojesus_esp\">\n\t\t<div class=\"sbi_header_text\">\n\t\t\t<div class=\"sbi_header_img\"  data-avatar-url=\"https:\/\/scontent-mad1-1.cdninstagram.com\/v\/t51.2885-19\/343051446_930950871662361_2936840656927576670_n.jpg?stp=dst-jpg_s206x206_tt6&amp;_nc_cat=102&amp;ccb=7-5&amp;_nc_sid=bf7eb4&amp;efg=eyJ2ZW5jb2RlX3RhZyI6InByb2ZpbGVfcGljLnd3dy41MDAuQzIifQ%3D%3D&amp;_nc_ohc=TaJFhE5Z-3gQ7kNvwH3PteE&amp;_nc_oc=Adritrg5cHqOWyWAlPAU4CmF3hMHV6K5P9VaIcC9Ms_RtZ3Xoo6YkHRcLR208Z8JHCg&amp;_nc_zt=24&amp;_nc_ht=scontent-mad1-1.cdninstagram.com&amp;edm=AP4hL3IEAAAA&amp;_nc_tpa=Q5bMBQJx82QhN_VkNH_RjunHT_gEDInKfsIXjSwNXwJCVyg3qzaWTyoA9ySIJlvv35zv_vJSxKiI9RN0mQ&amp;oh=00_AQJbQBEf9K78jwbqwRJS2BKENWcIhV9YRMqgIYeVX7Md4A&amp;oe=6A9C076C\">\n\t\t\t\t\t\t\t\t\t<div class=\"sbi_header_img_hover\"  ><svg class=\"sbi_new_logo fa-instagram fa-w-14\" aria-hidden=\"true\" data-fa-processed=\"\" aria-label=\"Instagram\" data-prefix=\"fab\" data-icon=\"instagram\" role=\"img\" viewBox=\"0 0 448 512\">\n                    <path fill=\"currentColor\" d=\"M224.1 141c-63.6 0-114.9 51.3-114.9 114.9s51.3 114.9 114.9 114.9S339 319.5 339 255.9 287.7 141 224.1 141zm0 189.6c-41.1 0-74.7-33.5-74.7-74.7s33.5-74.7 74.7-74.7 74.7 33.5 74.7 74.7-33.6 74.7-74.7 74.7zm146.4-194.3c0 14.9-12 26.8-26.8 26.8-14.9 0-26.8-12-26.8-26.8s12-26.8 26.8-26.8 26.8 12 26.8 26.8zm76.1 27.2c-1.7-35.9-9.9-67.7-36.2-93.9-26.2-26.2-58-34.4-93.9-36.2-37-2.1-147.9-2.1-184.9 0-35.8 1.7-67.6 9.9-93.9 36.1s-34.4 58-36.2 93.9c-2.1 37-2.1 147.9 0 184.9 1.7 35.9 9.9 67.7 36.2 93.9s58 34.4 93.9 36.2c37 2.1 147.9 2.1 184.9 0 35.9-1.7 67.7-9.9 93.9-36.2 26.2-26.2 34.4-58 36.2-93.9 2.1-37 2.1-147.8 0-184.8zM398.8 388c-7.8 19.6-22.9 34.7-42.6 42.6-29.5 11.7-99.5 9-132.1 9s-102.7 2.6-132.1-9c-19.6-7.8-34.7-22.9-42.6-42.6-11.7-29.5-9-99.5-9-132.1s-2.6-102.7 9-132.1c7.8-19.6 22.9-34.7 42.6-42.6 29.5-11.7 99.5-9 132.1-9s102.7-2.6 132.1 9c19.6 7.8 34.7 22.9 42.6 42.6 11.7 29.5 9 99.5 9 132.1s2.7 102.7-9 132.1z\"><\/path>\n                <\/svg><\/div>\n\t\t\t\t\t<img loading=\"lazy\" decoding=\"async\"  src=\"https:\/\/www.misionerasdecristojesus.com\/wp-content\/plugins\/instagram-feed\/img\/thumb-placeholder.png\" alt=\"\" width=\"50\" height=\"50\">\n\t\t\t\t\n\t\t\t\t\t\t\t<\/div>\n\n\t\t\t<div class=\"sbi_feedtheme_header_text\">\n\t\t\t\t<h3>misionerasdecristojesus_esp<\/h3>\n\t\t\t\t\t\t\t\t\t<p class=\"sbi_bio\">Nacemos con el firme prop\u00f3sito de contribuir a la construcci\u00f3n del Reino de Dios, participando en la actividad misionera de la Iglesia.<br>\nBIZUM: 06545<\/p>\n\t\t\t\t\t\t\t<\/div>\n\t\t<\/div>\n\t<\/a>\n<\/div>\n\n\t<div id=\"sbi_images\" role=\"list\"  style=\"gap: 10px;\">\n\t\t<div class=\"sbi_item sbi_type_image sbi_new sbi_transition\" role=\"listitem\"\n\tid=\"sbi_17905427562503166\" data-date=\"1788170536\">\n\t<div class=\"sbi_photo_wrap\">\n\t\t<a class=\"sbi_photo\" href=\"https:\/\/www.instagram.com\/p\/Dcs01Gblor1\/\" target=\"_blank\" rel=\"noopener nofollow\"\n\t\t\tdata-full-res=\"https:\/\/scontent-mad2-1.cdninstagram.com\/v\/t51.82787-15\/791045405_18014300249949108_699037478457243520_n.jpg?stp=dst-jpg_e35_tt6&#038;_nc_cat=110&#038;ig_cache_key=Mzk3NTc4NDkxODUxNzQ1MTUwOQ%3D%3D.3-ccb7-5&#038;ccb=7-5&#038;_nc_sid=a54f6b&#038;efg=eyJlZmdfdGFnIjoiYmVzdF9pbWFnZV91cmxnZW4uRkVFRC5DMyJ9&#038;_nc_ohc=CdFt1yS3H58Q7kNvwEr9nTI&#038;_nc_oc=AdqpOO1dsskMBVT1N1zqarmtAUUN4zOYQuEBYowy7Y9rvER6xdJBEwjPU3qnkmxoI_Y&#038;_nc_zt=23&#038;_nc_ht=scontent-mad2-1.cdninstagram.com&#038;edm=ANo9K5cEAAAA&#038;_nc_gid=f5YslbTkwb5xRNFOyhJPUA&#038;_nc_tpa=Q5bMBQJ2kAjZIho2glKw5sHP6MVP7iZyzS8xT0Kh8zXVD9kTT3ZBNVbIzfgtrxu5Uy1uAKBUuRT274OESw&#038;oh=00_AQI-f8y76h6tIpT7qVFPdRp6lr1B4s7L6bbGJQukal2_vw&#038;oe=6A9C10FB\"\n\t\t\tdata-img-src-set=\"{&quot;d&quot;:&quot;https:\\\/\\\/scontent-mad2-1.cdninstagram.com\\\/v\\\/t51.82787-15\\\/791045405_18014300249949108_699037478457243520_n.jpg?stp=dst-jpg_e35_tt6&amp;_nc_cat=110&amp;ig_cache_key=Mzk3NTc4NDkxODUxNzQ1MTUwOQ%3D%3D.3-ccb7-5&amp;ccb=7-5&amp;_nc_sid=a54f6b&amp;efg=eyJlZmdfdGFnIjoiYmVzdF9pbWFnZV91cmxnZW4uRkVFRC5DMyJ9&amp;_nc_ohc=CdFt1yS3H58Q7kNvwEr9nTI&amp;_nc_oc=AdqpOO1dsskMBVT1N1zqarmtAUUN4zOYQuEBYowy7Y9rvER6xdJBEwjPU3qnkmxoI_Y&amp;_nc_zt=23&amp;_nc_ht=scontent-mad2-1.cdninstagram.com&amp;edm=ANo9K5cEAAAA&amp;_nc_gid=f5YslbTkwb5xRNFOyhJPUA&amp;_nc_tpa=Q5bMBQJ2kAjZIho2glKw5sHP6MVP7iZyzS8xT0Kh8zXVD9kTT3ZBNVbIzfgtrxu5Uy1uAKBUuRT274OESw&amp;oh=00_AQI-f8y76h6tIpT7qVFPdRp6lr1B4s7L6bbGJQukal2_vw&amp;oe=6A9C10FB&quot;,&quot;150&quot;:&quot;https:\\\/\\\/scontent-mad2-1.cdninstagram.com\\\/v\\\/t51.82787-15\\\/791045405_18014300249949108_699037478457243520_n.jpg?stp=dst-jpg_e35_tt6&amp;_nc_cat=110&amp;ig_cache_key=Mzk3NTc4NDkxODUxNzQ1MTUwOQ%3D%3D.3-ccb7-5&amp;ccb=7-5&amp;_nc_sid=a54f6b&amp;efg=eyJlZmdfdGFnIjoiYmVzdF9pbWFnZV91cmxnZW4uRkVFRC5DMyJ9&amp;_nc_ohc=CdFt1yS3H58Q7kNvwEr9nTI&amp;_nc_oc=AdqpOO1dsskMBVT1N1zqarmtAUUN4zOYQuEBYowy7Y9rvER6xdJBEwjPU3qnkmxoI_Y&amp;_nc_zt=23&amp;_nc_ht=scontent-mad2-1.cdninstagram.com&amp;edm=ANo9K5cEAAAA&amp;_nc_gid=f5YslbTkwb5xRNFOyhJPUA&amp;_nc_tpa=Q5bMBQJ2kAjZIho2glKw5sHP6MVP7iZyzS8xT0Kh8zXVD9kTT3ZBNVbIzfgtrxu5Uy1uAKBUuRT274OESw&amp;oh=00_AQI-f8y76h6tIpT7qVFPdRp6lr1B4s7L6bbGJQukal2_vw&amp;oe=6A9C10FB&quot;,&quot;320&quot;:&quot;https:\\\/\\\/scontent-mad2-1.cdninstagram.com\\\/v\\\/t51.82787-15\\\/791045405_18014300249949108_699037478457243520_n.jpg?stp=dst-jpg_e35_tt6&amp;_nc_cat=110&amp;ig_cache_key=Mzk3NTc4NDkxODUxNzQ1MTUwOQ%3D%3D.3-ccb7-5&amp;ccb=7-5&amp;_nc_sid=a54f6b&amp;efg=eyJlZmdfdGFnIjoiYmVzdF9pbWFnZV91cmxnZW4uRkVFRC5DMyJ9&amp;_nc_ohc=CdFt1yS3H58Q7kNvwEr9nTI&amp;_nc_oc=AdqpOO1dsskMBVT1N1zqarmtAUUN4zOYQuEBYowy7Y9rvER6xdJBEwjPU3qnkmxoI_Y&amp;_nc_zt=23&amp;_nc_ht=scontent-mad2-1.cdninstagram.com&amp;edm=ANo9K5cEAAAA&amp;_nc_gid=f5YslbTkwb5xRNFOyhJPUA&amp;_nc_tpa=Q5bMBQJ2kAjZIho2glKw5sHP6MVP7iZyzS8xT0Kh8zXVD9kTT3ZBNVbIzfgtrxu5Uy1uAKBUuRT274OESw&amp;oh=00_AQI-f8y76h6tIpT7qVFPdRp6lr1B4s7L6bbGJQukal2_vw&amp;oe=6A9C10FB&quot;,&quot;640&quot;:&quot;https:\\\/\\\/scontent-mad2-1.cdninstagram.com\\\/v\\\/t51.82787-15\\\/791045405_18014300249949108_699037478457243520_n.jpg?stp=dst-jpg_e35_tt6&amp;_nc_cat=110&amp;ig_cache_key=Mzk3NTc4NDkxODUxNzQ1MTUwOQ%3D%3D.3-ccb7-5&amp;ccb=7-5&amp;_nc_sid=a54f6b&amp;efg=eyJlZmdfdGFnIjoiYmVzdF9pbWFnZV91cmxnZW4uRkVFRC5DMyJ9&amp;_nc_ohc=CdFt1yS3H58Q7kNvwEr9nTI&amp;_nc_oc=AdqpOO1dsskMBVT1N1zqarmtAUUN4zOYQuEBYowy7Y9rvER6xdJBEwjPU3qnkmxoI_Y&amp;_nc_zt=23&amp;_nc_ht=scontent-mad2-1.cdninstagram.com&amp;edm=ANo9K5cEAAAA&amp;_nc_gid=f5YslbTkwb5xRNFOyhJPUA&amp;_nc_tpa=Q5bMBQJ2kAjZIho2glKw5sHP6MVP7iZyzS8xT0Kh8zXVD9kTT3ZBNVbIzfgtrxu5Uy1uAKBUuRT274OESw&amp;oh=00_AQI-f8y76h6tIpT7qVFPdRp6lr1B4s7L6bbGJQukal2_vw&amp;oe=6A9C10FB&quot;}\">\n\t\t\t<span class=\"sbi-screenreader\">La solidaridad comienza cuando dejamos de mirar so<\/span>\n\t\t\t\t\t\t\t\t\t<img decoding=\"async\" src=\"https:\/\/www.misionerasdecristojesus.com\/wp-content\/plugins\/instagram-feed\/img\/placeholder.png\" alt=\"La solidaridad comienza cuando dejamos de mirar solo nuestras propias necesidades y abrimos el coraz\u00f3n a las necesidades de los dem\u00e1s.\n\nSer solidarios es comprender que nadie deber\u00eda caminar solo y que, cuando compartimos lo que somos y lo que tenemos, podemos transformar realidades y abrir caminos de esperanza.\n\nEn la misi\u00f3n, la solidaridad se convierte en presencia, acompa\u00f1amiento y servicio. Est\u00e1 en quienes ofrecen su tiempo como voluntarios, en quienes colaboran con sus donativos, en quienes rezan por las comunidades y en cada persona que decide comprometerse con quienes m\u00e1s lo necesitan.\n\n\ud83d\udcd6 \u00abLes aseguro que cada vez que lo hicieron con el m\u00e1s peque\u00f1o de mis hermanos, lo hicieron conmigo.\u00bb (Mt 25,40)\n\nQue nunca olvidemos que un peque\u00f1o gesto puede tener un gran impacto en la vida de otra persona.\n\nPorque la misi\u00f3n es una tarea compartida, y la solidaridad es el puente que nos une a los dem\u00e1s.\n\n#D\u00edaInternacionalDeLaSolidaridad #Solidaridad #Misi\u00f3n #MisionerasDeCristoJes\u00fas  #VidaMisionera\" aria-hidden=\"true\">\n\t\t<\/a>\n\t<\/div>\n<\/div><div class=\"sbi_item sbi_type_image sbi_new sbi_transition\" role=\"listitem\"\n\tid=\"sbi_18112297847076243\" data-date=\"1787929345\">\n\t<div class=\"sbi_photo_wrap\">\n\t\t<a class=\"sbi_photo\" href=\"https:\/\/www.instagram.com\/p\/DcloywhFoIO\/\" target=\"_blank\" rel=\"noopener nofollow\"\n\t\t\tdata-full-res=\"https:\/\/scontent-mad1-1.cdninstagram.com\/v\/t51.82787-15\/782386203_18013911203949108_1636832803095235802_n.jpg?stp=dst-jpg_e35_tt6&#038;_nc_cat=102&#038;ig_cache_key=Mzk3Mzc2MTY1NjE1MzM0MjQ3OA%3D%3D.3-ccb7-5&#038;ccb=7-5&#038;_nc_sid=a54f6b&#038;efg=eyJlZmdfdGFnIjoiYmVzdF9pbWFnZV91cmxnZW4uRkVFRC5DMyJ9&#038;_nc_ohc=gYYdjTTm14sQ7kNvwFg223W&#038;_nc_oc=Ado6tIMBr0b6_nmCQCvuQFdz0mHXbVAt_-uWkDS6TnmvtVa-iobwbxFVSgnqErouO6o&#038;_nc_zt=23&#038;_nc_ht=scontent-mad1-1.cdninstagram.com&#038;edm=ANo9K5cEAAAA&#038;_nc_gid=f5YslbTkwb5xRNFOyhJPUA&#038;_nc_tpa=Q5bMBQLYiTo-NlN2tUdbUFVAsamybLOjxsVIt9ob8oJ-qWptbV41KTfRqkxT1aHNpobJKOr_ZZ2FyfEEkw&#038;oh=00_AQJo6v0EjajHqVVKbB58NUKrrxBrXuH07a_BF6a9LTCx3g&#038;oe=6A9BFD2D\"\n\t\t\tdata-img-src-set=\"{&quot;d&quot;:&quot;https:\\\/\\\/scontent-mad1-1.cdninstagram.com\\\/v\\\/t51.82787-15\\\/782386203_18013911203949108_1636832803095235802_n.jpg?stp=dst-jpg_e35_tt6&amp;_nc_cat=102&amp;ig_cache_key=Mzk3Mzc2MTY1NjE1MzM0MjQ3OA%3D%3D.3-ccb7-5&amp;ccb=7-5&amp;_nc_sid=a54f6b&amp;efg=eyJlZmdfdGFnIjoiYmVzdF9pbWFnZV91cmxnZW4uRkVFRC5DMyJ9&amp;_nc_ohc=gYYdjTTm14sQ7kNvwFg223W&amp;_nc_oc=Ado6tIMBr0b6_nmCQCvuQFdz0mHXbVAt_-uWkDS6TnmvtVa-iobwbxFVSgnqErouO6o&amp;_nc_zt=23&amp;_nc_ht=scontent-mad1-1.cdninstagram.com&amp;edm=ANo9K5cEAAAA&amp;_nc_gid=f5YslbTkwb5xRNFOyhJPUA&amp;_nc_tpa=Q5bMBQLYiTo-NlN2tUdbUFVAsamybLOjxsVIt9ob8oJ-qWptbV41KTfRqkxT1aHNpobJKOr_ZZ2FyfEEkw&amp;oh=00_AQJo6v0EjajHqVVKbB58NUKrrxBrXuH07a_BF6a9LTCx3g&amp;oe=6A9BFD2D&quot;,&quot;150&quot;:&quot;https:\\\/\\\/scontent-mad1-1.cdninstagram.com\\\/v\\\/t51.82787-15\\\/782386203_18013911203949108_1636832803095235802_n.jpg?stp=dst-jpg_e35_tt6&amp;_nc_cat=102&amp;ig_cache_key=Mzk3Mzc2MTY1NjE1MzM0MjQ3OA%3D%3D.3-ccb7-5&amp;ccb=7-5&amp;_nc_sid=a54f6b&amp;efg=eyJlZmdfdGFnIjoiYmVzdF9pbWFnZV91cmxnZW4uRkVFRC5DMyJ9&amp;_nc_ohc=gYYdjTTm14sQ7kNvwFg223W&amp;_nc_oc=Ado6tIMBr0b6_nmCQCvuQFdz0mHXbVAt_-uWkDS6TnmvtVa-iobwbxFVSgnqErouO6o&amp;_nc_zt=23&amp;_nc_ht=scontent-mad1-1.cdninstagram.com&amp;edm=ANo9K5cEAAAA&amp;_nc_gid=f5YslbTkwb5xRNFOyhJPUA&amp;_nc_tpa=Q5bMBQLYiTo-NlN2tUdbUFVAsamybLOjxsVIt9ob8oJ-qWptbV41KTfRqkxT1aHNpobJKOr_ZZ2FyfEEkw&amp;oh=00_AQJo6v0EjajHqVVKbB58NUKrrxBrXuH07a_BF6a9LTCx3g&amp;oe=6A9BFD2D&quot;,&quot;320&quot;:&quot;https:\\\/\\\/scontent-mad1-1.cdninstagram.com\\\/v\\\/t51.82787-15\\\/782386203_18013911203949108_1636832803095235802_n.jpg?stp=dst-jpg_e35_tt6&amp;_nc_cat=102&amp;ig_cache_key=Mzk3Mzc2MTY1NjE1MzM0MjQ3OA%3D%3D.3-ccb7-5&amp;ccb=7-5&amp;_nc_sid=a54f6b&amp;efg=eyJlZmdfdGFnIjoiYmVzdF9pbWFnZV91cmxnZW4uRkVFRC5DMyJ9&amp;_nc_ohc=gYYdjTTm14sQ7kNvwFg223W&amp;_nc_oc=Ado6tIMBr0b6_nmCQCvuQFdz0mHXbVAt_-uWkDS6TnmvtVa-iobwbxFVSgnqErouO6o&amp;_nc_zt=23&amp;_nc_ht=scontent-mad1-1.cdninstagram.com&amp;edm=ANo9K5cEAAAA&amp;_nc_gid=f5YslbTkwb5xRNFOyhJPUA&amp;_nc_tpa=Q5bMBQLYiTo-NlN2tUdbUFVAsamybLOjxsVIt9ob8oJ-qWptbV41KTfRqkxT1aHNpobJKOr_ZZ2FyfEEkw&amp;oh=00_AQJo6v0EjajHqVVKbB58NUKrrxBrXuH07a_BF6a9LTCx3g&amp;oe=6A9BFD2D&quot;,&quot;640&quot;:&quot;https:\\\/\\\/scontent-mad1-1.cdninstagram.com\\\/v\\\/t51.82787-15\\\/782386203_18013911203949108_1636832803095235802_n.jpg?stp=dst-jpg_e35_tt6&amp;_nc_cat=102&amp;ig_cache_key=Mzk3Mzc2MTY1NjE1MzM0MjQ3OA%3D%3D.3-ccb7-5&amp;ccb=7-5&amp;_nc_sid=a54f6b&amp;efg=eyJlZmdfdGFnIjoiYmVzdF9pbWFnZV91cmxnZW4uRkVFRC5DMyJ9&amp;_nc_ohc=gYYdjTTm14sQ7kNvwFg223W&amp;_nc_oc=Ado6tIMBr0b6_nmCQCvuQFdz0mHXbVAt_-uWkDS6TnmvtVa-iobwbxFVSgnqErouO6o&amp;_nc_zt=23&amp;_nc_ht=scontent-mad1-1.cdninstagram.com&amp;edm=ANo9K5cEAAAA&amp;_nc_gid=f5YslbTkwb5xRNFOyhJPUA&amp;_nc_tpa=Q5bMBQLYiTo-NlN2tUdbUFVAsamybLOjxsVIt9ob8oJ-qWptbV41KTfRqkxT1aHNpobJKOr_ZZ2FyfEEkw&amp;oh=00_AQJo6v0EjajHqVVKbB58NUKrrxBrXuH07a_BF6a9LTCx3g&amp;oe=6A9BFD2D&quot;}\">\n\t\t\t<span class=\"sbi-screenreader\">La misi\u00f3n nace del deseo de llevar esperanza all\u00ed<\/span>\n\t\t\t\t\t\t\t\t\t<img decoding=\"async\" src=\"https:\/\/www.misionerasdecristojesus.com\/wp-content\/plugins\/instagram-feed\/img\/placeholder.png\" alt=\"La misi\u00f3n nace del deseo de llevar esperanza all\u00ed donde m\u00e1s hace falta. De estar cerca de quienes viven en situaciones de pobreza, exclusi\u00f3n o vulnerabilidad y recordarles que no est\u00e1n solos.\n\nA trav\u00e9s de la educaci\u00f3n, la atenci\u00f3n sanitaria, el acceso al agua, el acompa\u00f1amiento y tantos otros proyectos, la labor misionera busca ofrecer oportunidades y defender la dignidad de cada persona.\n\nPero la misi\u00f3n no consiste \u00fanicamente en dar. Es tambi\u00e9n escuchar, acompa\u00f1ar y caminar junto a cada comunidad, compartiendo sus alegr\u00edas y dificultades y aprendiendo de su realidad.\n\n\ud83d\udcd6 \u00abEl Esp\u00edritu del Se\u00f1or est\u00e1 sobre m\u00ed, porque me ha enviado a anunciar la Buena Noticia a los pobres.\u00bb (Lc 4,18)\n\nQue nunca olvidemos que detr\u00e1s de cada necesidad hay una persona con una historia, unos sue\u00f1os y una dignidad que merece ser respetada.\n\nPorque hacer misi\u00f3n es estar donde m\u00e1s se necesita esperanza y trabajar para que nadie quede atr\u00e1s.\n\n#Misi\u00f3n #MisionerasDeCristoJes\u00fas #VidaMisionera #FeEnAcci\u00f3n #Esperanza #Solidaridad #Dignidad #Servicio #Misi\u00f3nQueTransforma #NadieQuedaAtr\u00e1s\" aria-hidden=\"true\">\n\t\t<\/a>\n\t<\/div>\n<\/div><div class=\"sbi_item sbi_type_image sbi_new sbi_transition\" role=\"listitem\"\n\tid=\"sbi_17921009220199454\" data-date=\"1787659317\">\n\t<div class=\"sbi_photo_wrap\">\n\t\t<a class=\"sbi_photo\" href=\"https:\/\/www.instagram.com\/p\/DcdlyXfFUng\/\" target=\"_blank\" rel=\"noopener nofollow\"\n\t\t\tdata-full-res=\"https:\/\/scontent-mad1-1.cdninstagram.com\/v\/t51.82787-15\/786288370_18013479794949108_8760395008451466062_n.jpg?stp=dst-jpg_e35_tt6&#038;_nc_cat=106&#038;ig_cache_key=Mzk3MTQ5NjYzNTMyMjk0Mzk2OA%3D%3D.3-ccb7-5&#038;ccb=7-5&#038;_nc_sid=a54f6b&#038;efg=eyJlZmdfdGFnIjoiYmVzdF9pbWFnZV91cmxnZW4uRkVFRC5DMyJ9&#038;_nc_ohc=aKZZ0R5h2-gQ7kNvwHLMxI8&#038;_nc_oc=AdplBHc0YhkqAgsmYBtzvVjeDjo4KZTJ5LT7O4SJQOnEg-QXivcACsltJVTz71FD94Q&#038;_nc_zt=23&#038;_nc_ht=scontent-mad1-1.cdninstagram.com&#038;edm=ANo9K5cEAAAA&#038;_nc_gid=f5YslbTkwb5xRNFOyhJPUA&#038;_nc_tpa=Q5bMBQJI0zpGFjbC7R6b0bXOj3_a-yvvDyaRwh_4IbHWKQqEHv4QuCuZTljth47vTAyMKd7u2Q_cH6hgDg&#038;oh=00_AQILSqX6yThN6bkqNe5bsRzjThekJCWt9haLbStUY3sydg&#038;oe=6A9C297A\"\n\t\t\tdata-img-src-set=\"{&quot;d&quot;:&quot;https:\\\/\\\/scontent-mad1-1.cdninstagram.com\\\/v\\\/t51.82787-15\\\/786288370_18013479794949108_8760395008451466062_n.jpg?stp=dst-jpg_e35_tt6&amp;_nc_cat=106&amp;ig_cache_key=Mzk3MTQ5NjYzNTMyMjk0Mzk2OA%3D%3D.3-ccb7-5&amp;ccb=7-5&amp;_nc_sid=a54f6b&amp;efg=eyJlZmdfdGFnIjoiYmVzdF9pbWFnZV91cmxnZW4uRkVFRC5DMyJ9&amp;_nc_ohc=aKZZ0R5h2-gQ7kNvwHLMxI8&amp;_nc_oc=AdplBHc0YhkqAgsmYBtzvVjeDjo4KZTJ5LT7O4SJQOnEg-QXivcACsltJVTz71FD94Q&amp;_nc_zt=23&amp;_nc_ht=scontent-mad1-1.cdninstagram.com&amp;edm=ANo9K5cEAAAA&amp;_nc_gid=f5YslbTkwb5xRNFOyhJPUA&amp;_nc_tpa=Q5bMBQJI0zpGFjbC7R6b0bXOj3_a-yvvDyaRwh_4IbHWKQqEHv4QuCuZTljth47vTAyMKd7u2Q_cH6hgDg&amp;oh=00_AQILSqX6yThN6bkqNe5bsRzjThekJCWt9haLbStUY3sydg&amp;oe=6A9C297A&quot;,&quot;150&quot;:&quot;https:\\\/\\\/scontent-mad1-1.cdninstagram.com\\\/v\\\/t51.82787-15\\\/786288370_18013479794949108_8760395008451466062_n.jpg?stp=dst-jpg_e35_tt6&amp;_nc_cat=106&amp;ig_cache_key=Mzk3MTQ5NjYzNTMyMjk0Mzk2OA%3D%3D.3-ccb7-5&amp;ccb=7-5&amp;_nc_sid=a54f6b&amp;efg=eyJlZmdfdGFnIjoiYmVzdF9pbWFnZV91cmxnZW4uRkVFRC5DMyJ9&amp;_nc_ohc=aKZZ0R5h2-gQ7kNvwHLMxI8&amp;_nc_oc=AdplBHc0YhkqAgsmYBtzvVjeDjo4KZTJ5LT7O4SJQOnEg-QXivcACsltJVTz71FD94Q&amp;_nc_zt=23&amp;_nc_ht=scontent-mad1-1.cdninstagram.com&amp;edm=ANo9K5cEAAAA&amp;_nc_gid=f5YslbTkwb5xRNFOyhJPUA&amp;_nc_tpa=Q5bMBQJI0zpGFjbC7R6b0bXOj3_a-yvvDyaRwh_4IbHWKQqEHv4QuCuZTljth47vTAyMKd7u2Q_cH6hgDg&amp;oh=00_AQILSqX6yThN6bkqNe5bsRzjThekJCWt9haLbStUY3sydg&amp;oe=6A9C297A&quot;,&quot;320&quot;:&quot;https:\\\/\\\/scontent-mad1-1.cdninstagram.com\\\/v\\\/t51.82787-15\\\/786288370_18013479794949108_8760395008451466062_n.jpg?stp=dst-jpg_e35_tt6&amp;_nc_cat=106&amp;ig_cache_key=Mzk3MTQ5NjYzNTMyMjk0Mzk2OA%3D%3D.3-ccb7-5&amp;ccb=7-5&amp;_nc_sid=a54f6b&amp;efg=eyJlZmdfdGFnIjoiYmVzdF9pbWFnZV91cmxnZW4uRkVFRC5DMyJ9&amp;_nc_ohc=aKZZ0R5h2-gQ7kNvwHLMxI8&amp;_nc_oc=AdplBHc0YhkqAgsmYBtzvVjeDjo4KZTJ5LT7O4SJQOnEg-QXivcACsltJVTz71FD94Q&amp;_nc_zt=23&amp;_nc_ht=scontent-mad1-1.cdninstagram.com&amp;edm=ANo9K5cEAAAA&amp;_nc_gid=f5YslbTkwb5xRNFOyhJPUA&amp;_nc_tpa=Q5bMBQJI0zpGFjbC7R6b0bXOj3_a-yvvDyaRwh_4IbHWKQqEHv4QuCuZTljth47vTAyMKd7u2Q_cH6hgDg&amp;oh=00_AQILSqX6yThN6bkqNe5bsRzjThekJCWt9haLbStUY3sydg&amp;oe=6A9C297A&quot;,&quot;640&quot;:&quot;https:\\\/\\\/scontent-mad1-1.cdninstagram.com\\\/v\\\/t51.82787-15\\\/786288370_18013479794949108_8760395008451466062_n.jpg?stp=dst-jpg_e35_tt6&amp;_nc_cat=106&amp;ig_cache_key=Mzk3MTQ5NjYzNTMyMjk0Mzk2OA%3D%3D.3-ccb7-5&amp;ccb=7-5&amp;_nc_sid=a54f6b&amp;efg=eyJlZmdfdGFnIjoiYmVzdF9pbWFnZV91cmxnZW4uRkVFRC5DMyJ9&amp;_nc_ohc=aKZZ0R5h2-gQ7kNvwHLMxI8&amp;_nc_oc=AdplBHc0YhkqAgsmYBtzvVjeDjo4KZTJ5LT7O4SJQOnEg-QXivcACsltJVTz71FD94Q&amp;_nc_zt=23&amp;_nc_ht=scontent-mad1-1.cdninstagram.com&amp;edm=ANo9K5cEAAAA&amp;_nc_gid=f5YslbTkwb5xRNFOyhJPUA&amp;_nc_tpa=Q5bMBQJI0zpGFjbC7R6b0bXOj3_a-yvvDyaRwh_4IbHWKQqEHv4QuCuZTljth47vTAyMKd7u2Q_cH6hgDg&amp;oh=00_AQILSqX6yThN6bkqNe5bsRzjThekJCWt9haLbStUY3sydg&amp;oe=6A9C297A&quot;}\">\n\t\t\t<span class=\"sbi-screenreader\">El agua: un derecho, una necesidad, un regalo  El<\/span>\n\t\t\t\t\t\t\t\t\t<img decoding=\"async\" src=\"https:\/\/www.misionerasdecristojesus.com\/wp-content\/plugins\/instagram-feed\/img\/placeholder.png\" alt=\"El agua: un derecho, una necesidad, un regalo\n\nEl agua es esencial para la vida. La necesitamos para beber, para alimentarnos, para cuidar nuestra salud y para vivir con dignidad. Sin embargo, para millones de personas en el mundo, acceder a agua limpia y segura sigue siendo un desaf\u00edo diario.\n\nEn la misi\u00f3n, trabajar para acercar este recurso a las comunidades m\u00e1s vulnerables es una forma concreta de cuidar la vida. La construcci\u00f3n de pozos y el acceso al agua transforman comunidades enteras, especialmente all\u00ed donde conseguir unos pocos litros puede suponer recorrer kil\u00f3metros cada d\u00eda.\n\n\ud83d\udcd6 \u00abEl que d\u00e9 de beber, aunque solo sea un vaso de agua fresca a uno de estos peque\u00f1os por ser mi disc\u00edpulo, no perder\u00e1 su recompensa.\u00bb (Mt 10,42)\n\nQue esta Semana Mundial del Agua nos ayude a valorar aquello que tantas veces damos por hecho y a recordar que llevar agua donde m\u00e1s se necesita es tambi\u00e9n llevar salud, dignidad y esperanza.\n\nPorque cuando el agua llega a una comunidad, comienza a brotar tambi\u00e9n la vida.\n\n#SemanaMundialDelAgua #Misi\u00f3n #MisionerasDeCristoJes\u00fas #VidaMisionera\" aria-hidden=\"true\">\n\t\t<\/a>\n\t<\/div>\n<\/div><div class=\"sbi_item sbi_type_image sbi_new sbi_transition\" role=\"listitem\"\n\tid=\"sbi_18461742790140148\" data-date=\"1787572913\">\n\t<div class=\"sbi_photo_wrap\">\n\t\t<a class=\"sbi_photo\" href=\"https:\/\/www.instagram.com\/p\/DcbA_HolTSG\/\" target=\"_blank\" rel=\"noopener nofollow\"\n\t\t\tdata-full-res=\"https:\/\/scontent-mad1-1.cdninstagram.com\/v\/t51.82787-15\/784428399_18013341065949108_7348541497913165160_n.jpg?stp=dst-jpg_e35_tt6&#038;_nc_cat=103&#038;ig_cache_key=Mzk3MDc3MTgzMzk4MTMxODI3OA%3D%3D.3-ccb7-5&#038;ccb=7-5&#038;_nc_sid=a54f6b&#038;efg=eyJlZmdfdGFnIjoiYmVzdF9pbWFnZV91cmxnZW4uRkVFRC5DMyJ9&#038;_nc_ohc=GlUUSbjBWFIQ7kNvwG9hCzO&#038;_nc_oc=AdpHqsiTVHGFItj-_q5xGsAY1FLXoHjmL4cYIHMZT95BrsQGec3PMKqovwQXeJYq_dU&#038;_nc_zt=23&#038;_nc_ht=scontent-mad1-1.cdninstagram.com&#038;edm=ANo9K5cEAAAA&#038;_nc_gid=f5YslbTkwb5xRNFOyhJPUA&#038;_nc_tpa=Q5bMBQLCKSEJbGbgvux2ZuvOzRPZxTzHT3Bh3dFAXgzIay8E8U86cmV5yQ6bdpB6WVn557NMrFm6ygO9nw&#038;oh=00_AQL3fFtTUMywhqJgW19OgJdIvNoi3_ElN5UREHmJaqFAlA&#038;oe=6A9C2725\"\n\t\t\tdata-img-src-set=\"{&quot;d&quot;:&quot;https:\\\/\\\/scontent-mad1-1.cdninstagram.com\\\/v\\\/t51.82787-15\\\/784428399_18013341065949108_7348541497913165160_n.jpg?stp=dst-jpg_e35_tt6&amp;_nc_cat=103&amp;ig_cache_key=Mzk3MDc3MTgzMzk4MTMxODI3OA%3D%3D.3-ccb7-5&amp;ccb=7-5&amp;_nc_sid=a54f6b&amp;efg=eyJlZmdfdGFnIjoiYmVzdF9pbWFnZV91cmxnZW4uRkVFRC5DMyJ9&amp;_nc_ohc=GlUUSbjBWFIQ7kNvwG9hCzO&amp;_nc_oc=AdpHqsiTVHGFItj-_q5xGsAY1FLXoHjmL4cYIHMZT95BrsQGec3PMKqovwQXeJYq_dU&amp;_nc_zt=23&amp;_nc_ht=scontent-mad1-1.cdninstagram.com&amp;edm=ANo9K5cEAAAA&amp;_nc_gid=f5YslbTkwb5xRNFOyhJPUA&amp;_nc_tpa=Q5bMBQLCKSEJbGbgvux2ZuvOzRPZxTzHT3Bh3dFAXgzIay8E8U86cmV5yQ6bdpB6WVn557NMrFm6ygO9nw&amp;oh=00_AQL3fFtTUMywhqJgW19OgJdIvNoi3_ElN5UREHmJaqFAlA&amp;oe=6A9C2725&quot;,&quot;150&quot;:&quot;https:\\\/\\\/scontent-mad1-1.cdninstagram.com\\\/v\\\/t51.82787-15\\\/784428399_18013341065949108_7348541497913165160_n.jpg?stp=dst-jpg_e35_tt6&amp;_nc_cat=103&amp;ig_cache_key=Mzk3MDc3MTgzMzk4MTMxODI3OA%3D%3D.3-ccb7-5&amp;ccb=7-5&amp;_nc_sid=a54f6b&amp;efg=eyJlZmdfdGFnIjoiYmVzdF9pbWFnZV91cmxnZW4uRkVFRC5DMyJ9&amp;_nc_ohc=GlUUSbjBWFIQ7kNvwG9hCzO&amp;_nc_oc=AdpHqsiTVHGFItj-_q5xGsAY1FLXoHjmL4cYIHMZT95BrsQGec3PMKqovwQXeJYq_dU&amp;_nc_zt=23&amp;_nc_ht=scontent-mad1-1.cdninstagram.com&amp;edm=ANo9K5cEAAAA&amp;_nc_gid=f5YslbTkwb5xRNFOyhJPUA&amp;_nc_tpa=Q5bMBQLCKSEJbGbgvux2ZuvOzRPZxTzHT3Bh3dFAXgzIay8E8U86cmV5yQ6bdpB6WVn557NMrFm6ygO9nw&amp;oh=00_AQL3fFtTUMywhqJgW19OgJdIvNoi3_ElN5UREHmJaqFAlA&amp;oe=6A9C2725&quot;,&quot;320&quot;:&quot;https:\\\/\\\/scontent-mad1-1.cdninstagram.com\\\/v\\\/t51.82787-15\\\/784428399_18013341065949108_7348541497913165160_n.jpg?stp=dst-jpg_e35_tt6&amp;_nc_cat=103&amp;ig_cache_key=Mzk3MDc3MTgzMzk4MTMxODI3OA%3D%3D.3-ccb7-5&amp;ccb=7-5&amp;_nc_sid=a54f6b&amp;efg=eyJlZmdfdGFnIjoiYmVzdF9pbWFnZV91cmxnZW4uRkVFRC5DMyJ9&amp;_nc_ohc=GlUUSbjBWFIQ7kNvwG9hCzO&amp;_nc_oc=AdpHqsiTVHGFItj-_q5xGsAY1FLXoHjmL4cYIHMZT95BrsQGec3PMKqovwQXeJYq_dU&amp;_nc_zt=23&amp;_nc_ht=scontent-mad1-1.cdninstagram.com&amp;edm=ANo9K5cEAAAA&amp;_nc_gid=f5YslbTkwb5xRNFOyhJPUA&amp;_nc_tpa=Q5bMBQLCKSEJbGbgvux2ZuvOzRPZxTzHT3Bh3dFAXgzIay8E8U86cmV5yQ6bdpB6WVn557NMrFm6ygO9nw&amp;oh=00_AQL3fFtTUMywhqJgW19OgJdIvNoi3_ElN5UREHmJaqFAlA&amp;oe=6A9C2725&quot;,&quot;640&quot;:&quot;https:\\\/\\\/scontent-mad1-1.cdninstagram.com\\\/v\\\/t51.82787-15\\\/784428399_18013341065949108_7348541497913165160_n.jpg?stp=dst-jpg_e35_tt6&amp;_nc_cat=103&amp;ig_cache_key=Mzk3MDc3MTgzMzk4MTMxODI3OA%3D%3D.3-ccb7-5&amp;ccb=7-5&amp;_nc_sid=a54f6b&amp;efg=eyJlZmdfdGFnIjoiYmVzdF9pbWFnZV91cmxnZW4uRkVFRC5DMyJ9&amp;_nc_ohc=GlUUSbjBWFIQ7kNvwG9hCzO&amp;_nc_oc=AdpHqsiTVHGFItj-_q5xGsAY1FLXoHjmL4cYIHMZT95BrsQGec3PMKqovwQXeJYq_dU&amp;_nc_zt=23&amp;_nc_ht=scontent-mad1-1.cdninstagram.com&amp;edm=ANo9K5cEAAAA&amp;_nc_gid=f5YslbTkwb5xRNFOyhJPUA&amp;_nc_tpa=Q5bMBQLCKSEJbGbgvux2ZuvOzRPZxTzHT3Bh3dFAXgzIay8E8U86cmV5yQ6bdpB6WVn557NMrFm6ygO9nw&amp;oh=00_AQL3fFtTUMywhqJgW19OgJdIvNoi3_ElN5UREHmJaqFAlA&amp;oe=6A9C2725&quot;}\">\n\t\t\t<span class=\"sbi-screenreader\">Leer es mucho m\u00e1s que descifrar palabras. Es descu<\/span>\n\t\t\t\t\t\t\t\t\t<img decoding=\"async\" src=\"https:\/\/www.misionerasdecristojesus.com\/wp-content\/plugins\/instagram-feed\/img\/placeholder.png\" alt=\"Leer es mucho m\u00e1s que descifrar palabras. Es descubrir nuevos mundos, comprender la realidad, expresar lo que sentimos y tener la libertad de imaginar un futuro diferente.\n\nPor eso, la alfabetizaci\u00f3n es una herramienta fundamental para construir una vida m\u00e1s digna. En muchos lugares, aprender a leer y escribir sigue siendo una oportunidad que no est\u00e1 al alcance de todos.\n\nDesde la misi\u00f3n, llevar la educaci\u00f3n a comunidades desfavorecidas significa abrir puertas y ofrecer nuevas posibilidades. Cada persona que aprende a leer y escribir adquiere herramientas para crecer, participar en su comunidad y construir su propio camino.\n\n\ud83d\udcd6 \u00abTu palabra es una l\u00e1mpara para mis pasos, una luz en mi camino.\u00bb (Sal 119,105)\n\nQue nunca olvidemos el poder transformador de la educaci\u00f3n. Porque ense\u00f1ar a leer es tambi\u00e9n dar herramientas para comprender el mundo y la posibilidad de escribir un futuro con esperanza.\n\n#D\u00edaDelLector #Alfabetizaci\u00f3n #Educaci\u00f3nParaTodos #Misi\u00f3n #MisionerasDeCristoJes\u00fas  #VidaMisionera\" aria-hidden=\"true\">\n\t\t<\/a>\n\t<\/div>\n<\/div><div class=\"sbi_item sbi_type_image sbi_new sbi_transition\" role=\"listitem\"\n\tid=\"sbi_18089063255643370\" data-date=\"1787482905\">\n\t<div class=\"sbi_photo_wrap\">\n\t\t<a class=\"sbi_photo\" href=\"https:\/\/www.instagram.com\/p\/DcYVTp6Fb-S\/\" target=\"_blank\" rel=\"noopener nofollow\"\n\t\t\tdata-full-res=\"https:\/\/scontent-mad1-1.cdninstagram.com\/v\/t51.82787-15\/783162481_18013192688949108_444749888210216971_n.jpg?stp=dst-jpg_e35_tt6&#038;_nc_cat=102&#038;ig_cache_key=Mzk3MDAxNjc4MTE3MTgwMjAwMg%3D%3D.3-ccb7-5&#038;ccb=7-5&#038;_nc_sid=a54f6b&#038;efg=eyJlZmdfdGFnIjoiYmVzdF9pbWFnZV91cmxnZW4uRkVFRC5DMyJ9&#038;_nc_ohc=H9ulUYJrb7YQ7kNvwGuufLi&#038;_nc_oc=AdqqOt34GhnX9xV8bpmexIcas7Xds1o7y1WP_Ukgd3zO0DIOnVlpmzDbTZzn8PY86Os&#038;_nc_zt=23&#038;_nc_ht=scontent-mad1-1.cdninstagram.com&#038;edm=ANo9K5cEAAAA&#038;_nc_gid=f5YslbTkwb5xRNFOyhJPUA&#038;_nc_tpa=Q5bMBQJ7dpgTZxopZkw3uIVkUWkOBMv3hXwUu5fSqGFrcgTJBWMRRjkj2-HL-A3x5WlotKhxUu3fjrZaeQ&#038;oh=00_AQLIx9RIjVlsk0XhLHXMt6TKG6y_iDfUqt7-9VM4aCykmQ&#038;oe=6A9C0DF6\"\n\t\t\tdata-img-src-set=\"{&quot;d&quot;:&quot;https:\\\/\\\/scontent-mad1-1.cdninstagram.com\\\/v\\\/t51.82787-15\\\/783162481_18013192688949108_444749888210216971_n.jpg?stp=dst-jpg_e35_tt6&amp;_nc_cat=102&amp;ig_cache_key=Mzk3MDAxNjc4MTE3MTgwMjAwMg%3D%3D.3-ccb7-5&amp;ccb=7-5&amp;_nc_sid=a54f6b&amp;efg=eyJlZmdfdGFnIjoiYmVzdF9pbWFnZV91cmxnZW4uRkVFRC5DMyJ9&amp;_nc_ohc=H9ulUYJrb7YQ7kNvwGuufLi&amp;_nc_oc=AdqqOt34GhnX9xV8bpmexIcas7Xds1o7y1WP_Ukgd3zO0DIOnVlpmzDbTZzn8PY86Os&amp;_nc_zt=23&amp;_nc_ht=scontent-mad1-1.cdninstagram.com&amp;edm=ANo9K5cEAAAA&amp;_nc_gid=f5YslbTkwb5xRNFOyhJPUA&amp;_nc_tpa=Q5bMBQJ7dpgTZxopZkw3uIVkUWkOBMv3hXwUu5fSqGFrcgTJBWMRRjkj2-HL-A3x5WlotKhxUu3fjrZaeQ&amp;oh=00_AQLIx9RIjVlsk0XhLHXMt6TKG6y_iDfUqt7-9VM4aCykmQ&amp;oe=6A9C0DF6&quot;,&quot;150&quot;:&quot;https:\\\/\\\/scontent-mad1-1.cdninstagram.com\\\/v\\\/t51.82787-15\\\/783162481_18013192688949108_444749888210216971_n.jpg?stp=dst-jpg_e35_tt6&amp;_nc_cat=102&amp;ig_cache_key=Mzk3MDAxNjc4MTE3MTgwMjAwMg%3D%3D.3-ccb7-5&amp;ccb=7-5&amp;_nc_sid=a54f6b&amp;efg=eyJlZmdfdGFnIjoiYmVzdF9pbWFnZV91cmxnZW4uRkVFRC5DMyJ9&amp;_nc_ohc=H9ulUYJrb7YQ7kNvwGuufLi&amp;_nc_oc=AdqqOt34GhnX9xV8bpmexIcas7Xds1o7y1WP_Ukgd3zO0DIOnVlpmzDbTZzn8PY86Os&amp;_nc_zt=23&amp;_nc_ht=scontent-mad1-1.cdninstagram.com&amp;edm=ANo9K5cEAAAA&amp;_nc_gid=f5YslbTkwb5xRNFOyhJPUA&amp;_nc_tpa=Q5bMBQJ7dpgTZxopZkw3uIVkUWkOBMv3hXwUu5fSqGFrcgTJBWMRRjkj2-HL-A3x5WlotKhxUu3fjrZaeQ&amp;oh=00_AQLIx9RIjVlsk0XhLHXMt6TKG6y_iDfUqt7-9VM4aCykmQ&amp;oe=6A9C0DF6&quot;,&quot;320&quot;:&quot;https:\\\/\\\/scontent-mad1-1.cdninstagram.com\\\/v\\\/t51.82787-15\\\/783162481_18013192688949108_444749888210216971_n.jpg?stp=dst-jpg_e35_tt6&amp;_nc_cat=102&amp;ig_cache_key=Mzk3MDAxNjc4MTE3MTgwMjAwMg%3D%3D.3-ccb7-5&amp;ccb=7-5&amp;_nc_sid=a54f6b&amp;efg=eyJlZmdfdGFnIjoiYmVzdF9pbWFnZV91cmxnZW4uRkVFRC5DMyJ9&amp;_nc_ohc=H9ulUYJrb7YQ7kNvwGuufLi&amp;_nc_oc=AdqqOt34GhnX9xV8bpmexIcas7Xds1o7y1WP_Ukgd3zO0DIOnVlpmzDbTZzn8PY86Os&amp;_nc_zt=23&amp;_nc_ht=scontent-mad1-1.cdninstagram.com&amp;edm=ANo9K5cEAAAA&amp;_nc_gid=f5YslbTkwb5xRNFOyhJPUA&amp;_nc_tpa=Q5bMBQJ7dpgTZxopZkw3uIVkUWkOBMv3hXwUu5fSqGFrcgTJBWMRRjkj2-HL-A3x5WlotKhxUu3fjrZaeQ&amp;oh=00_AQLIx9RIjVlsk0XhLHXMt6TKG6y_iDfUqt7-9VM4aCykmQ&amp;oe=6A9C0DF6&quot;,&quot;640&quot;:&quot;https:\\\/\\\/scontent-mad1-1.cdninstagram.com\\\/v\\\/t51.82787-15\\\/783162481_18013192688949108_444749888210216971_n.jpg?stp=dst-jpg_e35_tt6&amp;_nc_cat=102&amp;ig_cache_key=Mzk3MDAxNjc4MTE3MTgwMjAwMg%3D%3D.3-ccb7-5&amp;ccb=7-5&amp;_nc_sid=a54f6b&amp;efg=eyJlZmdfdGFnIjoiYmVzdF9pbWFnZV91cmxnZW4uRkVFRC5DMyJ9&amp;_nc_ohc=H9ulUYJrb7YQ7kNvwGuufLi&amp;_nc_oc=AdqqOt34GhnX9xV8bpmexIcas7Xds1o7y1WP_Ukgd3zO0DIOnVlpmzDbTZzn8PY86Os&amp;_nc_zt=23&amp;_nc_ht=scontent-mad1-1.cdninstagram.com&amp;edm=ANo9K5cEAAAA&amp;_nc_gid=f5YslbTkwb5xRNFOyhJPUA&amp;_nc_tpa=Q5bMBQJ7dpgTZxopZkw3uIVkUWkOBMv3hXwUu5fSqGFrcgTJBWMRRjkj2-HL-A3x5WlotKhxUu3fjrZaeQ&amp;oh=00_AQLIx9RIjVlsk0XhLHXMt6TKG6y_iDfUqt7-9VM4aCykmQ&amp;oe=6A9C0DF6&quot;}\">\n\t\t\t<span class=\"sbi-screenreader\">Hoy recordamos a las millones de personas que fuer<\/span>\n\t\t\t\t\t\t\t\t\t<img decoding=\"async\" src=\"https:\/\/www.misionerasdecristojesus.com\/wp-content\/plugins\/instagram-feed\/img\/placeholder.png\" alt=\"Hoy recordamos a las millones de personas que fueron v\u00edctimas de la esclavitud y de la trata de seres humanos, una de las p\u00e1ginas m\u00e1s dolorosas de nuestra historia.\n\nRecordar es tambi\u00e9n comprometernos a construir un presente y un futuro donde ninguna persona sea privada de su libertad, su dignidad o sus derechos.\n\nDesde la misi\u00f3n, estamos llamados a defender la dignidad de cada ser humano y a acompa\u00f1ar especialmente a quienes viven en situaciones de vulnerabilidad, exclusi\u00f3n y pobreza. Porque la misi\u00f3n tambi\u00e9n significa trabajar por un mundo donde todas las personas puedan vivir en libertad y con esperanza.\n\n\ud83d\udcd6 \u00abYa no hay jud\u00edo ni griego, esclavo ni libre, hombre ni mujer, porque todos ustedes son uno en Cristo Jes\u00fas.\u00bb (G\u00e1l 3,28)\n\nQue la memoria nos ayude a no olvidar y que el compromiso nos impulse a seguir construyendo un mundo m\u00e1s justo, fraterno y libre.\n\nLa dignidad humana no tiene precio. La libertad es un derecho de todos.\n\n#ContraLaEsclavitud #Misi\u00f3n #MisionerasDeCristoJes\u00fas #DerechosHumanos #VidaMisionera\" aria-hidden=\"true\">\n\t\t<\/a>\n\t<\/div>\n<\/div><div class=\"sbi_item sbi_type_image sbi_new sbi_transition\" role=\"listitem\"\n\tid=\"sbi_18106690453880281\" data-date=\"1787137334\">\n\t<div class=\"sbi_photo_wrap\">\n\t\t<a class=\"sbi_photo\" href=\"https:\/\/www.instagram.com\/p\/DcOCJppFVK-\/\" target=\"_blank\" rel=\"noopener nofollow\"\n\t\t\tdata-full-res=\"https:\/\/scontent-mad2-1.cdninstagram.com\/v\/t51.82787-15\/772888923_18012615080949108_4717908092103536729_n.jpg?stp=dst-jpg_e35_tt6&#038;_nc_cat=110&#038;ig_cache_key=Mzk2NzExNzc4MTA0MDk3NjU3NA%3D%3D.3-ccb7-5&#038;ccb=7-5&#038;_nc_sid=a54f6b&#038;efg=eyJlZmdfdGFnIjoiYmVzdF9pbWFnZV91cmxnZW4uRkVFRC5DMyJ9&#038;_nc_ohc=HRWEZAcuKb8Q7kNvwHn_3mk&#038;_nc_oc=Adr8xLbvpDAhreIIe2eZO-idLVVHDlcMSR0HWbIAPIrQhM3gVtbFrOAxdRsAFM0xf0E&#038;_nc_zt=23&#038;_nc_ht=scontent-mad2-1.cdninstagram.com&#038;edm=ANo9K5cEAAAA&#038;_nc_gid=f5YslbTkwb5xRNFOyhJPUA&#038;_nc_tpa=Q5bMBQJR734UBwyUAGNEieqHrYbxFkftpyi2G14C7fzFOpC4TD2FdaROqXmSZt2IHl_Lxhhx7LGkgMgjVQ&#038;oh=00_AQJHJXDQLRjUI1v7wJGx1n0qEKbafwFRjbSbAACZPqA76A&#038;oe=6A9C0538\"\n\t\t\tdata-img-src-set=\"{&quot;d&quot;:&quot;https:\\\/\\\/scontent-mad2-1.cdninstagram.com\\\/v\\\/t51.82787-15\\\/772888923_18012615080949108_4717908092103536729_n.jpg?stp=dst-jpg_e35_tt6&amp;_nc_cat=110&amp;ig_cache_key=Mzk2NzExNzc4MTA0MDk3NjU3NA%3D%3D.3-ccb7-5&amp;ccb=7-5&amp;_nc_sid=a54f6b&amp;efg=eyJlZmdfdGFnIjoiYmVzdF9pbWFnZV91cmxnZW4uRkVFRC5DMyJ9&amp;_nc_ohc=HRWEZAcuKb8Q7kNvwHn_3mk&amp;_nc_oc=Adr8xLbvpDAhreIIe2eZO-idLVVHDlcMSR0HWbIAPIrQhM3gVtbFrOAxdRsAFM0xf0E&amp;_nc_zt=23&amp;_nc_ht=scontent-mad2-1.cdninstagram.com&amp;edm=ANo9K5cEAAAA&amp;_nc_gid=f5YslbTkwb5xRNFOyhJPUA&amp;_nc_tpa=Q5bMBQJR734UBwyUAGNEieqHrYbxFkftpyi2G14C7fzFOpC4TD2FdaROqXmSZt2IHl_Lxhhx7LGkgMgjVQ&amp;oh=00_AQJHJXDQLRjUI1v7wJGx1n0qEKbafwFRjbSbAACZPqA76A&amp;oe=6A9C0538&quot;,&quot;150&quot;:&quot;https:\\\/\\\/scontent-mad2-1.cdninstagram.com\\\/v\\\/t51.82787-15\\\/772888923_18012615080949108_4717908092103536729_n.jpg?stp=dst-jpg_e35_tt6&amp;_nc_cat=110&amp;ig_cache_key=Mzk2NzExNzc4MTA0MDk3NjU3NA%3D%3D.3-ccb7-5&amp;ccb=7-5&amp;_nc_sid=a54f6b&amp;efg=eyJlZmdfdGFnIjoiYmVzdF9pbWFnZV91cmxnZW4uRkVFRC5DMyJ9&amp;_nc_ohc=HRWEZAcuKb8Q7kNvwHn_3mk&amp;_nc_oc=Adr8xLbvpDAhreIIe2eZO-idLVVHDlcMSR0HWbIAPIrQhM3gVtbFrOAxdRsAFM0xf0E&amp;_nc_zt=23&amp;_nc_ht=scontent-mad2-1.cdninstagram.com&amp;edm=ANo9K5cEAAAA&amp;_nc_gid=f5YslbTkwb5xRNFOyhJPUA&amp;_nc_tpa=Q5bMBQJR734UBwyUAGNEieqHrYbxFkftpyi2G14C7fzFOpC4TD2FdaROqXmSZt2IHl_Lxhhx7LGkgMgjVQ&amp;oh=00_AQJHJXDQLRjUI1v7wJGx1n0qEKbafwFRjbSbAACZPqA76A&amp;oe=6A9C0538&quot;,&quot;320&quot;:&quot;https:\\\/\\\/scontent-mad2-1.cdninstagram.com\\\/v\\\/t51.82787-15\\\/772888923_18012615080949108_4717908092103536729_n.jpg?stp=dst-jpg_e35_tt6&amp;_nc_cat=110&amp;ig_cache_key=Mzk2NzExNzc4MTA0MDk3NjU3NA%3D%3D.3-ccb7-5&amp;ccb=7-5&amp;_nc_sid=a54f6b&amp;efg=eyJlZmdfdGFnIjoiYmVzdF9pbWFnZV91cmxnZW4uRkVFRC5DMyJ9&amp;_nc_ohc=HRWEZAcuKb8Q7kNvwHn_3mk&amp;_nc_oc=Adr8xLbvpDAhreIIe2eZO-idLVVHDlcMSR0HWbIAPIrQhM3gVtbFrOAxdRsAFM0xf0E&amp;_nc_zt=23&amp;_nc_ht=scontent-mad2-1.cdninstagram.com&amp;edm=ANo9K5cEAAAA&amp;_nc_gid=f5YslbTkwb5xRNFOyhJPUA&amp;_nc_tpa=Q5bMBQJR734UBwyUAGNEieqHrYbxFkftpyi2G14C7fzFOpC4TD2FdaROqXmSZt2IHl_Lxhhx7LGkgMgjVQ&amp;oh=00_AQJHJXDQLRjUI1v7wJGx1n0qEKbafwFRjbSbAACZPqA76A&amp;oe=6A9C0538&quot;,&quot;640&quot;:&quot;https:\\\/\\\/scontent-mad2-1.cdninstagram.com\\\/v\\\/t51.82787-15\\\/772888923_18012615080949108_4717908092103536729_n.jpg?stp=dst-jpg_e35_tt6&amp;_nc_cat=110&amp;ig_cache_key=Mzk2NzExNzc4MTA0MDk3NjU3NA%3D%3D.3-ccb7-5&amp;ccb=7-5&amp;_nc_sid=a54f6b&amp;efg=eyJlZmdfdGFnIjoiYmVzdF9pbWFnZV91cmxnZW4uRkVFRC5DMyJ9&amp;_nc_ohc=HRWEZAcuKb8Q7kNvwHn_3mk&amp;_nc_oc=Adr8xLbvpDAhreIIe2eZO-idLVVHDlcMSR0HWbIAPIrQhM3gVtbFrOAxdRsAFM0xf0E&amp;_nc_zt=23&amp;_nc_ht=scontent-mad2-1.cdninstagram.com&amp;edm=ANo9K5cEAAAA&amp;_nc_gid=f5YslbTkwb5xRNFOyhJPUA&amp;_nc_tpa=Q5bMBQJR734UBwyUAGNEieqHrYbxFkftpyi2G14C7fzFOpC4TD2FdaROqXmSZt2IHl_Lxhhx7LGkgMgjVQ&amp;oh=00_AQJHJXDQLRjUI1v7wJGx1n0qEKbafwFRjbSbAACZPqA76A&amp;oe=6A9C0538&quot;}\">\n\t\t\t<span class=\"sbi-screenreader\">En los momentos m\u00e1s dif\u00edciles, nadie deber\u00eda senti<\/span>\n\t\t\t\t\t\t\t\t\t<img decoding=\"async\" src=\"https:\/\/www.misionerasdecristojesus.com\/wp-content\/plugins\/instagram-feed\/img\/placeholder.png\" alt=\"En los momentos m\u00e1s dif\u00edciles, nadie deber\u00eda sentirse solo.\n\nLa asistencia humanitaria es una forma concreta de cuidar la vida y acompa\u00f1ar a quienes atraviesan situaciones de pobreza, conflictos, desastres o crisis. Es ofrecer alimento, agua, atenci\u00f3n, refugio y, sobre todo, la certeza de que alguien est\u00e1 dispuesto a tender una mano.\n\nDesde la misi\u00f3n, acompa\u00f1ar a las personas m\u00e1s vulnerables significa estar cerca, escuchar sus necesidades y trabajar junto a las comunidades para devolver esperanza y dignidad.\n\n\ud83d\udcd6 \u00abPorque tuve hambre y me dieron de comer, tuve sed y me dieron de beber.\u00bb (Mt 25,35)\n\nQue nunca perdamos la capacidad de mirar al otro y responder ante su necesidad. Porque ayudar no es solo dar lo que tenemos, sino hacernos presentes y caminar junto a quienes m\u00e1s nos necesitan.\n\nLa misi\u00f3n es tambi\u00e9n cuidar, acompa\u00f1ar y sostener la vida.\n\n#AsistenciaHumanitaria #Misi\u00f3n #MisionerasDeCristoJes\u00fas #VidaMisionera\" aria-hidden=\"true\">\n\t\t<\/a>\n\t<\/div>\n<\/div><div class=\"sbi_item sbi_type_image sbi_new sbi_transition\" role=\"listitem\"\n\tid=\"sbi_17930900400379377\" data-date=\"1786971715\">\n\t<div class=\"sbi_photo_wrap\">\n\t\t<a class=\"sbi_photo\" href=\"https:\/\/www.instagram.com\/p\/DcJGSotjbA2\/\" target=\"_blank\" rel=\"noopener nofollow\"\n\t\t\tdata-full-res=\"https:\/\/scontent-mad1-1.cdninstagram.com\/v\/t51.82787-15\/778873925_18012276263949108_3945515918628311218_n.jpg?stp=dst-jpg_e35_tt6&#038;_nc_cat=105&#038;ig_cache_key=Mzk2NTcyODYxNTgyMDAxMzYyMg%3D%3D.3-ccb7-5&#038;ccb=7-5&#038;_nc_sid=a54f6b&#038;efg=eyJlZmdfdGFnIjoiYmVzdF9pbWFnZV91cmxnZW4uRkVFRC5DMyJ9&#038;_nc_ohc=wug4zIRffxcQ7kNvwHEGDtn&#038;_nc_oc=AdpTllGaRdJt8NzaeV-ykd8iN7fsKEf-EU-Voj7sHzvGt79V6QNh7BQNvPyRNRFAKcQ&#038;_nc_zt=23&#038;_nc_ht=scontent-mad1-1.cdninstagram.com&#038;edm=ANo9K5cEAAAA&#038;_nc_gid=f5YslbTkwb5xRNFOyhJPUA&#038;_nc_tpa=Q5bMBQIbRNg_k6Sl6IeGUMgc_uNGpEYJ5wejgUI0elD5-GIuVn_nZc8fkHC1EbrLNZOv1IW2a5ks8PKwAA&#038;oh=00_AQKUAKCVI71DF6f-FuRoVf-il2x_mpdsxdMp5OqaI14gjQ&#038;oe=6A9C044E\"\n\t\t\tdata-img-src-set=\"{&quot;d&quot;:&quot;https:\\\/\\\/scontent-mad1-1.cdninstagram.com\\\/v\\\/t51.82787-15\\\/778873925_18012276263949108_3945515918628311218_n.jpg?stp=dst-jpg_e35_tt6&amp;_nc_cat=105&amp;ig_cache_key=Mzk2NTcyODYxNTgyMDAxMzYyMg%3D%3D.3-ccb7-5&amp;ccb=7-5&amp;_nc_sid=a54f6b&amp;efg=eyJlZmdfdGFnIjoiYmVzdF9pbWFnZV91cmxnZW4uRkVFRC5DMyJ9&amp;_nc_ohc=wug4zIRffxcQ7kNvwHEGDtn&amp;_nc_oc=AdpTllGaRdJt8NzaeV-ykd8iN7fsKEf-EU-Voj7sHzvGt79V6QNh7BQNvPyRNRFAKcQ&amp;_nc_zt=23&amp;_nc_ht=scontent-mad1-1.cdninstagram.com&amp;edm=ANo9K5cEAAAA&amp;_nc_gid=f5YslbTkwb5xRNFOyhJPUA&amp;_nc_tpa=Q5bMBQIbRNg_k6Sl6IeGUMgc_uNGpEYJ5wejgUI0elD5-GIuVn_nZc8fkHC1EbrLNZOv1IW2a5ks8PKwAA&amp;oh=00_AQKUAKCVI71DF6f-FuRoVf-il2x_mpdsxdMp5OqaI14gjQ&amp;oe=6A9C044E&quot;,&quot;150&quot;:&quot;https:\\\/\\\/scontent-mad1-1.cdninstagram.com\\\/v\\\/t51.82787-15\\\/778873925_18012276263949108_3945515918628311218_n.jpg?stp=dst-jpg_e35_tt6&amp;_nc_cat=105&amp;ig_cache_key=Mzk2NTcyODYxNTgyMDAxMzYyMg%3D%3D.3-ccb7-5&amp;ccb=7-5&amp;_nc_sid=a54f6b&amp;efg=eyJlZmdfdGFnIjoiYmVzdF9pbWFnZV91cmxnZW4uRkVFRC5DMyJ9&amp;_nc_ohc=wug4zIRffxcQ7kNvwHEGDtn&amp;_nc_oc=AdpTllGaRdJt8NzaeV-ykd8iN7fsKEf-EU-Voj7sHzvGt79V6QNh7BQNvPyRNRFAKcQ&amp;_nc_zt=23&amp;_nc_ht=scontent-mad1-1.cdninstagram.com&amp;edm=ANo9K5cEAAAA&amp;_nc_gid=f5YslbTkwb5xRNFOyhJPUA&amp;_nc_tpa=Q5bMBQIbRNg_k6Sl6IeGUMgc_uNGpEYJ5wejgUI0elD5-GIuVn_nZc8fkHC1EbrLNZOv1IW2a5ks8PKwAA&amp;oh=00_AQKUAKCVI71DF6f-FuRoVf-il2x_mpdsxdMp5OqaI14gjQ&amp;oe=6A9C044E&quot;,&quot;320&quot;:&quot;https:\\\/\\\/scontent-mad1-1.cdninstagram.com\\\/v\\\/t51.82787-15\\\/778873925_18012276263949108_3945515918628311218_n.jpg?stp=dst-jpg_e35_tt6&amp;_nc_cat=105&amp;ig_cache_key=Mzk2NTcyODYxNTgyMDAxMzYyMg%3D%3D.3-ccb7-5&amp;ccb=7-5&amp;_nc_sid=a54f6b&amp;efg=eyJlZmdfdGFnIjoiYmVzdF9pbWFnZV91cmxnZW4uRkVFRC5DMyJ9&amp;_nc_ohc=wug4zIRffxcQ7kNvwHEGDtn&amp;_nc_oc=AdpTllGaRdJt8NzaeV-ykd8iN7fsKEf-EU-Voj7sHzvGt79V6QNh7BQNvPyRNRFAKcQ&amp;_nc_zt=23&amp;_nc_ht=scontent-mad1-1.cdninstagram.com&amp;edm=ANo9K5cEAAAA&amp;_nc_gid=f5YslbTkwb5xRNFOyhJPUA&amp;_nc_tpa=Q5bMBQIbRNg_k6Sl6IeGUMgc_uNGpEYJ5wejgUI0elD5-GIuVn_nZc8fkHC1EbrLNZOv1IW2a5ks8PKwAA&amp;oh=00_AQKUAKCVI71DF6f-FuRoVf-il2x_mpdsxdMp5OqaI14gjQ&amp;oe=6A9C044E&quot;,&quot;640&quot;:&quot;https:\\\/\\\/scontent-mad1-1.cdninstagram.com\\\/v\\\/t51.82787-15\\\/778873925_18012276263949108_3945515918628311218_n.jpg?stp=dst-jpg_e35_tt6&amp;_nc_cat=105&amp;ig_cache_key=Mzk2NTcyODYxNTgyMDAxMzYyMg%3D%3D.3-ccb7-5&amp;ccb=7-5&amp;_nc_sid=a54f6b&amp;efg=eyJlZmdfdGFnIjoiYmVzdF9pbWFnZV91cmxnZW4uRkVFRC5DMyJ9&amp;_nc_ohc=wug4zIRffxcQ7kNvwHEGDtn&amp;_nc_oc=AdpTllGaRdJt8NzaeV-ykd8iN7fsKEf-EU-Voj7sHzvGt79V6QNh7BQNvPyRNRFAKcQ&amp;_nc_zt=23&amp;_nc_ht=scontent-mad1-1.cdninstagram.com&amp;edm=ANo9K5cEAAAA&amp;_nc_gid=f5YslbTkwb5xRNFOyhJPUA&amp;_nc_tpa=Q5bMBQIbRNg_k6Sl6IeGUMgc_uNGpEYJ5wejgUI0elD5-GIuVn_nZc8fkHC1EbrLNZOv1IW2a5ks8PKwAA&amp;oh=00_AQKUAKCVI71DF6f-FuRoVf-il2x_mpdsxdMp5OqaI14gjQ&amp;oe=6A9C044E&quot;}\">\n\t\t\t<span class=\"sbi-screenreader\">No te pierdas m\u00e1s informaci\u00f3n sobre todos nuestros<\/span>\n\t\t\t\t\t\t\t\t\t<img decoding=\"async\" src=\"https:\/\/www.misionerasdecristojesus.com\/wp-content\/plugins\/instagram-feed\/img\/placeholder.png\" alt=\"No te pierdas m\u00e1s informaci\u00f3n sobre todos nuestros proyectos en nuestras otras plataformas.\n\ud83c\udf10Puedes encontrarnos en nuestra web:\nwww.misionerasdecristojes\u00fas.com\n\ud83c\udfa5En YouTube:\n@misionerasdecristojesus \n\ud83d\udcf1Y ahora tambi\u00e9n en nuestro canal de WhatsApp:\nMisioneras De Cristo Jes\u00fas. Evangelio Del D\u00eda.\n\nGracias por acompa\u00f1arnos en esta misi\u00f3n que es la vida\ud83d\ude4f\n\n#misionerasdecristojesus #misionerasdedios #misionerasporelmundo #vidamisionera\" aria-hidden=\"true\">\n\t\t<\/a>\n\t<\/div>\n<\/div><div class=\"sbi_item sbi_type_image sbi_new sbi_transition\" role=\"listitem\"\n\tid=\"sbi_18112616489473586\" data-date=\"1786788123\">\n\t<div class=\"sbi_photo_wrap\">\n\t\t<a class=\"sbi_photo\" href=\"https:\/\/www.instagram.com\/p\/DcDoFjZFQ5p\/\" target=\"_blank\" rel=\"noopener nofollow\"\n\t\t\tdata-full-res=\"https:\/\/scontent-mad2-1.cdninstagram.com\/v\/t51.82787-15\/766619964_18011930504949108_7029416238911711423_n.jpg?stp=dst-jpg_e35_tt6&#038;_nc_cat=109&#038;ig_cache_key=Mzk2NDE4ODQwMDQ3NTc3MDQ3Mw%3D%3D.3-ccb7-5&#038;ccb=7-5&#038;_nc_sid=a54f6b&#038;efg=eyJlZmdfdGFnIjoiYmVzdF9pbWFnZV91cmxnZW4uRkVFRC5DMyJ9&#038;_nc_ohc=IdjdBZKFDhoQ7kNvwG9cpDO&#038;_nc_oc=AdoaMWK2Mfj4xhEB8l099o5BpH1qyMwJsEfIMquNy-c9BjytQw8p4RHiy6IqT7PZMAE&#038;_nc_zt=23&#038;_nc_ht=scontent-mad2-1.cdninstagram.com&#038;edm=ANo9K5cEAAAA&#038;_nc_gid=f5YslbTkwb5xRNFOyhJPUA&#038;_nc_tpa=Q5bMBQIM--jsgdyShuQorJmlspKHFf3I6L9VkdCqfh9AE6G5beG5OxSuZVfwsuONCrx5NFRPBjcz60BEKQ&#038;oh=00_AQIw1LmwZB69zN56KpSg471KAAW1i3b6kbxoPb5cm5Z13g&#038;oe=6A9C2776\"\n\t\t\tdata-img-src-set=\"{&quot;d&quot;:&quot;https:\\\/\\\/scontent-mad2-1.cdninstagram.com\\\/v\\\/t51.82787-15\\\/766619964_18011930504949108_7029416238911711423_n.jpg?stp=dst-jpg_e35_tt6&amp;_nc_cat=109&amp;ig_cache_key=Mzk2NDE4ODQwMDQ3NTc3MDQ3Mw%3D%3D.3-ccb7-5&amp;ccb=7-5&amp;_nc_sid=a54f6b&amp;efg=eyJlZmdfdGFnIjoiYmVzdF9pbWFnZV91cmxnZW4uRkVFRC5DMyJ9&amp;_nc_ohc=IdjdBZKFDhoQ7kNvwG9cpDO&amp;_nc_oc=AdoaMWK2Mfj4xhEB8l099o5BpH1qyMwJsEfIMquNy-c9BjytQw8p4RHiy6IqT7PZMAE&amp;_nc_zt=23&amp;_nc_ht=scontent-mad2-1.cdninstagram.com&amp;edm=ANo9K5cEAAAA&amp;_nc_gid=f5YslbTkwb5xRNFOyhJPUA&amp;_nc_tpa=Q5bMBQIM--jsgdyShuQorJmlspKHFf3I6L9VkdCqfh9AE6G5beG5OxSuZVfwsuONCrx5NFRPBjcz60BEKQ&amp;oh=00_AQIw1LmwZB69zN56KpSg471KAAW1i3b6kbxoPb5cm5Z13g&amp;oe=6A9C2776&quot;,&quot;150&quot;:&quot;https:\\\/\\\/scontent-mad2-1.cdninstagram.com\\\/v\\\/t51.82787-15\\\/766619964_18011930504949108_7029416238911711423_n.jpg?stp=dst-jpg_e35_tt6&amp;_nc_cat=109&amp;ig_cache_key=Mzk2NDE4ODQwMDQ3NTc3MDQ3Mw%3D%3D.3-ccb7-5&amp;ccb=7-5&amp;_nc_sid=a54f6b&amp;efg=eyJlZmdfdGFnIjoiYmVzdF9pbWFnZV91cmxnZW4uRkVFRC5DMyJ9&amp;_nc_ohc=IdjdBZKFDhoQ7kNvwG9cpDO&amp;_nc_oc=AdoaMWK2Mfj4xhEB8l099o5BpH1qyMwJsEfIMquNy-c9BjytQw8p4RHiy6IqT7PZMAE&amp;_nc_zt=23&amp;_nc_ht=scontent-mad2-1.cdninstagram.com&amp;edm=ANo9K5cEAAAA&amp;_nc_gid=f5YslbTkwb5xRNFOyhJPUA&amp;_nc_tpa=Q5bMBQIM--jsgdyShuQorJmlspKHFf3I6L9VkdCqfh9AE6G5beG5OxSuZVfwsuONCrx5NFRPBjcz60BEKQ&amp;oh=00_AQIw1LmwZB69zN56KpSg471KAAW1i3b6kbxoPb5cm5Z13g&amp;oe=6A9C2776&quot;,&quot;320&quot;:&quot;https:\\\/\\\/scontent-mad2-1.cdninstagram.com\\\/v\\\/t51.82787-15\\\/766619964_18011930504949108_7029416238911711423_n.jpg?stp=dst-jpg_e35_tt6&amp;_nc_cat=109&amp;ig_cache_key=Mzk2NDE4ODQwMDQ3NTc3MDQ3Mw%3D%3D.3-ccb7-5&amp;ccb=7-5&amp;_nc_sid=a54f6b&amp;efg=eyJlZmdfdGFnIjoiYmVzdF9pbWFnZV91cmxnZW4uRkVFRC5DMyJ9&amp;_nc_ohc=IdjdBZKFDhoQ7kNvwG9cpDO&amp;_nc_oc=AdoaMWK2Mfj4xhEB8l099o5BpH1qyMwJsEfIMquNy-c9BjytQw8p4RHiy6IqT7PZMAE&amp;_nc_zt=23&amp;_nc_ht=scontent-mad2-1.cdninstagram.com&amp;edm=ANo9K5cEAAAA&amp;_nc_gid=f5YslbTkwb5xRNFOyhJPUA&amp;_nc_tpa=Q5bMBQIM--jsgdyShuQorJmlspKHFf3I6L9VkdCqfh9AE6G5beG5OxSuZVfwsuONCrx5NFRPBjcz60BEKQ&amp;oh=00_AQIw1LmwZB69zN56KpSg471KAAW1i3b6kbxoPb5cm5Z13g&amp;oe=6A9C2776&quot;,&quot;640&quot;:&quot;https:\\\/\\\/scontent-mad2-1.cdninstagram.com\\\/v\\\/t51.82787-15\\\/766619964_18011930504949108_7029416238911711423_n.jpg?stp=dst-jpg_e35_tt6&amp;_nc_cat=109&amp;ig_cache_key=Mzk2NDE4ODQwMDQ3NTc3MDQ3Mw%3D%3D.3-ccb7-5&amp;ccb=7-5&amp;_nc_sid=a54f6b&amp;efg=eyJlZmdfdGFnIjoiYmVzdF9pbWFnZV91cmxnZW4uRkVFRC5DMyJ9&amp;_nc_ohc=IdjdBZKFDhoQ7kNvwG9cpDO&amp;_nc_oc=AdoaMWK2Mfj4xhEB8l099o5BpH1qyMwJsEfIMquNy-c9BjytQw8p4RHiy6IqT7PZMAE&amp;_nc_zt=23&amp;_nc_ht=scontent-mad2-1.cdninstagram.com&amp;edm=ANo9K5cEAAAA&amp;_nc_gid=f5YslbTkwb5xRNFOyhJPUA&amp;_nc_tpa=Q5bMBQIM--jsgdyShuQorJmlspKHFf3I6L9VkdCqfh9AE6G5beG5OxSuZVfwsuONCrx5NFRPBjcz60BEKQ&amp;oh=00_AQIw1LmwZB69zN56KpSg471KAAW1i3b6kbxoPb5cm5Z13g&amp;oe=6A9C2776&quot;}\">\n\t\t\t<span class=\"sbi-screenreader\">Hoy celebramos la Asunci\u00f3n de la Virgen Mar\u00eda, una<\/span>\n\t\t\t\t\t\t\t\t\t<img decoding=\"async\" src=\"https:\/\/www.misionerasdecristojesus.com\/wp-content\/plugins\/instagram-feed\/img\/placeholder.png\" alt=\"Hoy celebramos la Asunci\u00f3n de la Virgen Mar\u00eda, una mujer que supo decir \u00abs\u00ed\u00bb a Dios y poner toda su vida al servicio de su voluntad.\n\nMar\u00eda nos ense\u00f1a que la fe es un camino de confianza y entrega. Su vida nos recuerda que seguir a Dios implica estar disponibles para salir al encuentro de los dem\u00e1s, acompa\u00f1ar, servir y llevar esperanza all\u00ed donde m\u00e1s se necesita.\n\nComo misioneras, miramos a Mar\u00eda como ejemplo de una vida entregada, de un coraz\u00f3n siempre dispuesto y de una fe que se pone en camino.\n\n\ud83d\udcd6 \u00abAqu\u00ed est\u00e1 la servidora del Se\u00f1or; que se cumpla en m\u00ed tu palabra.\u00bb (Lc 1,38)\n\nQue Mar\u00eda nos ense\u00f1e a vivir nuestra vocaci\u00f3n con humildad y valent\u00eda, confiando en Dios y respondiendo cada d\u00eda a su llamada.\n\nQue, como ella, sepamos decir s\u00ed a la misi\u00f3n y llevar a Cristo all\u00ed donde m\u00e1s se necesita.\n\n#Asunci\u00f3nDeMar\u00eda #VirgenMar\u00eda #Misi\u00f3n #MisionerasDeCristoJes\u00fas #VidaMisionera\" aria-hidden=\"true\">\n\t\t<\/a>\n\t<\/div>\n<\/div><div class=\"sbi_item sbi_type_image sbi_new sbi_transition\" role=\"listitem\"\n\tid=\"sbi_18111926612113769\" data-date=\"1786532531\">\n\t<div class=\"sbi_photo_wrap\">\n\t\t<a class=\"sbi_photo\" href=\"https:\/\/www.instagram.com\/p\/Db8AlQLFbdC\/\" target=\"_blank\" rel=\"noopener nofollow\"\n\t\t\tdata-full-res=\"https:\/\/scontent-mad2-1.cdninstagram.com\/v\/t51.82787-15\/768888573_18011427437949108_58835419146960449_n.jpg?stp=dst-jpg_e35_tt6&#038;_nc_cat=109&#038;ig_cache_key=Mzk2MjA0NDMzMjE2NTY3NDgxOA%3D%3D.3-ccb7-5&#038;ccb=7-5&#038;_nc_sid=a54f6b&#038;efg=eyJlZmdfdGFnIjoiYmVzdF9pbWFnZV91cmxnZW4uRkVFRC5DMyJ9&#038;_nc_ohc=KeuPh26GfoMQ7kNvwHL6wPp&#038;_nc_oc=Adox5XcQz7HAz4UoZ56rdmgN4IW7lkhXIjiFl-nBKYO_4XlhOyir5OCXCTcJMWvlEKA&#038;_nc_zt=23&#038;_nc_ht=scontent-mad2-1.cdninstagram.com&#038;edm=ANo9K5cEAAAA&#038;_nc_gid=f5YslbTkwb5xRNFOyhJPUA&#038;_nc_tpa=Q5bMBQJ67csAvKvp2E9gqDj0PUawHgF45i4QYo_yOsH7SffRM2jKa74n0QtIwd9DyjU8CnAryG3n7bcy7A&#038;oh=00_AQKgqDamiAuXeifCC6-g3DSanSGhaUjZZA31b8na6JF6mw&#038;oe=6A9C0191\"\n\t\t\tdata-img-src-set=\"{&quot;d&quot;:&quot;https:\\\/\\\/scontent-mad2-1.cdninstagram.com\\\/v\\\/t51.82787-15\\\/768888573_18011427437949108_58835419146960449_n.jpg?stp=dst-jpg_e35_tt6&amp;_nc_cat=109&amp;ig_cache_key=Mzk2MjA0NDMzMjE2NTY3NDgxOA%3D%3D.3-ccb7-5&amp;ccb=7-5&amp;_nc_sid=a54f6b&amp;efg=eyJlZmdfdGFnIjoiYmVzdF9pbWFnZV91cmxnZW4uRkVFRC5DMyJ9&amp;_nc_ohc=KeuPh26GfoMQ7kNvwHL6wPp&amp;_nc_oc=Adox5XcQz7HAz4UoZ56rdmgN4IW7lkhXIjiFl-nBKYO_4XlhOyir5OCXCTcJMWvlEKA&amp;_nc_zt=23&amp;_nc_ht=scontent-mad2-1.cdninstagram.com&amp;edm=ANo9K5cEAAAA&amp;_nc_gid=f5YslbTkwb5xRNFOyhJPUA&amp;_nc_tpa=Q5bMBQJ67csAvKvp2E9gqDj0PUawHgF45i4QYo_yOsH7SffRM2jKa74n0QtIwd9DyjU8CnAryG3n7bcy7A&amp;oh=00_AQKgqDamiAuXeifCC6-g3DSanSGhaUjZZA31b8na6JF6mw&amp;oe=6A9C0191&quot;,&quot;150&quot;:&quot;https:\\\/\\\/scontent-mad2-1.cdninstagram.com\\\/v\\\/t51.82787-15\\\/768888573_18011427437949108_58835419146960449_n.jpg?stp=dst-jpg_e35_tt6&amp;_nc_cat=109&amp;ig_cache_key=Mzk2MjA0NDMzMjE2NTY3NDgxOA%3D%3D.3-ccb7-5&amp;ccb=7-5&amp;_nc_sid=a54f6b&amp;efg=eyJlZmdfdGFnIjoiYmVzdF9pbWFnZV91cmxnZW4uRkVFRC5DMyJ9&amp;_nc_ohc=KeuPh26GfoMQ7kNvwHL6wPp&amp;_nc_oc=Adox5XcQz7HAz4UoZ56rdmgN4IW7lkhXIjiFl-nBKYO_4XlhOyir5OCXCTcJMWvlEKA&amp;_nc_zt=23&amp;_nc_ht=scontent-mad2-1.cdninstagram.com&amp;edm=ANo9K5cEAAAA&amp;_nc_gid=f5YslbTkwb5xRNFOyhJPUA&amp;_nc_tpa=Q5bMBQJ67csAvKvp2E9gqDj0PUawHgF45i4QYo_yOsH7SffRM2jKa74n0QtIwd9DyjU8CnAryG3n7bcy7A&amp;oh=00_AQKgqDamiAuXeifCC6-g3DSanSGhaUjZZA31b8na6JF6mw&amp;oe=6A9C0191&quot;,&quot;320&quot;:&quot;https:\\\/\\\/scontent-mad2-1.cdninstagram.com\\\/v\\\/t51.82787-15\\\/768888573_18011427437949108_58835419146960449_n.jpg?stp=dst-jpg_e35_tt6&amp;_nc_cat=109&amp;ig_cache_key=Mzk2MjA0NDMzMjE2NTY3NDgxOA%3D%3D.3-ccb7-5&amp;ccb=7-5&amp;_nc_sid=a54f6b&amp;efg=eyJlZmdfdGFnIjoiYmVzdF9pbWFnZV91cmxnZW4uRkVFRC5DMyJ9&amp;_nc_ohc=KeuPh26GfoMQ7kNvwHL6wPp&amp;_nc_oc=Adox5XcQz7HAz4UoZ56rdmgN4IW7lkhXIjiFl-nBKYO_4XlhOyir5OCXCTcJMWvlEKA&amp;_nc_zt=23&amp;_nc_ht=scontent-mad2-1.cdninstagram.com&amp;edm=ANo9K5cEAAAA&amp;_nc_gid=f5YslbTkwb5xRNFOyhJPUA&amp;_nc_tpa=Q5bMBQJ67csAvKvp2E9gqDj0PUawHgF45i4QYo_yOsH7SffRM2jKa74n0QtIwd9DyjU8CnAryG3n7bcy7A&amp;oh=00_AQKgqDamiAuXeifCC6-g3DSanSGhaUjZZA31b8na6JF6mw&amp;oe=6A9C0191&quot;,&quot;640&quot;:&quot;https:\\\/\\\/scontent-mad2-1.cdninstagram.com\\\/v\\\/t51.82787-15\\\/768888573_18011427437949108_58835419146960449_n.jpg?stp=dst-jpg_e35_tt6&amp;_nc_cat=109&amp;ig_cache_key=Mzk2MjA0NDMzMjE2NTY3NDgxOA%3D%3D.3-ccb7-5&amp;ccb=7-5&amp;_nc_sid=a54f6b&amp;efg=eyJlZmdfdGFnIjoiYmVzdF9pbWFnZV91cmxnZW4uRkVFRC5DMyJ9&amp;_nc_ohc=KeuPh26GfoMQ7kNvwHL6wPp&amp;_nc_oc=Adox5XcQz7HAz4UoZ56rdmgN4IW7lkhXIjiFl-nBKYO_4XlhOyir5OCXCTcJMWvlEKA&amp;_nc_zt=23&amp;_nc_ht=scontent-mad2-1.cdninstagram.com&amp;edm=ANo9K5cEAAAA&amp;_nc_gid=f5YslbTkwb5xRNFOyhJPUA&amp;_nc_tpa=Q5bMBQJ67csAvKvp2E9gqDj0PUawHgF45i4QYo_yOsH7SffRM2jKa74n0QtIwd9DyjU8CnAryG3n7bcy7A&amp;oh=00_AQKgqDamiAuXeifCC6-g3DSanSGhaUjZZA31b8na6JF6mw&amp;oe=6A9C0191&quot;}\">\n\t\t\t<span class=\"sbi-screenreader\">La juventud es presente y tambi\u00e9n esperanza de fut<\/span>\n\t\t\t\t\t\t\t\t\t<img decoding=\"async\" src=\"https:\/\/www.misionerasdecristojesus.com\/wp-content\/plugins\/instagram-feed\/img\/placeholder.png\" alt=\"La juventud es presente y tambi\u00e9n esperanza de futuro. Es una etapa para descubrir la propia vocaci\u00f3n, so\u00f1ar con un mundo mejor y encontrar el valor para comprometerse con los dem\u00e1s.\n\nDesde la misi\u00f3n creemos en la fuerza transformadora de los j\u00f3venes y en todo lo que pueden aportar a sus comunidades. Acompa\u00f1arlos, ofrecerles educaci\u00f3n y oportunidades y escuchar su voz es tambi\u00e9n construir un futuro m\u00e1s justo y fraterno.\n\nPorque cada joven tiene algo \u00fanico que ofrecer y una misi\u00f3n que descubrir.\n\n\ud83d\udcd6 \u00abQue nadie te desprecie por ser joven. Al contrario, s\u00e9 un modelo para los creyentes en la manera de hablar y de vivir.\u00bb (1 Tim 4,12)\n\nQue nunca falten j\u00f3venes dispuestos a so\u00f1ar, a servir y a construir un mundo donde nadie quede atr\u00e1s.\n\nLa misi\u00f3n tambi\u00e9n necesita de su fuerza, su ilusi\u00f3n y su esperanza.\n\n#D\u00edaInternacionalDeLaJuventud #Misi\u00f3n #MisionerasDeCristoJes\u00fas #VidaMisionera\" aria-hidden=\"true\">\n\t\t<\/a>\n\t<\/div>\n<\/div><div class=\"sbi_item sbi_type_image sbi_new sbi_transition\" role=\"listitem\"\n\tid=\"sbi_18018648524864582\" data-date=\"1786294926\">\n\t<div class=\"sbi_photo_wrap\">\n\t\t<a class=\"sbi_photo\" href=\"https:\/\/www.instagram.com\/p\/Db07Yx1lvh8\/\" target=\"_blank\" rel=\"noopener nofollow\"\n\t\t\tdata-full-res=\"https:\/\/scontent-mad2-1.cdninstagram.com\/v\/t51.82787-15\/769441850_18011040758949108_7525382218535399439_n.jpg?stp=dst-jpg_e35_tt6&#038;_nc_cat=108&#038;ig_cache_key=Mzk2MDA1MTE1OTg4OTU0MTI0NA%3D%3D.3-ccb7-5&#038;ccb=7-5&#038;_nc_sid=a54f6b&#038;efg=eyJlZmdfdGFnIjoiYmVzdF9pbWFnZV91cmxnZW4uRkVFRC5DMyJ9&#038;_nc_ohc=tSYd5PC5g6UQ7kNvwFZOncH&#038;_nc_oc=AdqEJjn6k2DC31WgzlsBGwzveYTDuyUZJdla1Z_QO1DOajLgrRBntr1tQxfeXY1gASQ&#038;_nc_zt=23&#038;_nc_ht=scontent-mad2-1.cdninstagram.com&#038;edm=ANo9K5cEAAAA&#038;_nc_gid=f5YslbTkwb5xRNFOyhJPUA&#038;_nc_tpa=Q5bMBQKqSbe4oo9TkQbKgFQqNqoZd18FmMfW2w_lvs8qKHXQlPx1IP70Rr5fPfWcpc0sVYLviHZ9mDYVTA&#038;oh=00_AQJIIIOIUMBJ0Z_Wed-3V_G9Y70LNCSUR_vHivbQmk4fHQ&#038;oe=6A9C1E9F\"\n\t\t\tdata-img-src-set=\"{&quot;d&quot;:&quot;https:\\\/\\\/scontent-mad2-1.cdninstagram.com\\\/v\\\/t51.82787-15\\\/769441850_18011040758949108_7525382218535399439_n.jpg?stp=dst-jpg_e35_tt6&amp;_nc_cat=108&amp;ig_cache_key=Mzk2MDA1MTE1OTg4OTU0MTI0NA%3D%3D.3-ccb7-5&amp;ccb=7-5&amp;_nc_sid=a54f6b&amp;efg=eyJlZmdfdGFnIjoiYmVzdF9pbWFnZV91cmxnZW4uRkVFRC5DMyJ9&amp;_nc_ohc=tSYd5PC5g6UQ7kNvwFZOncH&amp;_nc_oc=AdqEJjn6k2DC31WgzlsBGwzveYTDuyUZJdla1Z_QO1DOajLgrRBntr1tQxfeXY1gASQ&amp;_nc_zt=23&amp;_nc_ht=scontent-mad2-1.cdninstagram.com&amp;edm=ANo9K5cEAAAA&amp;_nc_gid=f5YslbTkwb5xRNFOyhJPUA&amp;_nc_tpa=Q5bMBQKqSbe4oo9TkQbKgFQqNqoZd18FmMfW2w_lvs8qKHXQlPx1IP70Rr5fPfWcpc0sVYLviHZ9mDYVTA&amp;oh=00_AQJIIIOIUMBJ0Z_Wed-3V_G9Y70LNCSUR_vHivbQmk4fHQ&amp;oe=6A9C1E9F&quot;,&quot;150&quot;:&quot;https:\\\/\\\/scontent-mad2-1.cdninstagram.com\\\/v\\\/t51.82787-15\\\/769441850_18011040758949108_7525382218535399439_n.jpg?stp=dst-jpg_e35_tt6&amp;_nc_cat=108&amp;ig_cache_key=Mzk2MDA1MTE1OTg4OTU0MTI0NA%3D%3D.3-ccb7-5&amp;ccb=7-5&amp;_nc_sid=a54f6b&amp;efg=eyJlZmdfdGFnIjoiYmVzdF9pbWFnZV91cmxnZW4uRkVFRC5DMyJ9&amp;_nc_ohc=tSYd5PC5g6UQ7kNvwFZOncH&amp;_nc_oc=AdqEJjn6k2DC31WgzlsBGwzveYTDuyUZJdla1Z_QO1DOajLgrRBntr1tQxfeXY1gASQ&amp;_nc_zt=23&amp;_nc_ht=scontent-mad2-1.cdninstagram.com&amp;edm=ANo9K5cEAAAA&amp;_nc_gid=f5YslbTkwb5xRNFOyhJPUA&amp;_nc_tpa=Q5bMBQKqSbe4oo9TkQbKgFQqNqoZd18FmMfW2w_lvs8qKHXQlPx1IP70Rr5fPfWcpc0sVYLviHZ9mDYVTA&amp;oh=00_AQJIIIOIUMBJ0Z_Wed-3V_G9Y70LNCSUR_vHivbQmk4fHQ&amp;oe=6A9C1E9F&quot;,&quot;320&quot;:&quot;https:\\\/\\\/scontent-mad2-1.cdninstagram.com\\\/v\\\/t51.82787-15\\\/769441850_18011040758949108_7525382218535399439_n.jpg?stp=dst-jpg_e35_tt6&amp;_nc_cat=108&amp;ig_cache_key=Mzk2MDA1MTE1OTg4OTU0MTI0NA%3D%3D.3-ccb7-5&amp;ccb=7-5&amp;_nc_sid=a54f6b&amp;efg=eyJlZmdfdGFnIjoiYmVzdF9pbWFnZV91cmxnZW4uRkVFRC5DMyJ9&amp;_nc_ohc=tSYd5PC5g6UQ7kNvwFZOncH&amp;_nc_oc=AdqEJjn6k2DC31WgzlsBGwzveYTDuyUZJdla1Z_QO1DOajLgrRBntr1tQxfeXY1gASQ&amp;_nc_zt=23&amp;_nc_ht=scontent-mad2-1.cdninstagram.com&amp;edm=ANo9K5cEAAAA&amp;_nc_gid=f5YslbTkwb5xRNFOyhJPUA&amp;_nc_tpa=Q5bMBQKqSbe4oo9TkQbKgFQqNqoZd18FmMfW2w_lvs8qKHXQlPx1IP70Rr5fPfWcpc0sVYLviHZ9mDYVTA&amp;oh=00_AQJIIIOIUMBJ0Z_Wed-3V_G9Y70LNCSUR_vHivbQmk4fHQ&amp;oe=6A9C1E9F&quot;,&quot;640&quot;:&quot;https:\\\/\\\/scontent-mad2-1.cdninstagram.com\\\/v\\\/t51.82787-15\\\/769441850_18011040758949108_7525382218535399439_n.jpg?stp=dst-jpg_e35_tt6&amp;_nc_cat=108&amp;ig_cache_key=Mzk2MDA1MTE1OTg4OTU0MTI0NA%3D%3D.3-ccb7-5&amp;ccb=7-5&amp;_nc_sid=a54f6b&amp;efg=eyJlZmdfdGFnIjoiYmVzdF9pbWFnZV91cmxnZW4uRkVFRC5DMyJ9&amp;_nc_ohc=tSYd5PC5g6UQ7kNvwFZOncH&amp;_nc_oc=AdqEJjn6k2DC31WgzlsBGwzveYTDuyUZJdla1Z_QO1DOajLgrRBntr1tQxfeXY1gASQ&amp;_nc_zt=23&amp;_nc_ht=scontent-mad2-1.cdninstagram.com&amp;edm=ANo9K5cEAAAA&amp;_nc_gid=f5YslbTkwb5xRNFOyhJPUA&amp;_nc_tpa=Q5bMBQKqSbe4oo9TkQbKgFQqNqoZd18FmMfW2w_lvs8qKHXQlPx1IP70Rr5fPfWcpc0sVYLviHZ9mDYVTA&amp;oh=00_AQJIIIOIUMBJ0Z_Wed-3V_G9Y70LNCSUR_vHivbQmk4fHQ&amp;oe=6A9C1E9F&quot;}\">\n\t\t\t<span class=\"sbi-screenreader\">Hoy celebramos la riqueza, la historia y la dignid<\/span>\n\t\t\t\t\t\t\t\t\t<img decoding=\"async\" src=\"https:\/\/www.misionerasdecristojesus.com\/wp-content\/plugins\/instagram-feed\/img\/placeholder.png\" alt=\"Hoy celebramos la riqueza, la historia y la dignidad de los pueblos ind\u00edgenas, comunidades que custodian culturas, tradiciones y formas de entender la vida que son un patrimonio para toda la humanidad.\n\nDesde la misi\u00f3n, estamos llamados a acercarnos a cada pueblo con respeto, escucha y humildad. Acompa\u00f1ar no significa imponer, sino caminar juntos, aprender de cada comunidad y trabajar para que sus derechos, su identidad y su dignidad sean siempre respetados.\n\nLa misi\u00f3n tambi\u00e9n es estar cerca de quienes, durante demasiado tiempo, han sido olvidados o excluidos. Es defender la vida, cuidar la casa com\u00fan y construir un futuro en el que todas las personas puedan vivir con dignidad.\n\nQue sepamos reconocer en cada pueblo y en cada cultura la riqueza de la diversidad y el rostro de Dios que se manifiesta en cada uno de sus hijos.\n\nPorque la misi\u00f3n comienza cuando aprendemos a caminar juntos, respetando y valorando la riqueza de cada pueblo.\n\n#D\u00edaDeLosPueblosInd\u00edgenas #PueblosInd\u00edgenas #Misi\u00f3n #MisionerasDeCristoJes\u00fas  #VidaMisionera\" aria-hidden=\"true\">\n\t\t<\/a>\n\t<\/div>\n<\/div>\t<\/div>\n\n\t<div id=\"sbi_load\" >\n\n\t<div class=\"sbi-screenreader\" aria-live=\"polite\" aria-atomic=\"true\" data-sbi-feed-status><\/div>\n\n\t\t\t<button class=\"sbi_load_btn\"\n\t\t\ttype=\"button\" >\n\t\t\t<span class=\"sbi_btn_text\" >Load More<\/span>\n\t\t\t<span class=\"sbi_loader sbi_hidden\" style=\"background-color: rgb(255, 255, 255);\" aria-hidden=\"true\"><\/span>\n\t\t<\/button>\n\t\n\t\t\t<span class=\"sbi_follow_btn sbi_custom\" >\n\t\t\t<a target=\"_blank\"\n\t\t\t\trel=\"nofollow noopener\"  href=\"https:\/\/www.instagram.com\/misionerasdecristojesus_esp\/\" style=\"background: rgb(64,139,209);\">\n\t\t\t\t<svg class=\"svg-inline--fa fa-instagram fa-w-14\" aria-hidden=\"true\" data-fa-processed=\"\" aria-label=\"Instagram\" data-prefix=\"fab\" data-icon=\"instagram\" role=\"img\" viewBox=\"0 0 448 512\">\n                    <path fill=\"currentColor\" d=\"M224.1 141c-63.6 0-114.9 51.3-114.9 114.9s51.3 114.9 114.9 114.9S339 319.5 339 255.9 287.7 141 224.1 141zm0 189.6c-41.1 0-74.7-33.5-74.7-74.7s33.5-74.7 74.7-74.7 74.7 33.5 74.7 74.7-33.6 74.7-74.7 74.7zm146.4-194.3c0 14.9-12 26.8-26.8 26.8-14.9 0-26.8-12-26.8-26.8s12-26.8 26.8-26.8 26.8 12 26.8 26.8zm76.1 27.2c-1.7-35.9-9.9-67.7-36.2-93.9-26.2-26.2-58-34.4-93.9-36.2-37-2.1-147.9-2.1-184.9 0-35.8 1.7-67.6 9.9-93.9 36.1s-34.4 58-36.2 93.9c-2.1 37-2.1 147.9 0 184.9 1.7 35.9 9.9 67.7 36.2 93.9s58 34.4 93.9 36.2c37 2.1 147.9 2.1 184.9 0 35.9-1.7 67.7-9.9 93.9-36.2 26.2-26.2 34.4-58 36.2-93.9 2.1-37 2.1-147.8 0-184.8zM398.8 388c-7.8 19.6-22.9 34.7-42.6 42.6-29.5 11.7-99.5 9-132.1 9s-102.7 2.6-132.1-9c-19.6-7.8-34.7-22.9-42.6-42.6-11.7-29.5-9-99.5-9-132.1s-2.6-102.7 9-132.1c7.8-19.6 22.9-34.7 42.6-42.6 29.5-11.7 99.5-9 132.1-9s102.7-2.6 132.1 9c19.6 7.8 34.7 22.9 42.6 42.6 11.7 29.5 9 99.5 9 132.1s2.7 102.7-9 132.1z\"><\/path>\n                <\/svg>\t\t\t\t<span>Follow on Instagram<\/span>\n\t\t\t<\/a>\n\t\t<\/span>\n\t\n<\/div>\n\t\t<span class=\"sbi_resized_image_data\" data-feed-id=\"*1\"\n\t\t  data-resized=\"{&quot;18018648524864582&quot;:{&quot;id&quot;:&quot;769441850_18011040758949108_7525382218535399439_n&quot;,&quot;ratio&quot;:&quot;0.80&quot;,&quot;sizes&quot;:{&quot;full&quot;:640,&quot;low&quot;:320,&quot;thumb&quot;:150},&quot;extension&quot;:&quot;.webp&quot;},&quot;18111926612113769&quot;:{&quot;id&quot;:&quot;768888573_18011427437949108_58835419146960449_n&quot;,&quot;ratio&quot;:&quot;0.80&quot;,&quot;sizes&quot;:{&quot;full&quot;:640,&quot;low&quot;:320,&quot;thumb&quot;:150},&quot;extension&quot;:&quot;.webp&quot;},&quot;18112616489473586&quot;:{&quot;id&quot;:&quot;766619964_18011930504949108_7029416238911711423_n&quot;,&quot;ratio&quot;:&quot;0.80&quot;,&quot;sizes&quot;:{&quot;full&quot;:640,&quot;low&quot;:320,&quot;thumb&quot;:150},&quot;extension&quot;:&quot;.webp&quot;},&quot;17930900400379377&quot;:{&quot;id&quot;:&quot;778873925_18012276263949108_3945515918628311218_n&quot;,&quot;ratio&quot;:&quot;0.80&quot;,&quot;sizes&quot;:{&quot;full&quot;:640,&quot;low&quot;:320,&quot;thumb&quot;:150},&quot;extension&quot;:&quot;.webp&quot;},&quot;18106690453880281&quot;:{&quot;id&quot;:&quot;772888923_18012615080949108_4717908092103536729_n&quot;,&quot;ratio&quot;:&quot;0.80&quot;,&quot;sizes&quot;:{&quot;full&quot;:640,&quot;low&quot;:320,&quot;thumb&quot;:150},&quot;extension&quot;:&quot;.webp&quot;},&quot;18089063255643370&quot;:{&quot;id&quot;:&quot;783162481_18013192688949108_444749888210216971_n&quot;,&quot;ratio&quot;:&quot;0.80&quot;,&quot;sizes&quot;:{&quot;full&quot;:640,&quot;low&quot;:320,&quot;thumb&quot;:150},&quot;extension&quot;:&quot;.webp&quot;},&quot;18461742790140148&quot;:{&quot;id&quot;:&quot;784428399_18013341065949108_7348541497913165160_n&quot;,&quot;ratio&quot;:&quot;0.80&quot;,&quot;sizes&quot;:{&quot;full&quot;:640,&quot;low&quot;:320,&quot;thumb&quot;:150},&quot;extension&quot;:&quot;.webp&quot;},&quot;17921009220199454&quot;:{&quot;id&quot;:&quot;786288370_18013479794949108_8760395008451466062_n&quot;,&quot;ratio&quot;:&quot;0.80&quot;,&quot;sizes&quot;:{&quot;full&quot;:640,&quot;low&quot;:320,&quot;thumb&quot;:150},&quot;extension&quot;:&quot;.webp&quot;},&quot;18112297847076243&quot;:{&quot;id&quot;:&quot;782386203_18013911203949108_1636832803095235802_n&quot;,&quot;ratio&quot;:&quot;0.80&quot;,&quot;sizes&quot;:{&quot;full&quot;:640,&quot;low&quot;:320,&quot;thumb&quot;:150},&quot;extension&quot;:&quot;.webp&quot;},&quot;17905427562503166&quot;:{&quot;id&quot;:&quot;791045405_18014300249949108_699037478457243520_n&quot;,&quot;ratio&quot;:&quot;0.80&quot;,&quot;sizes&quot;:{&quot;full&quot;:640,&quot;low&quot;:320,&quot;thumb&quot;:150},&quot;extension&quot;:&quot;.webp&quot;}}\">\n\t<\/span>\n\t<\/div>\n\n\n<\/div>\n\t\t\t\t\t\t<\/div>\n\t\t\t\t<\/div>\n\t\t\t\t\t<\/div>\n\t\t<\/div>\n\t\t\t\t\t<\/div>\n\t\t<\/section>\n\t\t\t\t<section class=\"elementor-section elementor-top-section elementor-element elementor-element-7dca98a7 elementor-section-stretched elementor-section-boxed elementor-section-height-default elementor-section-height-default\" data-id=\"7dca98a7\" data-element_type=\"section\" data-e-type=\"section\" data-settings=\"{&quot;background_background&quot;:&quot;classic&quot;,&quot;stretch_section&quot;:&quot;section-stretched&quot;}\">\n\t\t\t\t\t\t\t<div class=\"elementor-background-overlay\"><\/div>\n\t\t\t\t\t\t\t<div class=\"elementor-container elementor-column-gap-default\">\n\t\t\t\t\t<div class=\"elementor-column elementor-col-100 elementor-top-column elementor-element elementor-element-5c7e6a21\" data-id=\"5c7e6a21\" data-element_type=\"column\" data-e-type=\"column\">\n\t\t\t<div class=\"elementor-widget-wrap elementor-element-populated\">\n\t\t\t\t\t\t<div class=\"elementor-element elementor-element-22a38c7d elementor-invisible elementor-widget elementor-widget-heading\" data-id=\"22a38c7d\" data-element_type=\"widget\" data-e-type=\"widget\" data-settings=\"{&quot;_animation&quot;:&quot;fadeIn&quot;,&quot;_animation_delay&quot;:100}\" data-widget_type=\"heading.default\">\n\t\t\t\t<div class=\"elementor-widget-container\">\n\t\t\t\t\t<h2 class=\"elementor-heading-title elementor-size-default\">DONATIVOS<\/h2>\t\t\t\t<\/div>\n\t\t\t\t<\/div>\n\t\t\t\t<div class=\"elementor-element elementor-element-33e85179 elementor-invisible elementor-widget elementor-widget-heading\" data-id=\"33e85179\" data-element_type=\"widget\" data-e-type=\"widget\" data-settings=\"{&quot;_animation&quot;:&quot;fadeIn&quot;,&quot;_animation_delay&quot;:200}\" data-widget_type=\"heading.default\">\n\t\t\t\t<div class=\"elementor-widget-container\">\n\t\t\t\t\t<h2 class=\"elementor-heading-title elementor-size-default\">Si crees que un mundo justo y solidario es posible, colabora con Misioneras de Cristo Jes\u00fas a trav\u00e9s de un DONATIVO o VOLUNTARIADO.\nTu confianza en nuestro trabajo ser\u00e1 fuente de esperanza para muchos.<\/h2>\t\t\t\t<\/div>\n\t\t\t\t<\/div>\n\t\t\t\t<div class=\"elementor-element elementor-element-2d404fb2 elementor-widget-divider--view-line elementor-invisible elementor-widget elementor-widget-divider\" data-id=\"2d404fb2\" data-element_type=\"widget\" data-e-type=\"widget\" data-settings=\"{&quot;_animation&quot;:&quot;fadeIn&quot;,&quot;_animation_delay&quot;:300}\" data-widget_type=\"divider.default\">\n\t\t\t\t<div class=\"elementor-widget-container\">\n\t\t\t\t\t\t\t<div class=\"elementor-divider\">\n\t\t\t<span class=\"elementor-divider-separator\">\n\t\t\t\t\t\t<\/span>\n\t\t<\/div>\n\t\t\t\t\t\t<\/div>\n\t\t\t\t<\/div>\n\t\t\t\t<section class=\"elementor-section elementor-inner-section elementor-element elementor-element-407ec191 elementor-section-boxed elementor-section-height-default elementor-section-height-default elementor-invisible\" data-id=\"407ec191\" data-element_type=\"section\" data-e-type=\"section\" data-settings=\"{&quot;animation&quot;:&quot;fadeIn&quot;,&quot;animation_delay&quot;:400}\">\n\t\t\t\t\t\t<div class=\"elementor-container elementor-column-gap-narrow\">\n\t\t\t\t\t<div class=\"elementor-column elementor-col-50 elementor-inner-column elementor-element elementor-element-3c4f6fad\" data-id=\"3c4f6fad\" data-element_type=\"column\" data-e-type=\"column\">\n\t\t\t<div class=\"elementor-widget-wrap elementor-element-populated\">\n\t\t\t\t\t\t<div class=\"elementor-element elementor-element-1fcb2a09 elementor-align-right elementor-mobile-align-center elementor-widget elementor-widget-button\" data-id=\"1fcb2a09\" data-element_type=\"widget\" data-e-type=\"widget\" data-widget_type=\"button.default\">\n\t\t\t\t<div class=\"elementor-widget-container\">\n\t\t\t\t\t\t\t\t\t<div class=\"elementor-button-wrapper\">\n\t\t\t\t\t<a class=\"elementor-button elementor-button-link elementor-size-md\" href=\"https:\/\/www.misionerasdecristojesus.com\/donativos\/\">\n\t\t\t\t\t\t<span class=\"elementor-button-content-wrapper\">\n\t\t\t\t\t\t\t\t\t<span class=\"elementor-button-text\">DONATIVO<\/span>\n\t\t\t\t\t<\/span>\n\t\t\t\t\t<\/a>\n\t\t\t\t<\/div>\n\t\t\t\t\t\t\t\t<\/div>\n\t\t\t\t<\/div>\n\t\t\t\t\t<\/div>\n\t\t<\/div>\n\t\t\t\t<div class=\"elementor-column elementor-col-50 elementor-inner-column elementor-element elementor-element-1f96cf20\" data-id=\"1f96cf20\" data-element_type=\"column\" data-e-type=\"column\">\n\t\t\t<div class=\"elementor-widget-wrap elementor-element-populated\">\n\t\t\t\t\t\t<div class=\"elementor-element elementor-element-396c61b3 elementor-align-left elementor-mobile-align-center elementor-widget elementor-widget-button\" data-id=\"396c61b3\" data-element_type=\"widget\" data-e-type=\"widget\" data-widget_type=\"button.default\">\n\t\t\t\t<div class=\"elementor-widget-container\">\n\t\t\t\t\t\t\t\t\t<div class=\"elementor-button-wrapper\">\n\t\t\t\t\t<a class=\"elementor-button elementor-button-link elementor-size-md\" href=\"https:\/\/www.misionerasdecristojesus.com\/donativos\/\">\n\t\t\t\t\t\t<span class=\"elementor-button-content-wrapper\">\n\t\t\t\t\t\t\t\t\t<span class=\"elementor-button-text\">COLABORAR<\/span>\n\t\t\t\t\t<\/span>\n\t\t\t\t\t<\/a>\n\t\t\t\t<\/div>\n\t\t\t\t\t\t\t\t<\/div>\n\t\t\t\t<\/div>\n\t\t\t\t\t<\/div>\n\t\t<\/div>\n\t\t\t\t\t<\/div>\n\t\t<\/section>\n\t\t\t\t\t<\/div>\n\t\t<\/div>\n\t\t\t\t\t<\/div>\n\t\t<\/section>\n\t\t\t\t<\/div>\n\t\t","protected":false},"excerpt":{"rendered":"<p>MISIONERAS DE CRISTO JES\u00daS Las Misioneras de Cristo Jes\u00fas, nos dedicamos de forma total y exclusiva, a realizar la vocaci\u00f3n evangelizadora de la Iglesia.QU\u00c9 HACEMOSENTREVISTASEntrevistas a nuestras hermanas Misioneras De Cristo Jes\u00fas.VER ENTREVISTASPROYECTOSInformaci\u00f3n de los Proyectos que hacemos en nuestras Regiones Misioneras gracias a los Dones recibidosPROYECTOSNUESTRA FUNDADORA\u00bbTras las huellas de San Francisco Javier\u00bb su &#8230; <a title=\"Video Migrant and Refugee Festival. El Ejido.\" class=\"read-more\" href=\"https:\/\/www.misionerasdecristojesus.com\/en\/fiesta-del-migrante-y-refugiado-el-ejido\/\" aria-label=\"Read more about Video Fiesta del migrante y refugiado. El Ejido.\">Read more<\/a><\/p>","protected":false},"author":1,"featured_media":0,"parent":0,"menu_order":0,"comment_status":"closed","ping_status":"closed","template":"elementor_header_footer","meta":{"footnotes":""},"class_list":["post-20","page","type-page","status-publish","hentry"],"yoast_head":"<!-- This site is optimized with the Yoast SEO plugin v28.3 - https:\/\/yoast.com\/product\/yoast-seo-wordpress\/ -->\n<title>Misioneras de Cristo Jes\u00fas - Misioneras de la Iglesia<\/title>\n<meta name=\"description\" content=\"Misioneras de Cristo Jes\u00fas, nacen con el prop\u00f3sito de contribuir a la construcci\u00f3n del Reino de Dios, a trav\u00e9s de misiones de la Iglesia.\" \/>\n<meta name=\"robots\" content=\"index, follow, max-snippet:-1, max-image-preview:large, max-video-preview:-1\" \/>\n<link rel=\"canonical\" href=\"https:\/\/www.misionerasdecristojesus.com\/en\/\" \/>\n<meta property=\"og:locale\" content=\"en_GB\" \/>\n<meta property=\"og:type\" content=\"article\" \/>\n<meta property=\"og:title\" content=\"Misioneras de Cristo Jes\u00fas - Misioneras de la Iglesia\" \/>\n<meta property=\"og:description\" content=\"Misioneras de Cristo Jes\u00fas, nacen con el prop\u00f3sito de contribuir a la construcci\u00f3n del Reino de Dios, a trav\u00e9s de misiones de la Iglesia.\" \/>\n<meta property=\"og:url\" content=\"https:\/\/www.misionerasdecristojesus.com\/en\/\" \/>\n<meta property=\"og:site_name\" content=\"Misioneras De Cristo Jes\u00fas\" \/>\n<meta property=\"article:publisher\" content=\"https:\/\/www.facebook.com\/people\/Misioneras-de-Cristo-Jes%c3%bas-Espa%c3%b1a\/100090345348085\/\" \/>\n<meta property=\"article:modified_time\" content=\"2026-04-20T11:33:56+00:00\" \/>\n<meta property=\"og:image\" content=\"http:\/\/www.misionerasdecristojesus.com\/wp-content\/uploads\/2023\/05\/EDUCACION-FORMAL.png\" \/>\n<meta name=\"twitter:card\" content=\"summary_large_image\" \/>\n<meta name=\"twitter:label1\" content=\"Estimated reading time\" \/>\n\t<meta name=\"twitter:data1\" content=\"10 minutes\" \/>\n<script type=\"application\/ld+json\" class=\"yoast-schema-graph\">{\"@context\":\"https:\\\/\\\/schema.org\",\"@graph\":[{\"@type\":\"WebPage\",\"@id\":\"https:\\\/\\\/www.misionerasdecristojesus.com\\\/\",\"url\":\"https:\\\/\\\/www.misionerasdecristojesus.com\\\/\",\"name\":\"Misioneras de Cristo Jes\u00fas - Misioneras de la Iglesia\",\"isPartOf\":{\"@id\":\"https:\\\/\\\/www.misionerasdecristojesus.com\\\/#website\"},\"primaryImageOfPage\":{\"@id\":\"https:\\\/\\\/www.misionerasdecristojesus.com\\\/#primaryimage\"},\"image\":{\"@id\":\"https:\\\/\\\/www.misionerasdecristojesus.com\\\/#primaryimage\"},\"thumbnailUrl\":\"http:\\\/\\\/www.misionerasdecristojesus.com\\\/wp-content\\\/uploads\\\/2023\\\/05\\\/EDUCACION-FORMAL.png\",\"datePublished\":\"2023-03-11T19:11:00+00:00\",\"dateModified\":\"2026-04-20T11:33:56+00:00\",\"description\":\"Misioneras de Cristo Jes\u00fas, nacen con el prop\u00f3sito de contribuir a la construcci\u00f3n del Reino de Dios, a trav\u00e9s de misiones de la Iglesia.\",\"breadcrumb\":{\"@id\":\"https:\\\/\\\/www.misionerasdecristojesus.com\\\/#breadcrumb\"},\"inLanguage\":\"en-GB\",\"potentialAction\":[{\"@type\":\"ReadAction\",\"target\":[\"https:\\\/\\\/www.misionerasdecristojesus.com\\\/\"]}]},{\"@type\":\"ImageObject\",\"inLanguage\":\"en-GB\",\"@id\":\"https:\\\/\\\/www.misionerasdecristojesus.com\\\/#primaryimage\",\"url\":\"http:\\\/\\\/www.misionerasdecristojesus.com\\\/wp-content\\\/uploads\\\/2023\\\/05\\\/EDUCACION-FORMAL.png\",\"contentUrl\":\"http:\\\/\\\/www.misionerasdecristojesus.com\\\/wp-content\\\/uploads\\\/2023\\\/05\\\/EDUCACION-FORMAL.png\"},{\"@type\":\"BreadcrumbList\",\"@id\":\"https:\\\/\\\/www.misionerasdecristojesus.com\\\/#breadcrumb\",\"itemListElement\":[{\"@type\":\"ListItem\",\"position\":1,\"name\":\"Portada\",\"item\":\"https:\\\/\\\/www.misionerasdecristojesus.com\\\/\"},{\"@type\":\"ListItem\",\"position\":2,\"name\":\"Misioneras de Cristo Jes\u00fas\"}]},{\"@type\":\"WebSite\",\"@id\":\"https:\\\/\\\/www.misionerasdecristojesus.com\\\/#website\",\"url\":\"https:\\\/\\\/www.misionerasdecristojesus.com\\\/\",\"name\":\"Misioneras De Cristo Jes\u00fas\",\"description\":\"Misioneras de Cristo Jes\u00fas, nacen con el prop\u00f3sito de contribuir a la construcci\u00f3n del Reino de Dios, a trav\u00e9s de misiones de la Iglesia.\",\"publisher\":{\"@id\":\"https:\\\/\\\/www.misionerasdecristojesus.com\\\/#organization\"},\"alternateName\":\"MSC\",\"potentialAction\":[{\"@type\":\"SearchAction\",\"target\":{\"@type\":\"EntryPoint\",\"urlTemplate\":\"https:\\\/\\\/www.misionerasdecristojesus.com\\\/?s={search_term_string}\"},\"query-input\":{\"@type\":\"PropertyValueSpecification\",\"valueRequired\":true,\"valueName\":\"search_term_string\"}}],\"inLanguage\":\"en-GB\"},{\"@type\":\"Organization\",\"@id\":\"https:\\\/\\\/www.misionerasdecristojesus.com\\\/#organization\",\"name\":\"Misioneras de Cristo Jes\u00fas\",\"alternateName\":\"MSC\",\"url\":\"https:\\\/\\\/www.misionerasdecristojesus.com\\\/\",\"logo\":{\"@type\":\"ImageObject\",\"inLanguage\":\"en-GB\",\"@id\":\"https:\\\/\\\/www.misionerasdecristojesus.com\\\/#\\\/schema\\\/logo\\\/image\\\/\",\"url\":\"https:\\\/\\\/www.misionerasdecristojesus.com\\\/wp-content\\\/uploads\\\/2023\\\/03\\\/cropped-Logo-transparente-MSC.png\",\"contentUrl\":\"https:\\\/\\\/www.misionerasdecristojesus.com\\\/wp-content\\\/uploads\\\/2023\\\/03\\\/cropped-Logo-transparente-MSC.png\",\"width\":1000,\"height\":1000,\"caption\":\"Misioneras de Cristo Jes\u00fas\"},\"image\":{\"@id\":\"https:\\\/\\\/www.misionerasdecristojesus.com\\\/#\\\/schema\\\/logo\\\/image\\\/\"},\"sameAs\":[\"https:\\\/\\\/www.facebook.com\\\/people\\\/Misioneras-de-Cristo-Jes\u00fas-Espa\u00f1a\\\/100090345348085\\\/\",\"https:\\\/\\\/www.instagram.com\\\/misionerasdecristojesus_esp\\\/\"]}]}<\/script>\n<!-- \/ Yoast SEO plugin. -->","yoast_head_json":{"title":"Misioneras de Cristo Jes\u00fas - Misioneras de la Iglesia","description":"Misioneras de Cristo Jes\u00fas, nacen con el prop\u00f3sito de contribuir a la construcci\u00f3n del Reino de Dios, a trav\u00e9s de misiones de la Iglesia.","robots":{"index":"index","follow":"follow","max-snippet":"max-snippet:-1","max-image-preview":"max-image-preview:large","max-video-preview":"max-video-preview:-1"},"canonical":"https:\/\/www.misionerasdecristojesus.com\/en\/","og_locale":"en_GB","og_type":"article","og_title":"Misioneras de Cristo Jes\u00fas - Misioneras de la Iglesia","og_description":"Misioneras de Cristo Jes\u00fas, nacen con el prop\u00f3sito de contribuir a la construcci\u00f3n del Reino de Dios, a trav\u00e9s de misiones de la Iglesia.","og_url":"https:\/\/www.misionerasdecristojesus.com\/en\/","og_site_name":"Misioneras De Cristo Jes\u00fas","article_publisher":"https:\/\/www.facebook.com\/people\/Misioneras-de-Cristo-Jes%c3%bas-Espa%c3%b1a\/100090345348085\/","article_modified_time":"2026-04-20T11:33:56+00:00","og_image":[{"url":"http:\/\/www.misionerasdecristojesus.com\/wp-content\/uploads\/2023\/05\/EDUCACION-FORMAL.png","type":"","width":"","height":""}],"twitter_card":"summary_large_image","twitter_misc":{"Estimated reading time":"10 minutes"},"schema":{"@context":"https:\/\/schema.org","@graph":[{"@type":"WebPage","@id":"https:\/\/www.misionerasdecristojesus.com\/","url":"https:\/\/www.misionerasdecristojesus.com\/","name":"Misioneras de Cristo Jes\u00fas - Misioneras de la Iglesia","isPartOf":{"@id":"https:\/\/www.misionerasdecristojesus.com\/#website"},"primaryImageOfPage":{"@id":"https:\/\/www.misionerasdecristojesus.com\/#primaryimage"},"image":{"@id":"https:\/\/www.misionerasdecristojesus.com\/#primaryimage"},"thumbnailUrl":"http:\/\/www.misionerasdecristojesus.com\/wp-content\/uploads\/2023\/05\/EDUCACION-FORMAL.png","datePublished":"2023-03-11T19:11:00+00:00","dateModified":"2026-04-20T11:33:56+00:00","description":"Misioneras de Cristo Jes\u00fas, nacen con el prop\u00f3sito de contribuir a la construcci\u00f3n del Reino de Dios, a trav\u00e9s de misiones de la Iglesia.","breadcrumb":{"@id":"https:\/\/www.misionerasdecristojesus.com\/#breadcrumb"},"inLanguage":"en-GB","potentialAction":[{"@type":"ReadAction","target":["https:\/\/www.misionerasdecristojesus.com\/"]}]},{"@type":"ImageObject","inLanguage":"en-GB","@id":"https:\/\/www.misionerasdecristojesus.com\/#primaryimage","url":"http:\/\/www.misionerasdecristojesus.com\/wp-content\/uploads\/2023\/05\/EDUCACION-FORMAL.png","contentUrl":"http:\/\/www.misionerasdecristojesus.com\/wp-content\/uploads\/2023\/05\/EDUCACION-FORMAL.png"},{"@type":"BreadcrumbList","@id":"https:\/\/www.misionerasdecristojesus.com\/#breadcrumb","itemListElement":[{"@type":"ListItem","position":1,"name":"Portada","item":"https:\/\/www.misionerasdecristojesus.com\/"},{"@type":"ListItem","position":2,"name":"Misioneras de Cristo Jes\u00fas"}]},{"@type":"WebSite","@id":"https:\/\/www.misionerasdecristojesus.com\/#website","url":"https:\/\/www.misionerasdecristojesus.com\/","name":"Misioneras De Cristo Jes\u00fas","description":"Misioneras de Cristo Jes\u00fas, nacen con el prop\u00f3sito de contribuir a la construcci\u00f3n del Reino de Dios, a trav\u00e9s de misiones de la Iglesia.","publisher":{"@id":"https:\/\/www.misionerasdecristojesus.com\/#organization"},"alternateName":"MSC","potentialAction":[{"@type":"SearchAction","target":{"@type":"EntryPoint","urlTemplate":"https:\/\/www.misionerasdecristojesus.com\/?s={search_term_string}"},"query-input":{"@type":"PropertyValueSpecification","valueRequired":true,"valueName":"search_term_string"}}],"inLanguage":"en-GB"},{"@type":"Organization","@id":"https:\/\/www.misionerasdecristojesus.com\/#organization","name":"Misioneras de Cristo Jes\u00fas","alternateName":"MSC","url":"https:\/\/www.misionerasdecristojesus.com\/","logo":{"@type":"ImageObject","inLanguage":"en-GB","@id":"https:\/\/www.misionerasdecristojesus.com\/#\/schema\/logo\/image\/","url":"https:\/\/www.misionerasdecristojesus.com\/wp-content\/uploads\/2023\/03\/cropped-Logo-transparente-MSC.png","contentUrl":"https:\/\/www.misionerasdecristojesus.com\/wp-content\/uploads\/2023\/03\/cropped-Logo-transparente-MSC.png","width":1000,"height":1000,"caption":"Misioneras de Cristo Jes\u00fas"},"image":{"@id":"https:\/\/www.misionerasdecristojesus.com\/#\/schema\/logo\/image\/"},"sameAs":["https:\/\/www.facebook.com\/people\/Misioneras-de-Cristo-Jes\u00fas-Espa\u00f1a\/100090345348085\/","https:\/\/www.instagram.com\/misionerasdecristojesus_esp\/"]}]}},"jetpack-related-posts":[{"id":111,"url":"https:\/\/www.misionerasdecristojesus.com\/en\/misioneras-laicas\/","url_meta":{"origin":20,"position":0},"title":"MISIONERAS LAICAS","author":"Adminmcj","date":"22 de March de 2023","format":false,"excerpt":"Misioneras Laicas Somos cristianos, hombres y mujeres, con opci\u00f3n de fe comprometida, nos identificamos con el \u201cCarisma de las Misioneras de Cristo Jes\u00fas\u201d Misioneras Laicas Somos cristianos, hombres y mujeres, con opci\u00f3n de fe comprometida, nos identificamos con el \u201cCarisma de las Misioneras de Cristo Jes\u00fas\u201d para vivir Nuestro Compromiso\u2026","rel":"","context":"Similar post","block_context":{"text":"Similar post","link":""},"img":{"alt_text":"misioneras-laicas10","src":"https:\/\/i0.wp.com\/www.misionerasdecristojesus.com\/wp-content\/uploads\/2023\/07\/laicas-10.png?resize=350%2C200","width":350,"height":200,"srcset":"https:\/\/i0.wp.com\/www.misionerasdecristojesus.com\/wp-content\/uploads\/2023\/07\/laicas-10.png?resize=350%2C200 1x, https:\/\/i0.wp.com\/www.misionerasdecristojesus.com\/wp-content\/uploads\/2023\/07\/laicas-10.png?resize=525%2C300 1.5x"},"classes":[]},{"id":1718,"url":"https:\/\/www.misionerasdecristojesus.com\/en\/entrevistas\/","url_meta":{"origin":20,"position":1},"title":"ENTREVISTAS","author":"Adminmcj","date":"11 de March de 2024","format":false,"excerpt":"ENTREVISTAS Entrevistas Misioneras Misioneras de Cristo Jes\u00fas Nuestra Galer\u00eda DONATIVOS Si crees que un mundo justo y solidario es posible, colabora con Misioneras de Cristo Jes\u00fas a trav\u00e9s de un DONATIVO o VOLUNTARIADO. Tu confianza en nuestro trabajo ser\u00e1 fuente de esperanza para muchos. DONATIVO COLABORAR","rel":"","context":"Similar post","block_context":{"text":"Similar post","link":""},"img":{"alt_text":"","src":"","width":0,"height":0},"classes":[]},{"id":885,"url":"https:\/\/www.misionerasdecristojesus.com\/en\/boletines\/","url_meta":{"origin":20,"position":2},"title":"BULLETIN","author":"Adminmcj","date":"22 de May de 2023","format":false,"excerpt":"BOLETINES Mensuales Nuestro Bolet\u00edn Misioneras de Cristo Jes\u00fas Nuestra Galer\u00eda DONATIVOS Si crees que un mundo justo y solidario es posible, colabora con Misioneras de Cristo Jes\u00fas a trav\u00e9s de un DONATIVO o VOLUNTARIADO. Tu confianza en nuestro trabajo ser\u00e1 fuente de esperanza para muchos. DONATIVO COLABORAR","rel":"","context":"Similar post","block_context":{"text":"Similar post","link":""},"img":{"alt_text":"","src":"","width":0,"height":0},"classes":[]},{"id":558,"url":"https:\/\/www.misionerasdecristojesus.com\/en\/aviso-legal\/","url_meta":{"origin":20,"position":3},"title":"LEGAL WARNING","author":"Adminmcj","date":"18 de April de 2023","format":false,"excerpt":"Aviso Legal e informaci\u00f3n sobre las condiciones de uso del sitio web En cumplimiento con el deber de informaci\u00f3n estipulado en art\u00edculo 10 de la Ley 34\/2002, de 11 de julio, de Servicios de la Sociedad de la Informaci\u00f3n y del Comercio Electr\u00f3nico, MISIONERAS DE CRISTO JESUS, en calidad de\u2026","rel":"","context":"Similar post","block_context":{"text":"Similar post","link":""},"img":{"alt_text":"","src":"","width":0,"height":0},"classes":[]},{"id":171,"url":"https:\/\/www.misionerasdecristojesus.com\/en\/que-hacemos\/","url_meta":{"origin":20,"position":4},"title":"WHAT DO WE DO","author":"Adminmcj","date":"28 de March de 2023","format":false,"excerpt":"\u00bfQU\u00c9 HACEMOS? NUESTRAS ACTIVIDADES MISIONERAS Siempre ser\u00e1s bienvenido Las Misioneras de Cristo Jes\u00fas, desde la profunda experiencia de la llamada de Dios a la Misi\u00f3n, queremos vivir nuestra entrega personal a la Evangelizaci\u00f3n, en un seguimiento radical a Cristo.Estando en lugares tan diferentes, nuestras actividades son muy variadas.Trabajamos en: Colabora\u2026","rel":"","context":"Similar post","block_context":{"text":"Similar post","link":""},"img":{"alt_text":"","src":"","width":0,"height":0},"classes":[]},{"id":81,"url":"https:\/\/www.misionerasdecristojesus.com\/en\/nuestra-fundadora\/","url_meta":{"origin":20,"position":5},"title":"OUR FOUNDRESS","author":"Adminmcj","date":"14 de March de 2023","format":false,"excerpt":"NUESTRA FUNDADORA Maria Camino Sanz Orrio \"Si el Se\u00f1or lo quiere, \u00c9l lo har\u00e1\" Mar\u00eda Camino Nuestra fundadora naci\u00f3 en Pamplona el 3 de mayo de 1896 en la familia formada por Ferm\u00edn Sanz y Eustasia Orrio. Tuvieron 9 hijos, Maria Camino fue la segunda, pero antes de su nacimiento\u2026","rel":"","context":"Similar post","block_context":{"text":"Similar post","link":""},"img":{"alt_text":"","src":"https:\/\/i0.wp.com\/www.misionerasdecristojesus.com\/wp-content\/uploads\/2023\/03\/hands-of-small-girl-and-her-senior-grandparents-EKH9UTX.jpg?resize=350%2C200","width":350,"height":200,"srcset":"https:\/\/i0.wp.com\/www.misionerasdecristojesus.com\/wp-content\/uploads\/2023\/03\/hands-of-small-girl-and-her-senior-grandparents-EKH9UTX.jpg?resize=350%2C200 1x, https:\/\/i0.wp.com\/www.misionerasdecristojesus.com\/wp-content\/uploads\/2023\/03\/hands-of-small-girl-and-her-senior-grandparents-EKH9UTX.jpg?resize=525%2C300 1.5x, https:\/\/i0.wp.com\/www.misionerasdecristojesus.com\/wp-content\/uploads\/2023\/03\/hands-of-small-girl-and-her-senior-grandparents-EKH9UTX.jpg?resize=700%2C400 2x, https:\/\/i0.wp.com\/www.misionerasdecristojesus.com\/wp-content\/uploads\/2023\/03\/hands-of-small-girl-and-her-senior-grandparents-EKH9UTX.jpg?resize=1050%2C600 3x, https:\/\/i0.wp.com\/www.misionerasdecristojesus.com\/wp-content\/uploads\/2023\/03\/hands-of-small-girl-and-her-senior-grandparents-EKH9UTX.jpg?resize=1400%2C800 4x"},"classes":[]}],"jetpack_sharing_enabled":true,"_links":{"self":[{"href":"https:\/\/www.misionerasdecristojesus.com\/en\/wp-json\/wp\/v2\/pages\/20","targetHints":{"allow":["GET"]}}],"collection":[{"href":"https:\/\/www.misionerasdecristojesus.com\/en\/wp-json\/wp\/v2\/pages"}],"about":[{"href":"https:\/\/www.misionerasdecristojesus.com\/en\/wp-json\/wp\/v2\/types\/page"}],"author":[{"embeddable":true,"href":"https:\/\/www.misionerasdecristojesus.com\/en\/wp-json\/wp\/v2\/users\/1"}],"replies":[{"embeddable":true,"href":"https:\/\/www.misionerasdecristojesus.com\/en\/wp-json\/wp\/v2\/comments?post=20"}],"version-history":[{"count":168,"href":"https:\/\/www.misionerasdecristojesus.com\/en\/wp-json\/wp\/v2\/pages\/20\/revisions"}],"predecessor-version":[{"id":2369,"href":"https:\/\/www.misionerasdecristojesus.com\/en\/wp-json\/wp\/v2\/pages\/20\/revisions\/2369"}],"wp:attachment":[{"href":"https:\/\/www.misionerasdecristojesus.com\/en\/wp-json\/wp\/v2\/media?parent=20"}],"curies":[{"name":"wp","href":"https:\/\/api.w.org\/{rel}","templated":true}]}}